{"id":19646,"date":"2025-08-29T12:54:40","date_gmt":"2025-08-29T10:54:40","guid":{"rendered":"https:\/\/zentrum-fuer-kunst.de\/?post_type=kw-event&#038;p=19646"},"modified":"2025-09-05T11:56:34","modified_gmt":"2025-09-05T09:56:34","slug":"in-persona-hooper","status":"publish","type":"kw-event","link":"https:\/\/zentrum-fuer-kunst.de\/en\/kw-event\/in-persona-hooper\/","title":{"rendered":"In Persona: Alexander F. Hooper"},"content":{"rendered":"<div data-elementor-type=\"wp-post\" data-elementor-id=\"19646\" class=\"elementor elementor-19646\" data-elementor-post-type=\"kw-event\">\n\t\t\t\t\t\t<section class=\"elementor-section elementor-top-section elementor-element elementor-element-0ce90ae elementor-section-boxed elementor-section-height-default elementor-section-height-default\" data-id=\"0ce90ae\" data-element_type=\"section\" data-e-type=\"section\">\n\t\t\t\t\t\t<div class=\"elementor-container elementor-column-gap-default\">\n\t\t\t\t\t<div class=\"elementor-column elementor-col-100 elementor-top-column elementor-element elementor-element-24b18e3\" data-id=\"24b18e3\" data-element_type=\"column\" data-e-type=\"column\">\n\t\t\t<div class=\"elementor-widget-wrap elementor-element-populated\">\n\t\t\t\t\t\t<div class=\"elementor-element elementor-element-350da31 elementor-widget elementor-widget-spacer\" data-id=\"350da31\" data-element_type=\"widget\" data-e-type=\"widget\" data-widget_type=\"spacer.default\">\n\t\t\t\t<div class=\"elementor-widget-container\">\n\t\t\t\t\t\t\t<div class=\"elementor-spacer\">\n\t\t\t<div class=\"elementor-spacer-inner\"><\/div>\n\t\t<\/div>\n\t\t\t\t\t\t<\/div>\n\t\t\t\t<\/div>\n\t\t\t\t<div class=\"elementor-element elementor-element-dcc9a5c elementor-widget elementor-widget-heading\" data-id=\"dcc9a5c\" data-element_type=\"widget\" data-e-type=\"widget\" data-widget_type=\"heading.default\">\n\t\t\t\t<div class=\"elementor-widget-container\">\n\t\t\t\t\t<h4 class=\"elementor-heading-title elementor-size-default\">Virtuelles Ein-Mann-Orchester \/ VST Synthesizer<\/h4>\t\t\t\t<\/div>\n\t\t\t\t<\/div>\n\t\t\t\t\t<\/div>\n\t\t<\/div>\n\t\t\t\t\t<\/div>\n\t\t<\/section>\n\t\t\t\t<section class=\"elementor-section elementor-top-section elementor-element elementor-element-c6c8cd2 elementor-section-boxed elementor-section-height-default elementor-section-height-default\" data-id=\"c6c8cd2\" data-element_type=\"section\" data-e-type=\"section\">\n\t\t\t\t\t\t<div class=\"elementor-container elementor-column-gap-default\">\n\t\t\t\t\t<div class=\"elementor-column elementor-col-50 elementor-top-column elementor-element elementor-element-38d7eb9\" data-id=\"38d7eb9\" data-element_type=\"column\" data-e-type=\"column\">\n\t\t\t<div class=\"elementor-widget-wrap elementor-element-populated\">\n\t\t\t\t\t\t<div class=\"elementor-element elementor-element-2980d42 elementor-widget elementor-widget-image\" data-id=\"2980d42\" data-element_type=\"widget\" data-e-type=\"widget\" data-widget_type=\"image.default\">\n\t\t\t\t<div class=\"elementor-widget-container\">\n\t\t\t\t\t\t\t\t\t\t\t\t<figure class=\"wp-caption\">\n\t\t\t\t\t\t\t\t\t\t<img fetchpriority=\"high\" decoding=\"async\" width=\"768\" height=\"512\" src=\"https:\/\/zentrum-fuer-kunst.de\/wp-content\/uploads\/2025\/08\/1000006470-768x512.jpg\" class=\"attachment-medium_large size-medium_large wp-image-19647\" alt=\"\" srcset=\"https:\/\/zentrum-fuer-kunst.de\/wp-content\/uploads\/2025\/08\/1000006470-768x512.jpg 768w, https:\/\/zentrum-fuer-kunst.de\/wp-content\/uploads\/2025\/08\/1000006470-300x200.jpg 300w, https:\/\/zentrum-fuer-kunst.de\/wp-content\/uploads\/2025\/08\/1000006470-1024x683.jpg 1024w, https:\/\/zentrum-fuer-kunst.de\/wp-content\/uploads\/2025\/08\/1000006470-1536x1024.jpg 1536w, https:\/\/zentrum-fuer-kunst.de\/wp-content\/uploads\/2025\/08\/1000006470-2048x1366.jpg 2048w, https:\/\/zentrum-fuer-kunst.de\/wp-content\/uploads\/2025\/08\/1000006470-18x12.jpg 18w, https:\/\/zentrum-fuer-kunst.de\/wp-content\/uploads\/2025\/08\/1000006470-600x400.jpg 600w\" sizes=\"(max-width: 768px) 100vw, 768px\" \/>\t\t\t\t\t\t\t\t\t\t\t<figcaption class=\"widget-image-caption wp-caption-text\">Foto: Nikolay Sappler<\/figcaption>\n\t\t\t\t\t\t\t\t\t\t<\/figure>\n\t\t\t\t\t\t\t\t\t<\/div>\n\t\t\t\t<\/div>\n\t\t\t\t\t<\/div>\n\t\t<\/div>\n\t\t\t\t<div class=\"elementor-column elementor-col-50 elementor-top-column elementor-element elementor-element-43a8aa4\" data-id=\"43a8aa4\" data-element_type=\"column\" data-e-type=\"column\">\n\t\t\t<div class=\"elementor-widget-wrap elementor-element-populated\">\n\t\t\t\t\t\t<div class=\"elementor-element elementor-element-2865de1 elementor-widget elementor-widget-text-editor\" data-id=\"2865de1\" data-element_type=\"widget\" data-e-type=\"widget\" data-widget_type=\"text-editor.default\">\n\t\t\t\t<div class=\"elementor-widget-container\">\n\t\t\t\t\t\t\t\t\t<p>Seit der Gr\u00fcndung des Ensemble New Babylon ist die Musik vom Alexander F. Hooper ein fester Bestandteil des Ensembles. Viele seiner St\u00fccke hat das Ensemble uraufgef\u00fchrt. Zuletzt bei dem Konzert ECHO am 30.08.2025.<\/p><p>Seit kurzem widmet er sich dem Soloformat &#8222;Hooperloop&#8220;, bei dem er mithilfe von virtuellen Instrumenten ein Orchester nachbaut. Dabei spielt er die Musik live ein und schichtet die einzelnen Aufnahmen durch mehrere Loops \u00fcbereinander. Dabei entstehen faszinierende Fl\u00e4chen und Klangwelten, die auf eine akustische Reise einladen.<\/p><p><strong>Eintritt:<\/strong> 10,- Euro\/ Eintritt frei unter 18 Jahren<\/p>\t\t\t\t\t\t\t\t<\/div>\n\t\t\t\t<\/div>\n\t\t\t\t<div class=\"elementor-element elementor-element-dc9e006 elementor-widget elementor-widget-button\" data-id=\"dc9e006\" data-element_type=\"widget\" data-e-type=\"widget\" data-widget_type=\"button.default\">\n\t\t\t\t<div class=\"elementor-widget-container\">\n\t\t\t\t\t\t\t\t\t<div class=\"elementor-button-wrapper\">\n\t\t\t\t\t<a class=\"elementor-button elementor-button-link elementor-size-sm elementor-animation-grow\" href=\"https:\/\/www.ticketmaster.de\/event\/1282588977?language=de-de&#038;camefrom=de_nordwest_shop_hp&#038;brand=de_nwt&#038;subchannel_id=10084\">\n\t\t\t\t\t\t<span class=\"elementor-button-content-wrapper\">\n\t\t\t\t\t\t\t\t\t<span class=\"elementor-button-text\">Ticket kaufen<\/span>\n\t\t\t\t\t<\/span>\n\t\t\t\t\t<\/a>\n\t\t\t\t<\/div>\n\t\t\t\t\t\t\t\t<\/div>\n\t\t\t\t<\/div>\n\t\t\t\t\t<\/div>\n\t\t<\/div>\n\t\t\t\t\t<\/div>\n\t\t<\/section>\n\t\t\t\t<section class=\"elementor-section elementor-top-section elementor-element elementor-element-042f1c2 elementor-section-boxed elementor-section-height-default elementor-section-height-default\" data-id=\"042f1c2\" data-element_type=\"section\" data-e-type=\"section\">\n\t\t\t\t\t\t<div class=\"elementor-container elementor-column-gap-default\">\n\t\t\t\t\t<div class=\"elementor-column elementor-col-100 elementor-top-column elementor-element elementor-element-0670e33\" data-id=\"0670e33\" data-element_type=\"column\" data-e-type=\"column\">\n\t\t\t<div class=\"elementor-widget-wrap elementor-element-populated\">\n\t\t\t\t\t\t<div class=\"elementor-element elementor-element-183a435 elementor-widget elementor-widget-toggle\" data-id=\"183a435\" data-element_type=\"widget\" data-e-type=\"widget\" data-widget_type=\"toggle.default\">\n\t\t\t\t<div class=\"elementor-widget-container\">\n\t\t\t\t\t\t\t<div class=\"elementor-toggle\">\n\t\t\t\t\t\t\t<div class=\"elementor-toggle-item\">\n\t\t\t\t\t<div id=\"elementor-tab-title-2541\" class=\"elementor-tab-title\" data-tab=\"1\" role=\"button\" aria-controls=\"elementor-tab-content-2541\" aria-expanded=\"false\">\n\t\t\t\t\t\t\t\t\t\t\t\t<span class=\"elementor-toggle-icon elementor-toggle-icon-left\" aria-hidden=\"true\">\n\t\t\t\t\t\t\t\t\t\t\t\t\t\t\t<span class=\"elementor-toggle-icon-closed\"><i class=\"fas fa-caret-right\"><\/i><\/span>\n\t\t\t\t\t\t\t\t<span class=\"elementor-toggle-icon-opened\"><i class=\"elementor-toggle-icon-opened fas fa-caret-up\"><\/i><\/span>\n\t\t\t\t\t\t\t\t\t\t\t\t\t<\/span>\n\t\t\t\t\t\t\t\t\t\t\t\t<a class=\"elementor-toggle-title\" tabindex=\"0\">Weitere Informationen zur Solo-Reihe \"In Persona\"<\/a>\n\t\t\t\t\t<\/div>\n\n\t\t\t\t\t<div id=\"elementor-tab-content-2541\" class=\"elementor-tab-content elementor-clearfix\" data-tab=\"1\" role=\"region\" aria-labelledby=\"elementor-tab-title-2541\" data-no-translation=\"\" data-trp-gettext=\"\"><p>Von September bis Dezember 2025 pr\u00e4sentieren einzelne Musiker:innen des Ensembles ihr K\u00f6nnen in drei lockeren Loungekonzerten im Foyer des Zentrums f\u00fcr Kunst. In diesen intimen Kurzkonzerten k\u00f6nnen sich die Ensemblemitglieder pers\u00f6nlich mit ihrem Instrument und ihrem ganz eigenen Stil vorstellen, ganz frei von jeglichen Ensemblevorgaben, wo sonst basisdemokratisch und dadurch nat\u00fcrlich auch immer mit Kompromissen ein Ensemblekonzertprogramm entwickelt wird.<\/p><hr \/><p><em>N\u00e4chster Termin:<\/em><\/p><p>Donnerstag, 11. Dezember 2025<br \/><strong>In Persona: Tobias Hamann &amp; Heiko M\u00fcller<br \/><\/strong>Schlagzeug, Keyboard, E-Gitarre, Gesang<\/p><\/div>\n\t\t\t\t<\/div>\n\t\t\t\t\t\t\t\t<\/div>\n\t\t\t\t\t\t<\/div>\n\t\t\t\t<\/div>\n\t\t\t\t\t<\/div>\n\t\t<\/div>\n\t\t\t\t\t<\/div>\n\t\t<\/section>\n\t\t\t\t<\/div>","protected":false},"excerpt":{"rendered":"<p>Im neuen Solo-Format des Musikers wird ein Orchester mit Hilfe von virtuellen Instrumenten nachgebaut. Ein Konzert in der Reihe In Persona des Ensembles New Babylon.<\/p>","protected":false},"featured_media":19647,"template":"","meta":{"_tbt_post_transparent":"","_tbt_post_title":"hide","_tbt_post_layout":"fullwidth","_tbt_post_sidebar_id":"","_tbt_post_content_style":"unboxed","_tbt_post_vertical_padding":"hide","_tbt_post_feature":"hide","_tbt_post_feature_position":"","_tbt_post_header":false,"_tbt_post_footer":false},"kw_event_category":[202],"kw_event_thema":[191],"class_list":["post-19646","kw-event","type-kw-event","status-publish","has-post-thumbnail","hentry","kw_event_category-konzert","kw_event_thema-residenz"],"acf":[],"yoast_head":"<!-- This site is optimized with the Yoast SEO plugin v27.5 - https:\/\/yoast.com\/product\/yoast-seo-wordpress\/ -->\n<title>In Persona: Alexander F. Hooper - Zentrum f\u00fcr Kunst<\/title>\n<meta name=\"description\" content=\"Im neuen Solo-Format des Musikers wird ein Orchester mit Hilfe von virtuellen Instrumenten nachgebaut. Ein Konzert in der Reihe In Persona des Ensembles New Babylon.\" \/>\n<meta name=\"robots\" content=\"index, follow, max-snippet:-1, max-image-preview:large, max-video-preview:-1\" \/>\n<link rel=\"canonical\" href=\"https:\/\/zentrum-fuer-kunst.de\/en\/kw-event\/in-persona-hooper\/\" \/>\n<meta property=\"og:locale\" content=\"en_GB\" \/>\n<meta property=\"og:type\" content=\"article\" \/>\n<meta property=\"og:title\" content=\"In Persona: Alexander F. Hooper - Zentrum f\u00fcr Kunst\" \/>\n<meta property=\"og:description\" content=\"Im neuen Solo-Format des Musikers wird ein Orchester mit Hilfe von virtuellen Instrumenten nachgebaut. Ein Konzert in der Reihe In Persona des Ensembles New Babylon.\" \/>\n<meta property=\"og:url\" content=\"https:\/\/zentrum-fuer-kunst.de\/en\/kw-event\/in-persona-hooper\/\" \/>\n<meta property=\"og:site_name\" content=\"Zentrum f\u00fcr Kunst\" \/>\n<meta property=\"article:modified_time\" content=\"2025-09-05T09:56:34+00:00\" \/>\n<meta property=\"og:image\" content=\"https:\/\/zentrum-fuer-kunst.de\/wp-content\/uploads\/2025\/08\/1000006470-scaled.jpg\" \/>\n\t<meta property=\"og:image:width\" content=\"2560\" \/>\n\t<meta property=\"og:image:height\" content=\"1707\" \/>\n\t<meta property=\"og:image:type\" content=\"image\/jpeg\" \/>\n<meta name=\"twitter:card\" content=\"summary_large_image\" \/>\n<meta name=\"twitter:label1\" content=\"Estimated reading time\" \/>\n\t<meta name=\"twitter:data1\" content=\"2 minutes\" \/>\n<script type=\"application\/ld+json\" class=\"yoast-schema-graph\">{\"@context\":\"https:\\\/\\\/schema.org\",\"@graph\":[{\"@type\":\"WebPage\",\"@id\":\"https:\\\/\\\/zentrum-fuer-kunst.de\\\/en\\\/kw-event\\\/in-persona-hooper\\\/\",\"url\":\"https:\\\/\\\/zentrum-fuer-kunst.de\\\/en\\\/kw-event\\\/in-persona-hooper\\\/\",\"name\":\"In Persona: Alexander F. Hooper - Zentrum f\u00fcr Kunst\",\"isPartOf\":{\"@id\":\"https:\\\/\\\/zentrum-fuer-kunst.de\\\/en\\\/#website\"},\"primaryImageOfPage\":{\"@id\":\"https:\\\/\\\/zentrum-fuer-kunst.de\\\/en\\\/kw-event\\\/in-persona-hooper\\\/#primaryimage\"},\"image\":{\"@id\":\"https:\\\/\\\/zentrum-fuer-kunst.de\\\/en\\\/kw-event\\\/in-persona-hooper\\\/#primaryimage\"},\"thumbnailUrl\":\"https:\\\/\\\/zentrum-fuer-kunst.de\\\/wp-content\\\/uploads\\\/2025\\\/08\\\/1000006470-scaled.jpg\",\"datePublished\":\"2025-08-29T10:54:40+00:00\",\"dateModified\":\"2025-09-05T09:56:34+00:00\",\"description\":\"Im neuen Solo-Format des Musikers wird ein Orchester mit Hilfe von virtuellen Instrumenten nachgebaut. Ein Konzert in der Reihe In Persona des Ensembles New Babylon.\",\"breadcrumb\":{\"@id\":\"https:\\\/\\\/zentrum-fuer-kunst.de\\\/en\\\/kw-event\\\/in-persona-hooper\\\/#breadcrumb\"},\"inLanguage\":\"en-GB\",\"potentialAction\":[{\"@type\":\"ReadAction\",\"target\":[\"https:\\\/\\\/zentrum-fuer-kunst.de\\\/en\\\/kw-event\\\/in-persona-hooper\\\/\"]}]},{\"@type\":\"ImageObject\",\"inLanguage\":\"en-GB\",\"@id\":\"https:\\\/\\\/zentrum-fuer-kunst.de\\\/en\\\/kw-event\\\/in-persona-hooper\\\/#primaryimage\",\"url\":\"https:\\\/\\\/zentrum-fuer-kunst.de\\\/wp-content\\\/uploads\\\/2025\\\/08\\\/1000006470-scaled.jpg\",\"contentUrl\":\"https:\\\/\\\/zentrum-fuer-kunst.de\\\/wp-content\\\/uploads\\\/2025\\\/08\\\/1000006470-scaled.jpg\",\"width\":2560,\"height\":1707,\"caption\":\"Foto: Nikolay Sappler\"},{\"@type\":\"BreadcrumbList\",\"@id\":\"https:\\\/\\\/zentrum-fuer-kunst.de\\\/en\\\/kw-event\\\/in-persona-hooper\\\/#breadcrumb\",\"itemListElement\":[{\"@type\":\"ListItem\",\"position\":1,\"name\":\"zfk events\",\"item\":\"https:\\\/\\\/zentrum-fuer-kunst.de\\\/kw-event\\\/\"},{\"@type\":\"ListItem\",\"position\":2,\"name\":\"In Persona: Alexander F. Hooper\"}]},{\"@type\":\"WebSite\",\"@id\":\"https:\\\/\\\/zentrum-fuer-kunst.de\\\/en\\\/#website\",\"url\":\"https:\\\/\\\/zentrum-fuer-kunst.de\\\/en\\\/\",\"name\":\"Zentrum f\u00fcr Kunst\",\"description\":\"B\u00fchnen und Ateliers f\u00fcr die Freie Kunst-Szene Bremen.\",\"publisher\":{\"@id\":\"https:\\\/\\\/zentrum-fuer-kunst.de\\\/en\\\/#organization\"},\"potentialAction\":[{\"@type\":\"SearchAction\",\"target\":{\"@type\":\"EntryPoint\",\"urlTemplate\":\"https:\\\/\\\/zentrum-fuer-kunst.de\\\/en\\\/?s={search_term_string}\"},\"query-input\":{\"@type\":\"PropertyValueSpecification\",\"valueRequired\":true,\"valueName\":\"search_term_string\"}}],\"inLanguage\":\"en-GB\"},{\"@type\":\"Organization\",\"@id\":\"https:\\\/\\\/zentrum-fuer-kunst.de\\\/en\\\/#organization\",\"name\":\"Zentrum f\u00fcr Kunst\",\"url\":\"https:\\\/\\\/zentrum-fuer-kunst.de\\\/en\\\/\",\"logo\":{\"@type\":\"ImageObject\",\"inLanguage\":\"en-GB\",\"@id\":\"https:\\\/\\\/zentrum-fuer-kunst.de\\\/en\\\/#\\\/schema\\\/logo\\\/image\\\/\",\"url\":\"https:\\\/\\\/zentrum-fuer-kunst.de\\\/wp-content\\\/uploads\\\/2023\\\/07\\\/cropped-Logo_Zentrum_fuer_Kunst_weiss-2.png\",\"contentUrl\":\"https:\\\/\\\/zentrum-fuer-kunst.de\\\/wp-content\\\/uploads\\\/2023\\\/07\\\/cropped-Logo_Zentrum_fuer_Kunst_weiss-2.png\",\"width\":767,\"height\":290,\"caption\":\"Zentrum f\u00fcr Kunst\"},\"image\":{\"@id\":\"https:\\\/\\\/zentrum-fuer-kunst.de\\\/en\\\/#\\\/schema\\\/logo\\\/image\\\/\"}}]}<\/script>\n<!-- \/ Yoast SEO plugin. -->","yoast_head_json":{"title":"In Persona: Alexander F. Hooper - Zentrum f\u00fcr Kunst","description":"Im neuen Solo-Format des Musikers wird ein Orchester mit Hilfe von virtuellen Instrumenten nachgebaut. Ein Konzert in der Reihe In Persona des Ensembles New Babylon.","robots":{"index":"index","follow":"follow","max-snippet":"max-snippet:-1","max-image-preview":"max-image-preview:large","max-video-preview":"max-video-preview:-1"},"canonical":"https:\/\/zentrum-fuer-kunst.de\/en\/kw-event\/in-persona-hooper\/","og_locale":"en_GB","og_type":"article","og_title":"In Persona: Alexander F. Hooper - Zentrum f\u00fcr Kunst","og_description":"Im neuen Solo-Format des Musikers wird ein Orchester mit Hilfe von virtuellen Instrumenten nachgebaut. Ein Konzert in der Reihe In Persona des Ensembles New Babylon.","og_url":"https:\/\/zentrum-fuer-kunst.de\/en\/kw-event\/in-persona-hooper\/","og_site_name":"Zentrum f\u00fcr Kunst","article_modified_time":"2025-09-05T09:56:34+00:00","og_image":[{"width":2560,"height":1707,"url":"https:\/\/zentrum-fuer-kunst.de\/wp-content\/uploads\/2025\/08\/1000006470-scaled.jpg","type":"image\/jpeg"}],"twitter_card":"summary_large_image","twitter_misc":{"Estimated reading time":"2 minutes"},"schema":{"@context":"https:\/\/schema.org","@graph":[{"@type":"WebPage","@id":"https:\/\/zentrum-fuer-kunst.de\/en\/kw-event\/in-persona-hooper\/","url":"https:\/\/zentrum-fuer-kunst.de\/en\/kw-event\/in-persona-hooper\/","name":"In Persona: Alexander F. Hooper - Zentrum f\u00fcr Kunst","isPartOf":{"@id":"https:\/\/zentrum-fuer-kunst.de\/en\/#website"},"primaryImageOfPage":{"@id":"https:\/\/zentrum-fuer-kunst.de\/en\/kw-event\/in-persona-hooper\/#primaryimage"},"image":{"@id":"https:\/\/zentrum-fuer-kunst.de\/en\/kw-event\/in-persona-hooper\/#primaryimage"},"thumbnailUrl":"https:\/\/zentrum-fuer-kunst.de\/wp-content\/uploads\/2025\/08\/1000006470-scaled.jpg","datePublished":"2025-08-29T10:54:40+00:00","dateModified":"2025-09-05T09:56:34+00:00","description":"Im neuen Solo-Format des Musikers wird ein Orchester mit Hilfe von virtuellen Instrumenten nachgebaut. Ein Konzert in der Reihe In Persona des Ensembles New Babylon.","breadcrumb":{"@id":"https:\/\/zentrum-fuer-kunst.de\/en\/kw-event\/in-persona-hooper\/#breadcrumb"},"inLanguage":"en-GB","potentialAction":[{"@type":"ReadAction","target":["https:\/\/zentrum-fuer-kunst.de\/en\/kw-event\/in-persona-hooper\/"]}]},{"@type":"ImageObject","inLanguage":"en-GB","@id":"https:\/\/zentrum-fuer-kunst.de\/en\/kw-event\/in-persona-hooper\/#primaryimage","url":"https:\/\/zentrum-fuer-kunst.de\/wp-content\/uploads\/2025\/08\/1000006470-scaled.jpg","contentUrl":"https:\/\/zentrum-fuer-kunst.de\/wp-content\/uploads\/2025\/08\/1000006470-scaled.jpg","width":2560,"height":1707,"caption":"Foto: Nikolay Sappler"},{"@type":"BreadcrumbList","@id":"https:\/\/zentrum-fuer-kunst.de\/en\/kw-event\/in-persona-hooper\/#breadcrumb","itemListElement":[{"@type":"ListItem","position":1,"name":"zfk events","item":"https:\/\/zentrum-fuer-kunst.de\/kw-event\/"},{"@type":"ListItem","position":2,"name":"In Persona: Alexander F. Hooper"}]},{"@type":"WebSite","@id":"https:\/\/zentrum-fuer-kunst.de\/en\/#website","url":"https:\/\/zentrum-fuer-kunst.de\/en\/","name":"Zentrum f\u00fcr Kunst","description":"B\u00fchnen und Ateliers f\u00fcr die Freie Kunst-Szene Bremen.","publisher":{"@id":"https:\/\/zentrum-fuer-kunst.de\/en\/#organization"},"potentialAction":[{"@type":"SearchAction","target":{"@type":"EntryPoint","urlTemplate":"https:\/\/zentrum-fuer-kunst.de\/en\/?s={search_term_string}"},"query-input":{"@type":"PropertyValueSpecification","valueRequired":true,"valueName":"search_term_string"}}],"inLanguage":"en-GB"},{"@type":"Organization","@id":"https:\/\/zentrum-fuer-kunst.de\/en\/#organization","name":"Zentrum f\u00fcr Kunst","url":"https:\/\/zentrum-fuer-kunst.de\/en\/","logo":{"@type":"ImageObject","inLanguage":"en-GB","@id":"https:\/\/zentrum-fuer-kunst.de\/en\/#\/schema\/logo\/image\/","url":"https:\/\/zentrum-fuer-kunst.de\/wp-content\/uploads\/2023\/07\/cropped-Logo_Zentrum_fuer_Kunst_weiss-2.png","contentUrl":"https:\/\/zentrum-fuer-kunst.de\/wp-content\/uploads\/2023\/07\/cropped-Logo_Zentrum_fuer_Kunst_weiss-2.png","width":767,"height":290,"caption":"Zentrum f\u00fcr Kunst"},"image":{"@id":"https:\/\/zentrum-fuer-kunst.de\/en\/#\/schema\/logo\/image\/"}}]}},"_links":{"self":[{"href":"https:\/\/zentrum-fuer-kunst.de\/en\/wp-json\/wp\/v2\/kw-event\/19646","targetHints":{"allow":["GET"]}}],"collection":[{"href":"https:\/\/zentrum-fuer-kunst.de\/en\/wp-json\/wp\/v2\/kw-event"}],"about":[{"href":"https:\/\/zentrum-fuer-kunst.de\/en\/wp-json\/wp\/v2\/types\/kw-event"}],"version-history":[{"count":13,"href":"https:\/\/zentrum-fuer-kunst.de\/en\/wp-json\/wp\/v2\/kw-event\/19646\/revisions"}],"predecessor-version":[{"id":19666,"href":"https:\/\/zentrum-fuer-kunst.de\/en\/wp-json\/wp\/v2\/kw-event\/19646\/revisions\/19666"}],"wp:featuredmedia":[{"embeddable":true,"href":"https:\/\/zentrum-fuer-kunst.de\/en\/wp-json\/wp\/v2\/media\/19647"}],"wp:attachment":[{"href":"https:\/\/zentrum-fuer-kunst.de\/en\/wp-json\/wp\/v2\/media?parent=19646"}],"wp:term":[{"taxonomy":"kw_event_category","embeddable":true,"href":"https:\/\/zentrum-fuer-kunst.de\/en\/wp-json\/wp\/v2\/kw_event_category?post=19646"},{"taxonomy":"kw_event_thema","embeddable":true,"href":"https:\/\/zentrum-fuer-kunst.de\/en\/wp-json\/wp\/v2\/kw_event_thema?post=19646"}],"curies":[{"name":"wp","href":"https:\/\/api.w.org\/{rel}","templated":true}]}}