{"id":20466,"date":"2025-12-12T11:03:01","date_gmt":"2025-12-12T10:03:01","guid":{"rendered":"https:\/\/zentrum-fuer-kunst.de\/?post_type=kw-event&#038;p=20466"},"modified":"2025-12-12T11:31:27","modified_gmt":"2025-12-12T10:31:27","slug":"hausderrepublik","status":"publish","type":"kw-event","link":"https:\/\/zentrum-fuer-kunst.de\/en\/kw-event\/hausderrepublik\/","title":{"rendered":"Das Haus der Republik"},"content":{"rendered":"<div data-elementor-type=\"wp-post\" data-elementor-id=\"20466\" class=\"elementor elementor-20466\" data-elementor-post-type=\"kw-event\">\n\t\t\t\t\t\t<section class=\"elementor-section elementor-top-section elementor-element elementor-element-e472fd3 elementor-section-boxed elementor-section-height-default elementor-section-height-default\" data-id=\"e472fd3\" data-element_type=\"section\" data-e-type=\"section\">\n\t\t\t\t\t\t<div class=\"elementor-container elementor-column-gap-default\">\n\t\t\t\t\t<div class=\"elementor-column elementor-col-50 elementor-top-column elementor-element elementor-element-745fdbd\" data-id=\"745fdbd\" data-element_type=\"column\" data-e-type=\"column\">\n\t\t\t<div class=\"elementor-widget-wrap elementor-element-populated\">\n\t\t\t\t\t\t<div class=\"elementor-element elementor-element-782950c elementor-widget elementor-widget-text-editor\" data-id=\"782950c\" data-element_type=\"widget\" data-e-type=\"widget\" data-widget_type=\"text-editor.default\">\n\t\t\t\t<div class=\"elementor-widget-container\">\n\t\t\t\t\t\t\t\t\t<p><strong>Eine performative Staatsgr\u00fcndung.<\/strong><\/p><p>Es k\u00f6nnte ja so nett sein. Hier im pastellbunten Zwergstaat ist die Welt noch in Ordnung. Zusammen wird der Regierungssitz gebaut, der selbstverst\u00e4ndlich uns allen geh\u00f6rt. Mehr Spiel und Spa\u00df, mehr Solidarit\u00e4t, mehr Gleichberechtigung. Keine menschenunw\u00fcrdigen Verh\u00e4ltnisse. Einfach mal neu machen!<\/p><p>Doch die politische Situation der restlichen Welt l\u00e4sst sich gar nicht so einfach ignorieren. Hat das Erstarken von rechtspopulistischen Ideen vielleicht doch auch etwas mit uns zu tun? Mit kindlicher Naivit\u00e4t, und Zynismus gehen die beiden Protagonist*innen auf die Suche nach einem pers\u00f6nlichen Umgang mit der politischen Weltlage. Zwischen Wut und Verletzlichkeit, so wie ein guter Punksong.<\/p><p>Solidarischer Eintritt: 12,-\/ 8,-\/ 5,- Euro<\/p>\t\t\t\t\t\t\t\t<\/div>\n\t\t\t\t<\/div>\n\t\t\t\t<div class=\"elementor-element elementor-element-e0dbe4f elementor-widget elementor-widget-button\" data-id=\"e0dbe4f\" data-element_type=\"widget\" data-e-type=\"widget\" data-widget_type=\"button.default\">\n\t\t\t\t<div class=\"elementor-widget-container\">\n\t\t\t\t\t\t\t\t\t<div class=\"elementor-button-wrapper\">\n\t\t\t\t\t<a class=\"elementor-button elementor-button-link elementor-size-sm\" href=\"https:\/\/www.nordwest-ticket.de\/suche?i_keywords=Haus+der+Republik\">\n\t\t\t\t\t\t<span class=\"elementor-button-content-wrapper\">\n\t\t\t\t\t\t\t\t\t<span class=\"elementor-button-text\">Tickets hier<\/span>\n\t\t\t\t\t<\/span>\n\t\t\t\t\t<\/a>\n\t\t\t\t<\/div>\n\t\t\t\t\t\t\t\t<\/div>\n\t\t\t\t<\/div>\n\t\t\t\t\t<\/div>\n\t\t<\/div>\n\t\t\t\t<div class=\"elementor-column elementor-col-50 elementor-top-column elementor-element elementor-element-2ff2e80\" data-id=\"2ff2e80\" data-element_type=\"column\" data-e-type=\"column\">\n\t\t\t<div class=\"elementor-widget-wrap elementor-element-populated\">\n\t\t\t\t\t\t<div class=\"elementor-element elementor-element-1b704b0 elementor-widget__width-initial elementor-widget elementor-widget-image\" data-id=\"1b704b0\" data-element_type=\"widget\" data-e-type=\"widget\" data-widget_type=\"image.default\">\n\t\t\t\t<div class=\"elementor-widget-container\">\n\t\t\t\t\t\t\t\t\t\t\t\t\t\t\t<img fetchpriority=\"high\" decoding=\"async\" width=\"240\" height=\"300\" src=\"https:\/\/zentrum-fuer-kunst.de\/wp-content\/uploads\/2025\/12\/Grafik_Haus-der-Republik-240x300.png\" class=\"attachment-medium size-medium wp-image-20432\" alt=\"Eine bunte Grafik einer Zeichnung von einem gro\u00dfen Palast aus Baukl\u00f6tzen.\" srcset=\"https:\/\/zentrum-fuer-kunst.de\/wp-content\/uploads\/2025\/12\/Grafik_Haus-der-Republik-240x300.png 240w, https:\/\/zentrum-fuer-kunst.de\/wp-content\/uploads\/2025\/12\/Grafik_Haus-der-Republik-10x12.png 10w, https:\/\/zentrum-fuer-kunst.de\/wp-content\/uploads\/2025\/12\/Grafik_Haus-der-Republik.png 512w\" sizes=\"(max-width: 240px) 100vw, 240px\" \/>\t\t\t\t\t\t\t\t\t\t\t\t\t\t\t<\/div>\n\t\t\t\t<\/div>\n\t\t\t\t\t<\/div>\n\t\t<\/div>\n\t\t\t\t\t<\/div>\n\t\t<\/section>\n\t\t\t\t<\/div>","protected":false},"excerpt":{"rendered":"<p>Eine performative Staatsgr\u00fcndung. Wie sollen ein neu gegr\u00fcndeter Zwergstaat mit dem weltweiten Rechtsruck umgehen?<\/p>","protected":false},"featured_media":20432,"template":"","meta":{"_tbt_post_transparent":"","_tbt_post_title":"hide","_tbt_post_layout":"fullwidth","_tbt_post_sidebar_id":"","_tbt_post_content_style":"unboxed","_tbt_post_vertical_padding":"hide","_tbt_post_feature":"hide","_tbt_post_feature_position":"","_tbt_post_header":false,"_tbt_post_footer":false},"kw_event_category":[],"kw_event_thema":[],"class_list":["post-20466","kw-event","type-kw-event","status-publish","has-post-thumbnail","hentry"],"acf":[],"yoast_head":"<!-- This site is optimized with the Yoast SEO plugin v27.5 - https:\/\/yoast.com\/product\/yoast-seo-wordpress\/ -->\n<title>Das Haus der Republik - Zentrum f\u00fcr Kunst<\/title>\n<meta name=\"description\" content=\"Eine performative Staatsgr\u00fcndung. Wie sollen ein neu gegr\u00fcndeter Zwergstaat mit dem weltweiten Rechtsruck umgehen? Von und mit Marie Lou Hoppenheit und Janko Krause.\" \/>\n<meta name=\"robots\" content=\"index, follow, max-snippet:-1, max-image-preview:large, max-video-preview:-1\" \/>\n<link rel=\"canonical\" href=\"https:\/\/zentrum-fuer-kunst.de\/en\/kw-event\/hausderrepublik\/\" \/>\n<meta property=\"og:locale\" content=\"en_GB\" \/>\n<meta property=\"og:type\" content=\"article\" \/>\n<meta property=\"og:title\" content=\"Das Haus der Republik - Zentrum f\u00fcr Kunst\" \/>\n<meta property=\"og:description\" content=\"Eine performative Staatsgr\u00fcndung. Wie sollen ein neu gegr\u00fcndeter Zwergstaat mit dem weltweiten Rechtsruck umgehen? Von und mit Marie Lou Hoppenheit und Janko Krause.\" \/>\n<meta property=\"og:url\" content=\"https:\/\/zentrum-fuer-kunst.de\/en\/kw-event\/hausderrepublik\/\" \/>\n<meta property=\"og:site_name\" content=\"Zentrum f\u00fcr Kunst\" \/>\n<meta property=\"article:modified_time\" content=\"2025-12-12T10:31:27+00:00\" \/>\n<meta property=\"og:image\" content=\"https:\/\/zentrum-fuer-kunst.de\/wp-content\/uploads\/2025\/12\/Grafik_Haus-der-Republik.png\" \/>\n\t<meta property=\"og:image:width\" content=\"512\" \/>\n\t<meta property=\"og:image:height\" content=\"640\" \/>\n\t<meta property=\"og:image:type\" content=\"image\/png\" \/>\n<meta name=\"twitter:card\" content=\"summary_large_image\" \/>\n<meta name=\"twitter:label1\" content=\"Estimated reading time\" \/>\n\t<meta name=\"twitter:data1\" content=\"1 minute\" \/>\n<script type=\"application\/ld+json\" class=\"yoast-schema-graph\">{\"@context\":\"https:\\\/\\\/schema.org\",\"@graph\":[{\"@type\":\"WebPage\",\"@id\":\"https:\\\/\\\/zentrum-fuer-kunst.de\\\/en\\\/kw-event\\\/hausderrepublik\\\/\",\"url\":\"https:\\\/\\\/zentrum-fuer-kunst.de\\\/en\\\/kw-event\\\/hausderrepublik\\\/\",\"name\":\"Das Haus der Republik - Zentrum f\u00fcr Kunst\",\"isPartOf\":{\"@id\":\"https:\\\/\\\/zentrum-fuer-kunst.de\\\/en\\\/#website\"},\"primaryImageOfPage\":{\"@id\":\"https:\\\/\\\/zentrum-fuer-kunst.de\\\/en\\\/kw-event\\\/hausderrepublik\\\/#primaryimage\"},\"image\":{\"@id\":\"https:\\\/\\\/zentrum-fuer-kunst.de\\\/en\\\/kw-event\\\/hausderrepublik\\\/#primaryimage\"},\"thumbnailUrl\":\"https:\\\/\\\/zentrum-fuer-kunst.de\\\/wp-content\\\/uploads\\\/2025\\\/12\\\/Grafik_Haus-der-Republik.png\",\"datePublished\":\"2025-12-12T10:03:01+00:00\",\"dateModified\":\"2025-12-12T10:31:27+00:00\",\"description\":\"Eine performative Staatsgr\u00fcndung. Wie sollen ein neu gegr\u00fcndeter Zwergstaat mit dem weltweiten Rechtsruck umgehen? Von und mit Marie Lou Hoppenheit und Janko Krause.\",\"breadcrumb\":{\"@id\":\"https:\\\/\\\/zentrum-fuer-kunst.de\\\/en\\\/kw-event\\\/hausderrepublik\\\/#breadcrumb\"},\"inLanguage\":\"en-GB\",\"potentialAction\":[{\"@type\":\"ReadAction\",\"target\":[\"https:\\\/\\\/zentrum-fuer-kunst.de\\\/en\\\/kw-event\\\/hausderrepublik\\\/\"]}]},{\"@type\":\"ImageObject\",\"inLanguage\":\"en-GB\",\"@id\":\"https:\\\/\\\/zentrum-fuer-kunst.de\\\/en\\\/kw-event\\\/hausderrepublik\\\/#primaryimage\",\"url\":\"https:\\\/\\\/zentrum-fuer-kunst.de\\\/wp-content\\\/uploads\\\/2025\\\/12\\\/Grafik_Haus-der-Republik.png\",\"contentUrl\":\"https:\\\/\\\/zentrum-fuer-kunst.de\\\/wp-content\\\/uploads\\\/2025\\\/12\\\/Grafik_Haus-der-Republik.png\",\"width\":512,\"height\":640,\"caption\":\"Eine bunte Grafik einer Zeichnung von einem gro\u00dfen Palast aus Baukl\u00f6tzen.\"},{\"@type\":\"BreadcrumbList\",\"@id\":\"https:\\\/\\\/zentrum-fuer-kunst.de\\\/en\\\/kw-event\\\/hausderrepublik\\\/#breadcrumb\",\"itemListElement\":[{\"@type\":\"ListItem\",\"position\":1,\"name\":\"zfk events\",\"item\":\"https:\\\/\\\/zentrum-fuer-kunst.de\\\/kw-event\\\/\"},{\"@type\":\"ListItem\",\"position\":2,\"name\":\"Das Haus der Republik\"}]},{\"@type\":\"WebSite\",\"@id\":\"https:\\\/\\\/zentrum-fuer-kunst.de\\\/en\\\/#website\",\"url\":\"https:\\\/\\\/zentrum-fuer-kunst.de\\\/en\\\/\",\"name\":\"Zentrum f\u00fcr Kunst\",\"description\":\"B\u00fchnen und Ateliers f\u00fcr die Freie Kunst-Szene Bremen.\",\"publisher\":{\"@id\":\"https:\\\/\\\/zentrum-fuer-kunst.de\\\/en\\\/#organization\"},\"potentialAction\":[{\"@type\":\"SearchAction\",\"target\":{\"@type\":\"EntryPoint\",\"urlTemplate\":\"https:\\\/\\\/zentrum-fuer-kunst.de\\\/en\\\/?s={search_term_string}\"},\"query-input\":{\"@type\":\"PropertyValueSpecification\",\"valueRequired\":true,\"valueName\":\"search_term_string\"}}],\"inLanguage\":\"en-GB\"},{\"@type\":\"Organization\",\"@id\":\"https:\\\/\\\/zentrum-fuer-kunst.de\\\/en\\\/#organization\",\"name\":\"Zentrum f\u00fcr Kunst\",\"url\":\"https:\\\/\\\/zentrum-fuer-kunst.de\\\/en\\\/\",\"logo\":{\"@type\":\"ImageObject\",\"inLanguage\":\"en-GB\",\"@id\":\"https:\\\/\\\/zentrum-fuer-kunst.de\\\/en\\\/#\\\/schema\\\/logo\\\/image\\\/\",\"url\":\"https:\\\/\\\/zentrum-fuer-kunst.de\\\/wp-content\\\/uploads\\\/2023\\\/07\\\/cropped-Logo_Zentrum_fuer_Kunst_weiss-2.png\",\"contentUrl\":\"https:\\\/\\\/zentrum-fuer-kunst.de\\\/wp-content\\\/uploads\\\/2023\\\/07\\\/cropped-Logo_Zentrum_fuer_Kunst_weiss-2.png\",\"width\":767,\"height\":290,\"caption\":\"Zentrum f\u00fcr Kunst\"},\"image\":{\"@id\":\"https:\\\/\\\/zentrum-fuer-kunst.de\\\/en\\\/#\\\/schema\\\/logo\\\/image\\\/\"}}]}<\/script>\n<!-- \/ Yoast SEO plugin. -->","yoast_head_json":{"title":"Das Haus der Republik - Zentrum f\u00fcr Kunst","description":"Eine performative Staatsgr\u00fcndung. Wie sollen ein neu gegr\u00fcndeter Zwergstaat mit dem weltweiten Rechtsruck umgehen? Von und mit Marie Lou Hoppenheit und Janko Krause.","robots":{"index":"index","follow":"follow","max-snippet":"max-snippet:-1","max-image-preview":"max-image-preview:large","max-video-preview":"max-video-preview:-1"},"canonical":"https:\/\/zentrum-fuer-kunst.de\/en\/kw-event\/hausderrepublik\/","og_locale":"en_GB","og_type":"article","og_title":"Das Haus der Republik - Zentrum f\u00fcr Kunst","og_description":"Eine performative Staatsgr\u00fcndung. Wie sollen ein neu gegr\u00fcndeter Zwergstaat mit dem weltweiten Rechtsruck umgehen? Von und mit Marie Lou Hoppenheit und Janko Krause.","og_url":"https:\/\/zentrum-fuer-kunst.de\/en\/kw-event\/hausderrepublik\/","og_site_name":"Zentrum f\u00fcr Kunst","article_modified_time":"2025-12-12T10:31:27+00:00","og_image":[{"width":512,"height":640,"url":"https:\/\/zentrum-fuer-kunst.de\/wp-content\/uploads\/2025\/12\/Grafik_Haus-der-Republik.png","type":"image\/png"}],"twitter_card":"summary_large_image","twitter_misc":{"Estimated reading time":"1 minute"},"schema":{"@context":"https:\/\/schema.org","@graph":[{"@type":"WebPage","@id":"https:\/\/zentrum-fuer-kunst.de\/en\/kw-event\/hausderrepublik\/","url":"https:\/\/zentrum-fuer-kunst.de\/en\/kw-event\/hausderrepublik\/","name":"Das Haus der Republik - Zentrum f\u00fcr Kunst","isPartOf":{"@id":"https:\/\/zentrum-fuer-kunst.de\/en\/#website"},"primaryImageOfPage":{"@id":"https:\/\/zentrum-fuer-kunst.de\/en\/kw-event\/hausderrepublik\/#primaryimage"},"image":{"@id":"https:\/\/zentrum-fuer-kunst.de\/en\/kw-event\/hausderrepublik\/#primaryimage"},"thumbnailUrl":"https:\/\/zentrum-fuer-kunst.de\/wp-content\/uploads\/2025\/12\/Grafik_Haus-der-Republik.png","datePublished":"2025-12-12T10:03:01+00:00","dateModified":"2025-12-12T10:31:27+00:00","description":"Eine performative Staatsgr\u00fcndung. Wie sollen ein neu gegr\u00fcndeter Zwergstaat mit dem weltweiten Rechtsruck umgehen? Von und mit Marie Lou Hoppenheit und Janko Krause.","breadcrumb":{"@id":"https:\/\/zentrum-fuer-kunst.de\/en\/kw-event\/hausderrepublik\/#breadcrumb"},"inLanguage":"en-GB","potentialAction":[{"@type":"ReadAction","target":["https:\/\/zentrum-fuer-kunst.de\/en\/kw-event\/hausderrepublik\/"]}]},{"@type":"ImageObject","inLanguage":"en-GB","@id":"https:\/\/zentrum-fuer-kunst.de\/en\/kw-event\/hausderrepublik\/#primaryimage","url":"https:\/\/zentrum-fuer-kunst.de\/wp-content\/uploads\/2025\/12\/Grafik_Haus-der-Republik.png","contentUrl":"https:\/\/zentrum-fuer-kunst.de\/wp-content\/uploads\/2025\/12\/Grafik_Haus-der-Republik.png","width":512,"height":640,"caption":"Eine bunte Grafik einer Zeichnung von einem gro\u00dfen Palast aus Baukl\u00f6tzen."},{"@type":"BreadcrumbList","@id":"https:\/\/zentrum-fuer-kunst.de\/en\/kw-event\/hausderrepublik\/#breadcrumb","itemListElement":[{"@type":"ListItem","position":1,"name":"zfk events","item":"https:\/\/zentrum-fuer-kunst.de\/kw-event\/"},{"@type":"ListItem","position":2,"name":"Das Haus der Republik"}]},{"@type":"WebSite","@id":"https:\/\/zentrum-fuer-kunst.de\/en\/#website","url":"https:\/\/zentrum-fuer-kunst.de\/en\/","name":"Zentrum f\u00fcr Kunst","description":"B\u00fchnen und Ateliers f\u00fcr die Freie Kunst-Szene Bremen.","publisher":{"@id":"https:\/\/zentrum-fuer-kunst.de\/en\/#organization"},"potentialAction":[{"@type":"SearchAction","target":{"@type":"EntryPoint","urlTemplate":"https:\/\/zentrum-fuer-kunst.de\/en\/?s={search_term_string}"},"query-input":{"@type":"PropertyValueSpecification","valueRequired":true,"valueName":"search_term_string"}}],"inLanguage":"en-GB"},{"@type":"Organization","@id":"https:\/\/zentrum-fuer-kunst.de\/en\/#organization","name":"Zentrum f\u00fcr Kunst","url":"https:\/\/zentrum-fuer-kunst.de\/en\/","logo":{"@type":"ImageObject","inLanguage":"en-GB","@id":"https:\/\/zentrum-fuer-kunst.de\/en\/#\/schema\/logo\/image\/","url":"https:\/\/zentrum-fuer-kunst.de\/wp-content\/uploads\/2023\/07\/cropped-Logo_Zentrum_fuer_Kunst_weiss-2.png","contentUrl":"https:\/\/zentrum-fuer-kunst.de\/wp-content\/uploads\/2023\/07\/cropped-Logo_Zentrum_fuer_Kunst_weiss-2.png","width":767,"height":290,"caption":"Zentrum f\u00fcr Kunst"},"image":{"@id":"https:\/\/zentrum-fuer-kunst.de\/en\/#\/schema\/logo\/image\/"}}]}},"_links":{"self":[{"href":"https:\/\/zentrum-fuer-kunst.de\/en\/wp-json\/wp\/v2\/kw-event\/20466","targetHints":{"allow":["GET"]}}],"collection":[{"href":"https:\/\/zentrum-fuer-kunst.de\/en\/wp-json\/wp\/v2\/kw-event"}],"about":[{"href":"https:\/\/zentrum-fuer-kunst.de\/en\/wp-json\/wp\/v2\/types\/kw-event"}],"version-history":[{"count":6,"href":"https:\/\/zentrum-fuer-kunst.de\/en\/wp-json\/wp\/v2\/kw-event\/20466\/revisions"}],"predecessor-version":[{"id":20473,"href":"https:\/\/zentrum-fuer-kunst.de\/en\/wp-json\/wp\/v2\/kw-event\/20466\/revisions\/20473"}],"wp:featuredmedia":[{"embeddable":true,"href":"https:\/\/zentrum-fuer-kunst.de\/en\/wp-json\/wp\/v2\/media\/20432"}],"wp:attachment":[{"href":"https:\/\/zentrum-fuer-kunst.de\/en\/wp-json\/wp\/v2\/media?parent=20466"}],"wp:term":[{"taxonomy":"kw_event_category","embeddable":true,"href":"https:\/\/zentrum-fuer-kunst.de\/en\/wp-json\/wp\/v2\/kw_event_category?post=20466"},{"taxonomy":"kw_event_thema","embeddable":true,"href":"https:\/\/zentrum-fuer-kunst.de\/en\/wp-json\/wp\/v2\/kw_event_thema?post=20466"}],"curies":[{"name":"wp","href":"https:\/\/api.w.org\/{rel}","templated":true}]}}