{"id":20578,"date":"2026-01-07T08:23:08","date_gmt":"2026-01-07T07:23:08","guid":{"rendered":"https:\/\/zentrum-fuer-kunst.de\/?post_type=kw-event&#038;p=20578"},"modified":"2026-01-07T08:43:41","modified_gmt":"2026-01-07T07:43:41","slug":"kunst-menschenrechte","status":"publish","type":"kw-event","link":"https:\/\/zentrum-fuer-kunst.de\/en\/kw-event\/kunst-menschenrechte\/","title":{"rendered":"Kunst und Menschenrechte"},"content":{"rendered":"<div data-elementor-type=\"wp-post\" data-elementor-id=\"20578\" class=\"elementor elementor-20578\" data-elementor-post-type=\"kw-event\">\n\t\t\t\t\t\t<section class=\"elementor-section elementor-top-section elementor-element elementor-element-31538f3 elementor-section-boxed elementor-section-height-default elementor-section-height-default\" data-id=\"31538f3\" data-element_type=\"section\" data-e-type=\"section\">\n\t\t\t\t\t\t<div class=\"elementor-container elementor-column-gap-default\">\n\t\t\t\t\t<div class=\"elementor-column elementor-col-100 elementor-top-column elementor-element elementor-element-3752d82\" data-id=\"3752d82\" data-element_type=\"column\" data-e-type=\"column\">\n\t\t\t<div class=\"elementor-widget-wrap elementor-element-populated\">\n\t\t\t\t\t\t<div class=\"elementor-element elementor-element-9b6f967 elementor-widget elementor-widget-heading\" data-id=\"9b6f967\" data-element_type=\"widget\" data-e-type=\"widget\" data-widget_type=\"heading.default\">\n\t\t\t\t<div class=\"elementor-widget-container\">\n\t\t\t\t\t<h3 class=\"elementor-heading-title elementor-size-default\">Ein Begegnungsraum f\u00fcr Sensibilit\u00e4t, Widerstand und neue Weisen, das Menschliche zu imaginieren<\/h3>\t\t\t\t<\/div>\n\t\t\t\t<\/div>\n\t\t\t\t\t<\/div>\n\t\t<\/div>\n\t\t\t\t\t<\/div>\n\t\t<\/section>\n\t\t\t\t<section class=\"elementor-section elementor-top-section elementor-element elementor-element-3cf5646 elementor-section-boxed elementor-section-height-default elementor-section-height-default\" data-id=\"3cf5646\" data-element_type=\"section\" data-e-type=\"section\">\n\t\t\t\t\t\t<div class=\"elementor-container elementor-column-gap-default\">\n\t\t\t\t\t<div class=\"elementor-column elementor-col-50 elementor-top-column elementor-element elementor-element-805a924\" data-id=\"805a924\" data-element_type=\"column\" data-e-type=\"column\">\n\t\t\t<div class=\"elementor-widget-wrap elementor-element-populated\">\n\t\t\t\t\t\t<div class=\"elementor-element elementor-element-68ad347 elementor-widget elementor-widget-text-editor\" data-id=\"68ad347\" data-element_type=\"widget\" data-e-type=\"widget\" data-widget_type=\"text-editor.default\">\n\t\t\t\t<div class=\"elementor-widget-container\">\n\t\t\t\t\t\t\t\t\t<p>Angesichts wachsender Bedrohungen der Menschenrechte, stellt diese Diskussion die Kunst als zentrale Kraft zur Verteidigung menschlicher W\u00fcrde in den Fokus. Kunst wird dabei als Mittel der Wahrnehmung, Erinnerung, Empathie und Transformation verstanden, das sichtbar macht, was politisch oder juristisch oft unsagbar bleibt, Widerstand und neue M\u00f6glichkeiten er\u00f6ffnet und alternative Formen des Zusammenlebens erprobt.<\/p><p>Durch Austausch zwischen K\u00fcnstler:innen, Aktivist:innen, Forscher:innen und Publikum soll Kunst als Sprache der W\u00fcrde, als Bildungsraum und als Zukunftslabor erfahrbar werden, um Menschenrechte nicht nur zu denken, sondern auch zu f\u00fchlen und neu zu imaginieren.<\/p><p>mit Professor Manfred Nowak, Jurist und Experte f\u00fcr Menschenrechte, und Susanna W\u00fcstneck, Filmregisseurin<\/p><p><strong>Eintritt frei<\/strong><\/p>\t\t\t\t\t\t\t\t<\/div>\n\t\t\t\t<\/div>\n\t\t\t\t\t<\/div>\n\t\t<\/div>\n\t\t\t\t<div class=\"elementor-column elementor-col-50 elementor-top-column elementor-element elementor-element-365db4e\" data-id=\"365db4e\" data-element_type=\"column\" data-e-type=\"column\">\n\t\t\t<div class=\"elementor-widget-wrap elementor-element-populated\">\n\t\t\t\t\t\t<div class=\"elementor-element elementor-element-9657da6 elementor-widget__width-initial elementor-widget elementor-widget-image\" data-id=\"9657da6\" data-element_type=\"widget\" data-e-type=\"widget\" data-widget_type=\"image.default\">\n\t\t\t\t<div class=\"elementor-widget-container\">\n\t\t\t\t\t\t\t\t\t\t\t\t<figure class=\"wp-caption\">\n\t\t\t\t\t\t\t\t\t\t<img fetchpriority=\"high\" decoding=\"async\" width=\"300\" height=\"200\" src=\"https:\/\/zentrum-fuer-kunst.de\/wp-content\/uploads\/2026\/01\/ChatGPT-Image-Kunst-und-Menschenrechte-300x200.png\" class=\"attachment-medium size-medium wp-image-20582\" alt=\"\" srcset=\"https:\/\/zentrum-fuer-kunst.de\/wp-content\/uploads\/2026\/01\/ChatGPT-Image-Kunst-und-Menschenrechte-300x200.png 300w, https:\/\/zentrum-fuer-kunst.de\/wp-content\/uploads\/2026\/01\/ChatGPT-Image-Kunst-und-Menschenrechte-768x512.png 768w, https:\/\/zentrum-fuer-kunst.de\/wp-content\/uploads\/2026\/01\/ChatGPT-Image-Kunst-und-Menschenrechte-18x12.png 18w, https:\/\/zentrum-fuer-kunst.de\/wp-content\/uploads\/2026\/01\/ChatGPT-Image-Kunst-und-Menschenrechte-600x400.png 600w, https:\/\/zentrum-fuer-kunst.de\/wp-content\/uploads\/2026\/01\/ChatGPT-Image-Kunst-und-Menschenrechte.png 1024w\" sizes=\"(max-width: 300px) 100vw, 300px\" \/>\t\t\t\t\t\t\t\t\t\t\t<figcaption class=\"widget-image-caption wp-caption-text\">Fotoquelle: Chat GPT<\/figcaption>\n\t\t\t\t\t\t\t\t\t\t<\/figure>\n\t\t\t\t\t\t\t\t\t<\/div>\n\t\t\t\t<\/div>\n\t\t\t\t\t<\/div>\n\t\t<\/div>\n\t\t\t\t\t<\/div>\n\t\t<\/section>\n\t\t\t\t<\/div>","protected":false},"excerpt":{"rendered":"<p>Wie kann Kunst uns helfen, die W\u00fcrde in unsicheren Zeiten neu zu denken \u2013 und zu verteidigen? mit Jurist Prof. Manfred Nowak und Filmregisseurin Susanna W\u00fcstneck.<\/p>","protected":false},"featured_media":20582,"template":"","meta":{"_tbt_post_transparent":"","_tbt_post_title":"hide","_tbt_post_layout":"fullwidth","_tbt_post_sidebar_id":"","_tbt_post_content_style":"unboxed","_tbt_post_vertical_padding":"hide","_tbt_post_feature":"hide","_tbt_post_feature_position":"","_tbt_post_header":false,"_tbt_post_footer":false},"kw_event_category":[],"kw_event_thema":[],"class_list":["post-20578","kw-event","type-kw-event","status-publish","has-post-thumbnail","hentry"],"acf":[],"yoast_head":"<!-- This site is optimized with the Yoast SEO plugin v27.5 - https:\/\/yoast.com\/product\/yoast-seo-wordpress\/ -->\n<title>Kunst und Menschenrechte - Zentrum f\u00fcr Kunst<\/title>\n<meta name=\"description\" content=\"Wie kann Kunst uns helfen, die W\u00fcrde in unsicheren Zeiten neu zu denken \u2013 und zu verteidigen? mit Jurist Prof. Manfred Nowak und Filmregisseurin Susanna W\u00fcstneck.\" \/>\n<meta name=\"robots\" content=\"index, follow, max-snippet:-1, max-image-preview:large, max-video-preview:-1\" \/>\n<link rel=\"canonical\" href=\"https:\/\/zentrum-fuer-kunst.de\/en\/kw-event\/kunst-menschenrechte\/\" \/>\n<meta property=\"og:locale\" content=\"en_GB\" \/>\n<meta property=\"og:type\" content=\"article\" \/>\n<meta property=\"og:title\" content=\"Kunst und Menschenrechte - Zentrum f\u00fcr Kunst\" \/>\n<meta property=\"og:description\" content=\"Wie kann Kunst uns helfen, die W\u00fcrde in unsicheren Zeiten neu zu denken \u2013 und zu verteidigen? mit Jurist Prof. Manfred Nowak und Filmregisseurin Susanna W\u00fcstneck.\" \/>\n<meta property=\"og:url\" content=\"https:\/\/zentrum-fuer-kunst.de\/en\/kw-event\/kunst-menschenrechte\/\" \/>\n<meta property=\"og:site_name\" content=\"Zentrum f\u00fcr Kunst\" \/>\n<meta property=\"article:modified_time\" content=\"2026-01-07T07:43:41+00:00\" \/>\n<meta property=\"og:image\" content=\"https:\/\/zentrum-fuer-kunst.de\/wp-content\/uploads\/2026\/01\/ChatGPT-Image-Kunst-und-Menschenrechte.png\" \/>\n\t<meta property=\"og:image:width\" content=\"1024\" \/>\n\t<meta property=\"og:image:height\" content=\"683\" \/>\n\t<meta property=\"og:image:type\" content=\"image\/png\" \/>\n<meta name=\"twitter:card\" content=\"summary_large_image\" \/>\n<meta name=\"twitter:label1\" content=\"Estimated reading time\" \/>\n\t<meta name=\"twitter:data1\" content=\"2 minutes\" \/>\n<script type=\"application\/ld+json\" class=\"yoast-schema-graph\">{\"@context\":\"https:\\\/\\\/schema.org\",\"@graph\":[{\"@type\":\"WebPage\",\"@id\":\"https:\\\/\\\/zentrum-fuer-kunst.de\\\/en\\\/kw-event\\\/kunst-menschenrechte\\\/\",\"url\":\"https:\\\/\\\/zentrum-fuer-kunst.de\\\/en\\\/kw-event\\\/kunst-menschenrechte\\\/\",\"name\":\"Kunst und Menschenrechte - Zentrum f\u00fcr Kunst\",\"isPartOf\":{\"@id\":\"https:\\\/\\\/zentrum-fuer-kunst.de\\\/en\\\/#website\"},\"primaryImageOfPage\":{\"@id\":\"https:\\\/\\\/zentrum-fuer-kunst.de\\\/en\\\/kw-event\\\/kunst-menschenrechte\\\/#primaryimage\"},\"image\":{\"@id\":\"https:\\\/\\\/zentrum-fuer-kunst.de\\\/en\\\/kw-event\\\/kunst-menschenrechte\\\/#primaryimage\"},\"thumbnailUrl\":\"https:\\\/\\\/zentrum-fuer-kunst.de\\\/wp-content\\\/uploads\\\/2026\\\/01\\\/ChatGPT-Image-Kunst-und-Menschenrechte.png\",\"datePublished\":\"2026-01-07T07:23:08+00:00\",\"dateModified\":\"2026-01-07T07:43:41+00:00\",\"description\":\"Wie kann Kunst uns helfen, die W\u00fcrde in unsicheren Zeiten neu zu denken \u2013 und zu verteidigen? mit Jurist Prof. Manfred Nowak und Filmregisseurin Susanna W\u00fcstneck.\",\"breadcrumb\":{\"@id\":\"https:\\\/\\\/zentrum-fuer-kunst.de\\\/en\\\/kw-event\\\/kunst-menschenrechte\\\/#breadcrumb\"},\"inLanguage\":\"en-GB\",\"potentialAction\":[{\"@type\":\"ReadAction\",\"target\":[\"https:\\\/\\\/zentrum-fuer-kunst.de\\\/en\\\/kw-event\\\/kunst-menschenrechte\\\/\"]}]},{\"@type\":\"ImageObject\",\"inLanguage\":\"en-GB\",\"@id\":\"https:\\\/\\\/zentrum-fuer-kunst.de\\\/en\\\/kw-event\\\/kunst-menschenrechte\\\/#primaryimage\",\"url\":\"https:\\\/\\\/zentrum-fuer-kunst.de\\\/wp-content\\\/uploads\\\/2026\\\/01\\\/ChatGPT-Image-Kunst-und-Menschenrechte.png\",\"contentUrl\":\"https:\\\/\\\/zentrum-fuer-kunst.de\\\/wp-content\\\/uploads\\\/2026\\\/01\\\/ChatGPT-Image-Kunst-und-Menschenrechte.png\",\"width\":1024,\"height\":683,\"caption\":\"Fotoquelle: Chat GPT\"},{\"@type\":\"BreadcrumbList\",\"@id\":\"https:\\\/\\\/zentrum-fuer-kunst.de\\\/en\\\/kw-event\\\/kunst-menschenrechte\\\/#breadcrumb\",\"itemListElement\":[{\"@type\":\"ListItem\",\"position\":1,\"name\":\"zfk events\",\"item\":\"https:\\\/\\\/zentrum-fuer-kunst.de\\\/kw-event\\\/\"},{\"@type\":\"ListItem\",\"position\":2,\"name\":\"Kunst und Menschenrechte\"}]},{\"@type\":\"WebSite\",\"@id\":\"https:\\\/\\\/zentrum-fuer-kunst.de\\\/en\\\/#website\",\"url\":\"https:\\\/\\\/zentrum-fuer-kunst.de\\\/en\\\/\",\"name\":\"Zentrum f\u00fcr Kunst\",\"description\":\"B\u00fchnen und Ateliers f\u00fcr die Freie Kunst-Szene Bremen.\",\"publisher\":{\"@id\":\"https:\\\/\\\/zentrum-fuer-kunst.de\\\/en\\\/#organization\"},\"potentialAction\":[{\"@type\":\"SearchAction\",\"target\":{\"@type\":\"EntryPoint\",\"urlTemplate\":\"https:\\\/\\\/zentrum-fuer-kunst.de\\\/en\\\/?s={search_term_string}\"},\"query-input\":{\"@type\":\"PropertyValueSpecification\",\"valueRequired\":true,\"valueName\":\"search_term_string\"}}],\"inLanguage\":\"en-GB\"},{\"@type\":\"Organization\",\"@id\":\"https:\\\/\\\/zentrum-fuer-kunst.de\\\/en\\\/#organization\",\"name\":\"Zentrum f\u00fcr Kunst\",\"url\":\"https:\\\/\\\/zentrum-fuer-kunst.de\\\/en\\\/\",\"logo\":{\"@type\":\"ImageObject\",\"inLanguage\":\"en-GB\",\"@id\":\"https:\\\/\\\/zentrum-fuer-kunst.de\\\/en\\\/#\\\/schema\\\/logo\\\/image\\\/\",\"url\":\"https:\\\/\\\/zentrum-fuer-kunst.de\\\/wp-content\\\/uploads\\\/2023\\\/07\\\/cropped-Logo_Zentrum_fuer_Kunst_weiss-2.png\",\"contentUrl\":\"https:\\\/\\\/zentrum-fuer-kunst.de\\\/wp-content\\\/uploads\\\/2023\\\/07\\\/cropped-Logo_Zentrum_fuer_Kunst_weiss-2.png\",\"width\":767,\"height\":290,\"caption\":\"Zentrum f\u00fcr Kunst\"},\"image\":{\"@id\":\"https:\\\/\\\/zentrum-fuer-kunst.de\\\/en\\\/#\\\/schema\\\/logo\\\/image\\\/\"}}]}<\/script>\n<!-- \/ Yoast SEO plugin. -->","yoast_head_json":{"title":"Kunst und Menschenrechte - Zentrum f\u00fcr Kunst","description":"Wie kann Kunst uns helfen, die W\u00fcrde in unsicheren Zeiten neu zu denken \u2013 und zu verteidigen? mit Jurist Prof. Manfred Nowak und Filmregisseurin Susanna W\u00fcstneck.","robots":{"index":"index","follow":"follow","max-snippet":"max-snippet:-1","max-image-preview":"max-image-preview:large","max-video-preview":"max-video-preview:-1"},"canonical":"https:\/\/zentrum-fuer-kunst.de\/en\/kw-event\/kunst-menschenrechte\/","og_locale":"en_GB","og_type":"article","og_title":"Kunst und Menschenrechte - Zentrum f\u00fcr Kunst","og_description":"Wie kann Kunst uns helfen, die W\u00fcrde in unsicheren Zeiten neu zu denken \u2013 und zu verteidigen? mit Jurist Prof. Manfred Nowak und Filmregisseurin Susanna W\u00fcstneck.","og_url":"https:\/\/zentrum-fuer-kunst.de\/en\/kw-event\/kunst-menschenrechte\/","og_site_name":"Zentrum f\u00fcr Kunst","article_modified_time":"2026-01-07T07:43:41+00:00","og_image":[{"width":1024,"height":683,"url":"https:\/\/zentrum-fuer-kunst.de\/wp-content\/uploads\/2026\/01\/ChatGPT-Image-Kunst-und-Menschenrechte.png","type":"image\/png"}],"twitter_card":"summary_large_image","twitter_misc":{"Estimated reading time":"2 minutes"},"schema":{"@context":"https:\/\/schema.org","@graph":[{"@type":"WebPage","@id":"https:\/\/zentrum-fuer-kunst.de\/en\/kw-event\/kunst-menschenrechte\/","url":"https:\/\/zentrum-fuer-kunst.de\/en\/kw-event\/kunst-menschenrechte\/","name":"Kunst und Menschenrechte - Zentrum f\u00fcr Kunst","isPartOf":{"@id":"https:\/\/zentrum-fuer-kunst.de\/en\/#website"},"primaryImageOfPage":{"@id":"https:\/\/zentrum-fuer-kunst.de\/en\/kw-event\/kunst-menschenrechte\/#primaryimage"},"image":{"@id":"https:\/\/zentrum-fuer-kunst.de\/en\/kw-event\/kunst-menschenrechte\/#primaryimage"},"thumbnailUrl":"https:\/\/zentrum-fuer-kunst.de\/wp-content\/uploads\/2026\/01\/ChatGPT-Image-Kunst-und-Menschenrechte.png","datePublished":"2026-01-07T07:23:08+00:00","dateModified":"2026-01-07T07:43:41+00:00","description":"Wie kann Kunst uns helfen, die W\u00fcrde in unsicheren Zeiten neu zu denken \u2013 und zu verteidigen? mit Jurist Prof. Manfred Nowak und Filmregisseurin Susanna W\u00fcstneck.","breadcrumb":{"@id":"https:\/\/zentrum-fuer-kunst.de\/en\/kw-event\/kunst-menschenrechte\/#breadcrumb"},"inLanguage":"en-GB","potentialAction":[{"@type":"ReadAction","target":["https:\/\/zentrum-fuer-kunst.de\/en\/kw-event\/kunst-menschenrechte\/"]}]},{"@type":"ImageObject","inLanguage":"en-GB","@id":"https:\/\/zentrum-fuer-kunst.de\/en\/kw-event\/kunst-menschenrechte\/#primaryimage","url":"https:\/\/zentrum-fuer-kunst.de\/wp-content\/uploads\/2026\/01\/ChatGPT-Image-Kunst-und-Menschenrechte.png","contentUrl":"https:\/\/zentrum-fuer-kunst.de\/wp-content\/uploads\/2026\/01\/ChatGPT-Image-Kunst-und-Menschenrechte.png","width":1024,"height":683,"caption":"Fotoquelle: Chat GPT"},{"@type":"BreadcrumbList","@id":"https:\/\/zentrum-fuer-kunst.de\/en\/kw-event\/kunst-menschenrechte\/#breadcrumb","itemListElement":[{"@type":"ListItem","position":1,"name":"zfk events","item":"https:\/\/zentrum-fuer-kunst.de\/kw-event\/"},{"@type":"ListItem","position":2,"name":"Kunst und Menschenrechte"}]},{"@type":"WebSite","@id":"https:\/\/zentrum-fuer-kunst.de\/en\/#website","url":"https:\/\/zentrum-fuer-kunst.de\/en\/","name":"Zentrum f\u00fcr Kunst","description":"B\u00fchnen und Ateliers f\u00fcr die Freie Kunst-Szene Bremen.","publisher":{"@id":"https:\/\/zentrum-fuer-kunst.de\/en\/#organization"},"potentialAction":[{"@type":"SearchAction","target":{"@type":"EntryPoint","urlTemplate":"https:\/\/zentrum-fuer-kunst.de\/en\/?s={search_term_string}"},"query-input":{"@type":"PropertyValueSpecification","valueRequired":true,"valueName":"search_term_string"}}],"inLanguage":"en-GB"},{"@type":"Organization","@id":"https:\/\/zentrum-fuer-kunst.de\/en\/#organization","name":"Zentrum f\u00fcr Kunst","url":"https:\/\/zentrum-fuer-kunst.de\/en\/","logo":{"@type":"ImageObject","inLanguage":"en-GB","@id":"https:\/\/zentrum-fuer-kunst.de\/en\/#\/schema\/logo\/image\/","url":"https:\/\/zentrum-fuer-kunst.de\/wp-content\/uploads\/2023\/07\/cropped-Logo_Zentrum_fuer_Kunst_weiss-2.png","contentUrl":"https:\/\/zentrum-fuer-kunst.de\/wp-content\/uploads\/2023\/07\/cropped-Logo_Zentrum_fuer_Kunst_weiss-2.png","width":767,"height":290,"caption":"Zentrum f\u00fcr Kunst"},"image":{"@id":"https:\/\/zentrum-fuer-kunst.de\/en\/#\/schema\/logo\/image\/"}}]}},"_links":{"self":[{"href":"https:\/\/zentrum-fuer-kunst.de\/en\/wp-json\/wp\/v2\/kw-event\/20578","targetHints":{"allow":["GET"]}}],"collection":[{"href":"https:\/\/zentrum-fuer-kunst.de\/en\/wp-json\/wp\/v2\/kw-event"}],"about":[{"href":"https:\/\/zentrum-fuer-kunst.de\/en\/wp-json\/wp\/v2\/types\/kw-event"}],"version-history":[{"count":10,"href":"https:\/\/zentrum-fuer-kunst.de\/en\/wp-json\/wp\/v2\/kw-event\/20578\/revisions"}],"predecessor-version":[{"id":20591,"href":"https:\/\/zentrum-fuer-kunst.de\/en\/wp-json\/wp\/v2\/kw-event\/20578\/revisions\/20591"}],"wp:featuredmedia":[{"embeddable":true,"href":"https:\/\/zentrum-fuer-kunst.de\/en\/wp-json\/wp\/v2\/media\/20582"}],"wp:attachment":[{"href":"https:\/\/zentrum-fuer-kunst.de\/en\/wp-json\/wp\/v2\/media?parent=20578"}],"wp:term":[{"taxonomy":"kw_event_category","embeddable":true,"href":"https:\/\/zentrum-fuer-kunst.de\/en\/wp-json\/wp\/v2\/kw_event_category?post=20578"},{"taxonomy":"kw_event_thema","embeddable":true,"href":"https:\/\/zentrum-fuer-kunst.de\/en\/wp-json\/wp\/v2\/kw_event_thema?post=20578"}],"curies":[{"name":"wp","href":"https:\/\/api.w.org\/{rel}","templated":true}]}}