{"id":22107,"date":"2026-08-17T16:16:14","date_gmt":"2026-08-17T14:16:14","guid":{"rendered":"https:\/\/zentrum-fuer-kunst.de\/?post_type=kw-event&#038;p=22107"},"modified":"2026-08-21T13:17:43","modified_gmt":"2026-08-21T11:17:43","slug":"kunstgespraech-mit-klaviermusik-pepita-salon","status":"publish","type":"kw-event","link":"https:\/\/zentrum-fuer-kunst.de\/en\/kw-event\/kunstgespraech-mit-klaviermusik-pepita-salon\/","title":{"rendered":"KUNSTGESPR\u00c4CH MIT KLAVIERMUSIK &#8211; PEPITA SALON"},"content":{"rendered":"<div data-elementor-type=\"wp-post\" data-elementor-id=\"22107\" class=\"elementor elementor-22107\" data-elementor-post-type=\"kw-event\">\n\t\t\t\t\t\t<section class=\"elementor-section elementor-top-section elementor-element elementor-element-b80c095 elementor-section-boxed elementor-section-height-default elementor-section-height-default\" data-id=\"b80c095\" data-element_type=\"section\" data-e-type=\"section\">\n\t\t\t\t\t\t<div class=\"elementor-container elementor-column-gap-default\">\n\t\t\t\t\t<div class=\"elementor-column elementor-col-50 elementor-top-column elementor-element elementor-element-9cc602b\" data-id=\"9cc602b\" data-element_type=\"column\" data-e-type=\"column\">\n\t\t\t<div class=\"elementor-widget-wrap elementor-element-populated\">\n\t\t\t\t\t\t<div class=\"elementor-element elementor-element-a72b094 elementor-arrows-position-inside elementor-pagination-position-outside elementor-widget elementor-widget-image-carousel\" data-id=\"a72b094\" data-element_type=\"widget\" data-e-type=\"widget\" data-settings=\"{&quot;slides_to_show&quot;:&quot;1&quot;,&quot;navigation&quot;:&quot;both&quot;,&quot;autoplay&quot;:&quot;yes&quot;,&quot;pause_on_hover&quot;:&quot;yes&quot;,&quot;pause_on_interaction&quot;:&quot;yes&quot;,&quot;autoplay_speed&quot;:5000,&quot;infinite&quot;:&quot;yes&quot;,&quot;effect&quot;:&quot;slide&quot;,&quot;speed&quot;:500}\" data-widget_type=\"image-carousel.default\">\n\t\t\t\t<div class=\"elementor-widget-container\">\n\t\t\t\t\t\t\t<div class=\"elementor-image-carousel-wrapper swiper\" role=\"region\" aria-roledescription=\"carousel\" aria-label=\"Image Carousel\" dir=\"ltr\">\n\t\t\t<div class=\"elementor-image-carousel swiper-wrapper\" aria-live=\"off\">\n\t\t\t\t\t\t\t\t<div class=\"swiper-slide\" role=\"group\" aria-roledescription=\"slide\" aria-label=\"1 von 2\"><figure class=\"swiper-slide-inner\"><img decoding=\"async\" class=\"swiper-slide-image\" src=\"https:\/\/zentrum-fuer-kunst.de\/wp-content\/uploads\/2026\/08\/Sibylle-Springer-Floating2025-768x886.jpg\" alt=\"Werk: Sibylle SpringerFloating, 2025, Mischtechnik auf Leinwand, 230 x 200 cm, Privatsammlung\" \/><\/figure><\/div><div class=\"swiper-slide\" role=\"group\" aria-roledescription=\"slide\" aria-label=\"2 von 2\"><figure class=\"swiper-slide-inner\"><img decoding=\"async\" class=\"swiper-slide-image\" src=\"https:\/\/zentrum-fuer-kunst.de\/wp-content\/uploads\/2026\/08\/Tom-Gefken-Fluchwege-II-768x1109.jpg\" alt=\"Werk: Tom Gefken Fluchtwege2, 1995, Acryl auf Leinwand,150 x 200 cm\" \/><\/figure><\/div>\t\t\t<\/div>\n\t\t\t\t\t\t\t\t\t\t\t\t<div class=\"elementor-swiper-button elementor-swiper-button-prev\" role=\"button\" tabindex=\"0\">\n\t\t\t\t\t\t<i aria-hidden=\"true\" class=\"eicon-chevron-left\"><\/i>\t\t\t\t\t<\/div>\n\t\t\t\t\t<div class=\"elementor-swiper-button elementor-swiper-button-next\" role=\"button\" tabindex=\"0\">\n\t\t\t\t\t\t<i aria-hidden=\"true\" class=\"eicon-chevron-right\"><\/i>\t\t\t\t\t<\/div>\n\t\t\t\t\n\t\t\t\t\t\t\t\t\t<div class=\"swiper-pagination\"><\/div>\n\t\t\t\t\t\t\t\t\t<\/div>\n\t\t\t\t\t\t<\/div>\n\t\t\t\t<\/div>\n\t\t\t\t\t<\/div>\n\t\t<\/div>\n\t\t\t\t<div class=\"elementor-column elementor-col-50 elementor-top-column elementor-element elementor-element-77b695c\" data-id=\"77b695c\" data-element_type=\"column\" data-e-type=\"column\">\n\t\t\t<div class=\"elementor-widget-wrap elementor-element-populated\">\n\t\t\t\t\t\t<div class=\"elementor-element elementor-element-851b7fa elementor-widget elementor-widget-text-editor\" data-id=\"851b7fa\" data-element_type=\"widget\" data-e-type=\"widget\" data-widget_type=\"text-editor.default\">\n\t\t\t\t<div class=\"elementor-widget-container\">\n\t\t\t\t\t\t\t\t\t<p style=\"margin: 0cm 0cm 6.0pt 0cm;\"><b><span style=\"font-size: 11.5pt;\">PEPITA Salon \u2013 der Kunsttalk<\/span><\/b><\/p><p style=\"margin: 0cm 0cm 6.0pt 0cm;\"><span style=\"font-size: 11.5pt;\">Seit einigen Jahren veranstalten <strong>Pia van Nuland<\/strong> und <strong>Peter Bernholt<\/strong> ihren <strong>PEPITA Salon<\/strong>. Eine Talkshow mit Musik bei der in lockerer Atmosph\u00e4re K\u00fcnstlerInnen \u00fcber Werk und Leben interviewt werden. Normalerweise findet der Salon in ihrem Wohnzimmer statt. Diesmal im gro\u00dfen Theatersaal des Zentrum f\u00fcr Kunst, um den Abend einem gr\u00f6\u00dferen Publikum zu \u00f6ffnen.<\/span><\/p><p>An diesem Abend sprechen Pia van Nuland und Peter Bernholt mit den K\u00fcnstler:innen Sibylle Springer und Tom Gefken \u00fcber Kunst, Erinnerung und gesellschaftliche Perspektiven.<\/p><p>Begleitet von Nicolai Thein am Fl\u00fcgel, entsteht ein Abend in entspannter Atmosph\u00e4re.<br \/><br \/>Eintritt frei<\/p>\t\t\t\t\t\t\t\t<\/div>\n\t\t\t\t<\/div>\n\t\t\t\t<div class=\"elementor-element elementor-element-ca68133 elementor-widget elementor-widget-heading\" data-id=\"ca68133\" data-element_type=\"widget\" data-e-type=\"widget\" data-widget_type=\"heading.default\">\n\t\t\t\t<div class=\"elementor-widget-container\">\n\t\t\t\t\t<h3 class=\"elementor-heading-title elementor-size-default\">\u00dcber die K\u00fcnstler:innen<\/h3>\t\t\t\t<\/div>\n\t\t\t\t<\/div>\n\t\t\t\t<div class=\"elementor-element elementor-element-e7f26ae elementor-widget elementor-widget-toggle\" data-id=\"e7f26ae\" data-element_type=\"widget\" data-e-type=\"widget\" data-widget_type=\"toggle.default\">\n\t\t\t\t<div class=\"elementor-widget-container\">\n\t\t\t\t\t\t\t<div class=\"elementor-toggle\">\n\t\t\t\t\t\t\t<div class=\"elementor-toggle-item\">\n\t\t\t\t\t<div id=\"elementor-tab-title-2431\" class=\"elementor-tab-title\" data-tab=\"1\" role=\"button\" aria-controls=\"elementor-tab-content-2431\" aria-expanded=\"false\">\n\t\t\t\t\t\t\t\t\t\t\t\t<span class=\"elementor-toggle-icon elementor-toggle-icon-left\" aria-hidden=\"true\">\n\t\t\t\t\t\t\t\t\t\t\t\t\t\t\t<span class=\"elementor-toggle-icon-closed\"><i class=\"fas fa-caret-right\"><\/i><\/span>\n\t\t\t\t\t\t\t\t<span class=\"elementor-toggle-icon-opened\"><i class=\"elementor-toggle-icon-opened fas fa-caret-up\"><\/i><\/span>\n\t\t\t\t\t\t\t\t\t\t\t\t\t<\/span>\n\t\t\t\t\t\t\t\t\t\t\t\t<a class=\"elementor-toggle-title\" tabindex=\"0\">Tom Gefken<\/a>\n\t\t\t\t\t<\/div>\n\n\t\t\t\t\t<div id=\"elementor-tab-content-2431\" class=\"elementor-tab-content elementor-clearfix\" data-tab=\"1\" role=\"region\" aria-labelledby=\"elementor-tab-title-2431\"><p>Frei nach Susan Sontag:<\/p><blockquote><p>\u00bbIch male, um herauszufinden was ich denke, und was es bedeutet.\u00ab<\/p><\/blockquote><p>Gefkens Arbeiten bewegen sich im Bereich der Malerei, meist \u00d6l auf Leinwand, Papierarbeiten in Mischtechnik, Wandinstallationen sowie in Form von Objektk\u00e4sten. Er besch\u00e4ftigt sich in seinen Arbeiten immer wieder mit dem Thema Erinnerung. Ausgangspunkte sind oft Fotos aus anonymer Provenienz, eigene und mediale Fotos. Durch \u00dcbermalungen und das wieder Freilegen von Schichten entstehen diffuse Bildr\u00e4ume, die oft durch gegenst\u00e4ndliche Setzungen oder Schrift besetzt werden. Zwischen Orientierung und Ungewissheit entsteht ein Bildraum, in dem pers\u00f6nliche Erinnerungen und kollektive Vorstellungen ineinandergreifen.\u00a0<\/p><\/div>\n\t\t\t\t<\/div>\n\t\t\t\t\t\t\t<div class=\"elementor-toggle-item\">\n\t\t\t\t\t<div id=\"elementor-tab-title-2432\" class=\"elementor-tab-title\" data-tab=\"2\" role=\"button\" aria-controls=\"elementor-tab-content-2432\" aria-expanded=\"false\">\n\t\t\t\t\t\t\t\t\t\t\t\t<span class=\"elementor-toggle-icon elementor-toggle-icon-left\" aria-hidden=\"true\">\n\t\t\t\t\t\t\t\t\t\t\t\t\t\t\t<span class=\"elementor-toggle-icon-closed\"><i class=\"fas fa-caret-right\"><\/i><\/span>\n\t\t\t\t\t\t\t\t<span class=\"elementor-toggle-icon-opened\"><i class=\"elementor-toggle-icon-opened fas fa-caret-up\"><\/i><\/span>\n\t\t\t\t\t\t\t\t\t\t\t\t\t<\/span>\n\t\t\t\t\t\t\t\t\t\t\t\t<a class=\"elementor-toggle-title\" tabindex=\"0\">Sibylle Springer<\/a>\n\t\t\t\t\t<\/div>\n\n\t\t\t\t\t<div id=\"elementor-tab-content-2432\" class=\"elementor-tab-content elementor-clearfix\" data-tab=\"2\" role=\"region\" aria-labelledby=\"elementor-tab-title-2432\"><p>Sibylle Springer setzt sich in ihrer Arbeit mit der Rolle und Wahrnehmung der Frau in unserer Gesellschaft auseinander, insbesondere mit der Sichtbarkeit (fast) vergessener K\u00fcnstlerinnen der Kunstgeschichte. In ihren Malereien und textilen Arbeiten thematisiert sie K\u00fcnstlerinnen wie Rachel Ruysch (1664\u20131750) oder die N\u00fcrnberger Schwestern Barbara und Regina Dietzsch (18. Jhd.), indem sie ihre Werke aufgreift, neu interpretiert und in einen zeitgen\u00f6ssischen Kontext setzt.<\/p><p>Neben historischen Bez\u00fcgen reflektiert sie aber auch (Selbst-) Darstellungen von K\u00fcnstlerinnen auf Social Media und thematisiert die medialen Inszenierungen von Pop-Ikonen wie Madonna, Britney Spears oder Taylor Swift. In j\u00fcngeren Arbeiten bricht Springer die traditionelle Leinwand auf, zupft Garne heraus oder \u00fcberf\u00fchrt ihre Bildinhalte in textile Skulpturen, Kleidung (wie Pullover) und Strickarbeiten. Dadurch m\u00f6chte sie Kunst auch au\u00dferhalb des elit\u00e4ren Galeriebetriebs erfahrbar machen.<\/p><\/div>\n\t\t\t\t<\/div>\n\t\t\t\t\t\t\t\t<\/div>\n\t\t\t\t\t\t<\/div>\n\t\t\t\t<\/div>\n\t\t\t\t\t<\/div>\n\t\t<\/div>\n\t\t\t\t\t<\/div>\n\t\t<\/section>\n\t\t\t\t<\/div>","protected":false},"excerpt":{"rendered":"<p>PEPITA Salon \u2013 der Kunsttalk Seit einigen Jahren veranstalten Pia van Nuland und Peter Bernholt ihren PEPITA Salon. Eine Talkshow mit Musik bei der in lockerer Atmosph\u00e4re K\u00fcnstlerInnen \u00fcber Werk und Leben interviewt werden. Normalerweise findet der Salon in ihrem Wohnzimmer statt. Diesmal im gro\u00dfen Theatersaal des Zentrum f\u00fcr Kunst, um den Abend einem gr\u00f6\u00dferen&#8230;<\/p>","protected":false},"featured_media":22136,"template":"","meta":{"_tbt_post_transparent":"","_tbt_post_title":"hide","_tbt_post_layout":"fullwidth","_tbt_post_sidebar_id":"","_tbt_post_content_style":"unboxed","_tbt_post_vertical_padding":"hide","_tbt_post_feature":"hide","_tbt_post_feature_position":"","_tbt_post_header":false,"_tbt_post_footer":false},"kw_event_category":[],"kw_event_thema":[],"class_list":["post-22107","kw-event","type-kw-event","status-publish","has-post-thumbnail","hentry"],"acf":[],"yoast_head":"<!-- This site is optimized with the Yoast SEO plugin v28.4 - https:\/\/yoast.com\/product\/yoast-seo-wordpress\/ -->\n<title>KUNSTGESPR\u00c4CH MIT KLAVIERMUSIK - PEPITA SALON - Zentrum f\u00fcr Kunst<\/title>\n<meta name=\"description\" content=\"Pia E. van Nuland und Peter Bernholt sprechen mit denerfolgreichen Bremer K\u00fcnstler:innen Sibylle Springerund Tom Gefken \u00fcber Kunst.\" \/>\n<meta name=\"robots\" content=\"index, follow, max-snippet:-1, max-image-preview:large, max-video-preview:-1\" \/>\n<link rel=\"canonical\" href=\"https:\/\/zentrum-fuer-kunst.de\/en\/kw-event\/kunstgespraech-mit-klaviermusik-pepita-salon\/\" \/>\n<meta property=\"og:locale\" content=\"en_GB\" \/>\n<meta property=\"og:type\" content=\"article\" \/>\n<meta property=\"og:title\" content=\"KUNSTGESPR\u00c4CH MIT KLAVIERMUSIK - PEPITA SALON - Zentrum f\u00fcr Kunst\" \/>\n<meta property=\"og:description\" content=\"Pia E. van Nuland und Peter Bernholt sprechen mit denerfolgreichen Bremer K\u00fcnstler:innen Sibylle Springerund Tom Gefken \u00fcber Kunst.\" \/>\n<meta property=\"og:url\" content=\"https:\/\/zentrum-fuer-kunst.de\/en\/kw-event\/kunstgespraech-mit-klaviermusik-pepita-salon\/\" \/>\n<meta property=\"og:site_name\" content=\"Zentrum f\u00fcr Kunst\" \/>\n<meta property=\"article:modified_time\" content=\"2026-08-21T11:17:43+00:00\" \/>\n<meta property=\"og:image\" content=\"https:\/\/zentrum-fuer-kunst.de\/wp-content\/uploads\/2026\/08\/PEPITA-Salon-Logo-.jpg\" \/>\n\t<meta property=\"og:image:width\" content=\"1181\" \/>\n\t<meta property=\"og:image:height\" content=\"1101\" \/>\n\t<meta property=\"og:image:type\" content=\"image\/jpeg\" \/>\n<meta name=\"twitter:card\" content=\"summary_large_image\" \/>\n<meta name=\"twitter:label1\" content=\"Estimated reading time\" \/>\n\t<meta name=\"twitter:data1\" content=\"3 minutes\" \/>\n<script type=\"application\/ld+json\" class=\"yoast-schema-graph\">{\"@context\":\"https:\\\/\\\/schema.org\",\"@graph\":[{\"@type\":\"WebPage\",\"@id\":\"https:\\\/\\\/zentrum-fuer-kunst.de\\\/en\\\/kw-event\\\/kunstgespraech-mit-klaviermusik-pepita-salon\\\/\",\"url\":\"https:\\\/\\\/zentrum-fuer-kunst.de\\\/en\\\/kw-event\\\/kunstgespraech-mit-klaviermusik-pepita-salon\\\/\",\"name\":\"KUNSTGESPR\u00c4CH MIT KLAVIERMUSIK - PEPITA SALON - Zentrum f\u00fcr Kunst\",\"isPartOf\":{\"@id\":\"https:\\\/\\\/zentrum-fuer-kunst.de\\\/en\\\/#website\"},\"primaryImageOfPage\":{\"@id\":\"https:\\\/\\\/zentrum-fuer-kunst.de\\\/en\\\/kw-event\\\/kunstgespraech-mit-klaviermusik-pepita-salon\\\/#primaryimage\"},\"image\":{\"@id\":\"https:\\\/\\\/zentrum-fuer-kunst.de\\\/en\\\/kw-event\\\/kunstgespraech-mit-klaviermusik-pepita-salon\\\/#primaryimage\"},\"thumbnailUrl\":\"https:\\\/\\\/zentrum-fuer-kunst.de\\\/wp-content\\\/uploads\\\/2026\\\/08\\\/PEPITA-Salon-Logo-.jpg\",\"datePublished\":\"2026-08-17T14:16:14+00:00\",\"dateModified\":\"2026-08-21T11:17:43+00:00\",\"description\":\"Pia E. van Nuland und Peter Bernholt sprechen mit denerfolgreichen Bremer K\u00fcnstler:innen Sibylle Springerund Tom Gefken \u00fcber Kunst.\",\"breadcrumb\":{\"@id\":\"https:\\\/\\\/zentrum-fuer-kunst.de\\\/en\\\/kw-event\\\/kunstgespraech-mit-klaviermusik-pepita-salon\\\/#breadcrumb\"},\"inLanguage\":\"en-GB\",\"potentialAction\":[{\"@type\":\"ReadAction\",\"target\":[\"https:\\\/\\\/zentrum-fuer-kunst.de\\\/en\\\/kw-event\\\/kunstgespraech-mit-klaviermusik-pepita-salon\\\/\"]}]},{\"@type\":\"ImageObject\",\"inLanguage\":\"en-GB\",\"@id\":\"https:\\\/\\\/zentrum-fuer-kunst.de\\\/en\\\/kw-event\\\/kunstgespraech-mit-klaviermusik-pepita-salon\\\/#primaryimage\",\"url\":\"https:\\\/\\\/zentrum-fuer-kunst.de\\\/wp-content\\\/uploads\\\/2026\\\/08\\\/PEPITA-Salon-Logo-.jpg\",\"contentUrl\":\"https:\\\/\\\/zentrum-fuer-kunst.de\\\/wp-content\\\/uploads\\\/2026\\\/08\\\/PEPITA-Salon-Logo-.jpg\",\"width\":1181,\"height\":1101,\"caption\":\"Foto: PEPITA Salon\"},{\"@type\":\"BreadcrumbList\",\"@id\":\"https:\\\/\\\/zentrum-fuer-kunst.de\\\/en\\\/kw-event\\\/kunstgespraech-mit-klaviermusik-pepita-salon\\\/#breadcrumb\",\"itemListElement\":[{\"@type\":\"ListItem\",\"position\":1,\"name\":\"zfk events\",\"item\":\"https:\\\/\\\/zentrum-fuer-kunst.de\\\/kw-event\\\/\"},{\"@type\":\"ListItem\",\"position\":2,\"name\":\"KUNSTGESPR\u00c4CH MIT KLAVIERMUSIK &#8211; PEPITA SALON\"}]},{\"@type\":\"WebSite\",\"@id\":\"https:\\\/\\\/zentrum-fuer-kunst.de\\\/en\\\/#website\",\"url\":\"https:\\\/\\\/zentrum-fuer-kunst.de\\\/en\\\/\",\"name\":\"Zentrum f\u00fcr Kunst\",\"description\":\"B\u00fchnen und Ateliers f\u00fcr die Freie Kunst-Szene Bremen.\",\"publisher\":{\"@id\":\"https:\\\/\\\/zentrum-fuer-kunst.de\\\/en\\\/#organization\"},\"potentialAction\":[{\"@type\":\"SearchAction\",\"target\":{\"@type\":\"EntryPoint\",\"urlTemplate\":\"https:\\\/\\\/zentrum-fuer-kunst.de\\\/en\\\/?s={search_term_string}\"},\"query-input\":{\"@type\":\"PropertyValueSpecification\",\"valueRequired\":true,\"valueName\":\"search_term_string\"}}],\"inLanguage\":\"en-GB\"},{\"@type\":\"Organization\",\"@id\":\"https:\\\/\\\/zentrum-fuer-kunst.de\\\/en\\\/#organization\",\"name\":\"Zentrum f\u00fcr Kunst\",\"url\":\"https:\\\/\\\/zentrum-fuer-kunst.de\\\/en\\\/\",\"logo\":{\"@type\":\"ImageObject\",\"inLanguage\":\"en-GB\",\"@id\":\"https:\\\/\\\/zentrum-fuer-kunst.de\\\/en\\\/#\\\/schema\\\/logo\\\/image\\\/\",\"url\":\"https:\\\/\\\/zentrum-fuer-kunst.de\\\/wp-content\\\/uploads\\\/2023\\\/07\\\/cropped-Logo_Zentrum_fuer_Kunst_weiss-2.png\",\"contentUrl\":\"https:\\\/\\\/zentrum-fuer-kunst.de\\\/wp-content\\\/uploads\\\/2023\\\/07\\\/cropped-Logo_Zentrum_fuer_Kunst_weiss-2.png\",\"width\":767,\"height\":290,\"caption\":\"Zentrum f\u00fcr Kunst\"},\"image\":{\"@id\":\"https:\\\/\\\/zentrum-fuer-kunst.de\\\/en\\\/#\\\/schema\\\/logo\\\/image\\\/\"}}]}<\/script>\n<!-- \/ Yoast SEO plugin. -->","yoast_head_json":{"title":"KUNSTGESPR\u00c4CH MIT KLAVIERMUSIK - PEPITA SALON - Zentrum f\u00fcr Kunst","description":"Pia E. van Nuland und Peter Bernholt sprechen mit denerfolgreichen Bremer K\u00fcnstler:innen Sibylle Springerund Tom Gefken \u00fcber Kunst.","robots":{"index":"index","follow":"follow","max-snippet":"max-snippet:-1","max-image-preview":"max-image-preview:large","max-video-preview":"max-video-preview:-1"},"canonical":"https:\/\/zentrum-fuer-kunst.de\/en\/kw-event\/kunstgespraech-mit-klaviermusik-pepita-salon\/","og_locale":"en_GB","og_type":"article","og_title":"KUNSTGESPR\u00c4CH MIT KLAVIERMUSIK - PEPITA SALON - Zentrum f\u00fcr Kunst","og_description":"Pia E. van Nuland und Peter Bernholt sprechen mit denerfolgreichen Bremer K\u00fcnstler:innen Sibylle Springerund Tom Gefken \u00fcber Kunst.","og_url":"https:\/\/zentrum-fuer-kunst.de\/en\/kw-event\/kunstgespraech-mit-klaviermusik-pepita-salon\/","og_site_name":"Zentrum f\u00fcr Kunst","article_modified_time":"2026-08-21T11:17:43+00:00","og_image":[{"width":1181,"height":1101,"url":"https:\/\/zentrum-fuer-kunst.de\/wp-content\/uploads\/2026\/08\/PEPITA-Salon-Logo-.jpg","type":"image\/jpeg"}],"twitter_card":"summary_large_image","twitter_misc":{"Estimated reading time":"3 minutes"},"schema":{"@context":"https:\/\/schema.org","@graph":[{"@type":"WebPage","@id":"https:\/\/zentrum-fuer-kunst.de\/en\/kw-event\/kunstgespraech-mit-klaviermusik-pepita-salon\/","url":"https:\/\/zentrum-fuer-kunst.de\/en\/kw-event\/kunstgespraech-mit-klaviermusik-pepita-salon\/","name":"KUNSTGESPR\u00c4CH MIT KLAVIERMUSIK - PEPITA SALON - Zentrum f\u00fcr Kunst","isPartOf":{"@id":"https:\/\/zentrum-fuer-kunst.de\/en\/#website"},"primaryImageOfPage":{"@id":"https:\/\/zentrum-fuer-kunst.de\/en\/kw-event\/kunstgespraech-mit-klaviermusik-pepita-salon\/#primaryimage"},"image":{"@id":"https:\/\/zentrum-fuer-kunst.de\/en\/kw-event\/kunstgespraech-mit-klaviermusik-pepita-salon\/#primaryimage"},"thumbnailUrl":"https:\/\/zentrum-fuer-kunst.de\/wp-content\/uploads\/2026\/08\/PEPITA-Salon-Logo-.jpg","datePublished":"2026-08-17T14:16:14+00:00","dateModified":"2026-08-21T11:17:43+00:00","description":"Pia E. van Nuland und Peter Bernholt sprechen mit denerfolgreichen Bremer K\u00fcnstler:innen Sibylle Springerund Tom Gefken \u00fcber Kunst.","breadcrumb":{"@id":"https:\/\/zentrum-fuer-kunst.de\/en\/kw-event\/kunstgespraech-mit-klaviermusik-pepita-salon\/#breadcrumb"},"inLanguage":"en-GB","potentialAction":[{"@type":"ReadAction","target":["https:\/\/zentrum-fuer-kunst.de\/en\/kw-event\/kunstgespraech-mit-klaviermusik-pepita-salon\/"]}]},{"@type":"ImageObject","inLanguage":"en-GB","@id":"https:\/\/zentrum-fuer-kunst.de\/en\/kw-event\/kunstgespraech-mit-klaviermusik-pepita-salon\/#primaryimage","url":"https:\/\/zentrum-fuer-kunst.de\/wp-content\/uploads\/2026\/08\/PEPITA-Salon-Logo-.jpg","contentUrl":"https:\/\/zentrum-fuer-kunst.de\/wp-content\/uploads\/2026\/08\/PEPITA-Salon-Logo-.jpg","width":1181,"height":1101,"caption":"Foto: PEPITA Salon"},{"@type":"BreadcrumbList","@id":"https:\/\/zentrum-fuer-kunst.de\/en\/kw-event\/kunstgespraech-mit-klaviermusik-pepita-salon\/#breadcrumb","itemListElement":[{"@type":"ListItem","position":1,"name":"zfk events","item":"https:\/\/zentrum-fuer-kunst.de\/kw-event\/"},{"@type":"ListItem","position":2,"name":"KUNSTGESPR\u00c4CH MIT KLAVIERMUSIK &#8211; PEPITA SALON"}]},{"@type":"WebSite","@id":"https:\/\/zentrum-fuer-kunst.de\/en\/#website","url":"https:\/\/zentrum-fuer-kunst.de\/en\/","name":"Zentrum f\u00fcr Kunst","description":"B\u00fchnen und Ateliers f\u00fcr die Freie Kunst-Szene Bremen.","publisher":{"@id":"https:\/\/zentrum-fuer-kunst.de\/en\/#organization"},"potentialAction":[{"@type":"SearchAction","target":{"@type":"EntryPoint","urlTemplate":"https:\/\/zentrum-fuer-kunst.de\/en\/?s={search_term_string}"},"query-input":{"@type":"PropertyValueSpecification","valueRequired":true,"valueName":"search_term_string"}}],"inLanguage":"en-GB"},{"@type":"Organization","@id":"https:\/\/zentrum-fuer-kunst.de\/en\/#organization","name":"Zentrum f\u00fcr Kunst","url":"https:\/\/zentrum-fuer-kunst.de\/en\/","logo":{"@type":"ImageObject","inLanguage":"en-GB","@id":"https:\/\/zentrum-fuer-kunst.de\/en\/#\/schema\/logo\/image\/","url":"https:\/\/zentrum-fuer-kunst.de\/wp-content\/uploads\/2023\/07\/cropped-Logo_Zentrum_fuer_Kunst_weiss-2.png","contentUrl":"https:\/\/zentrum-fuer-kunst.de\/wp-content\/uploads\/2023\/07\/cropped-Logo_Zentrum_fuer_Kunst_weiss-2.png","width":767,"height":290,"caption":"Zentrum f\u00fcr Kunst"},"image":{"@id":"https:\/\/zentrum-fuer-kunst.de\/en\/#\/schema\/logo\/image\/"}}]}},"_links":{"self":[{"href":"https:\/\/zentrum-fuer-kunst.de\/en\/wp-json\/wp\/v2\/kw-event\/22107","targetHints":{"allow":["GET"]}}],"collection":[{"href":"https:\/\/zentrum-fuer-kunst.de\/en\/wp-json\/wp\/v2\/kw-event"}],"about":[{"href":"https:\/\/zentrum-fuer-kunst.de\/en\/wp-json\/wp\/v2\/types\/kw-event"}],"version-history":[{"count":20,"href":"https:\/\/zentrum-fuer-kunst.de\/en\/wp-json\/wp\/v2\/kw-event\/22107\/revisions"}],"predecessor-version":[{"id":22175,"href":"https:\/\/zentrum-fuer-kunst.de\/en\/wp-json\/wp\/v2\/kw-event\/22107\/revisions\/22175"}],"wp:featuredmedia":[{"embeddable":true,"href":"https:\/\/zentrum-fuer-kunst.de\/en\/wp-json\/wp\/v2\/media\/22136"}],"wp:attachment":[{"href":"https:\/\/zentrum-fuer-kunst.de\/en\/wp-json\/wp\/v2\/media?parent=22107"}],"wp:term":[{"taxonomy":"kw_event_category","embeddable":true,"href":"https:\/\/zentrum-fuer-kunst.de\/en\/wp-json\/wp\/v2\/kw_event_category?post=22107"},{"taxonomy":"kw_event_thema","embeddable":true,"href":"https:\/\/zentrum-fuer-kunst.de\/en\/wp-json\/wp\/v2\/kw_event_thema?post=22107"}],"curies":[{"name":"wp","href":"https:\/\/api.w.org\/{rel}","templated":true}]}}