{"id":22228,"date":"2026-08-27T14:05:15","date_gmt":"2026-08-27T12:05:15","guid":{"rendered":"https:\/\/zentrum-fuer-kunst.de\/?post_type=kw-event&#038;p=22228"},"modified":"2026-08-27T14:14:51","modified_gmt":"2026-08-27T12:14:51","slug":"aalloise-und-die-supermafioese-glasaalmafia","status":"publish","type":"kw-event","link":"https:\/\/zentrum-fuer-kunst.de\/en\/kw-event\/aalloise-und-die-supermafioese-glasaalmafia\/","title":{"rendered":"Aalloise und die supermafi\u00f6se Glasaalmafia"},"content":{"rendered":"<div data-elementor-type=\"wp-post\" data-elementor-id=\"22228\" class=\"elementor elementor-22228\" data-elementor-post-type=\"kw-event\">\n\t\t\t\t\t\t<section class=\"elementor-section elementor-top-section elementor-element elementor-element-860eb85 elementor-section-boxed elementor-section-height-default elementor-section-height-default\" data-id=\"860eb85\" data-element_type=\"section\" data-e-type=\"section\">\n\t\t\t\t\t\t<div class=\"elementor-container elementor-column-gap-default\">\n\t\t\t\t\t<div class=\"elementor-column elementor-col-100 elementor-top-column elementor-element elementor-element-e96a31f\" data-id=\"e96a31f\" data-element_type=\"column\" data-e-type=\"column\">\n\t\t\t<div class=\"elementor-widget-wrap elementor-element-populated\">\n\t\t\t\t\t\t<div class=\"elementor-element elementor-element-2581fe9 elementor-widget elementor-widget-text-editor\" data-id=\"2581fe9\" data-element_type=\"widget\" data-e-type=\"widget\" data-widget_type=\"text-editor.default\">\n\t\t\t\t<div class=\"elementor-widget-container\">\n\t\t\t\t\t\t\t\t\t<p>Wusstest du, dass der illegale Handel mit Aal-Jungtieren \u2013 man nennt sie Glasaale \u2013 laut Europol eines der gr\u00f6\u00dften Wildtierverbrechen weltweit ist? Begleite die Fischkinder Aaloise und Stichly auf ihrer abenteuerlichen Suche nach ihrem Freund Caali, der pl\u00f6tzlich verschwunden ist\u2026<\/p><p>Von und mit<strong> Rebecca Junghans<\/strong>, <strong>Pia Kr\u00f6ll<\/strong> und <strong>Katherina<\/strong><br \/><strong>Sattler.<\/strong><\/p><p><br \/>F\u00fcr Kinder ab 8 Jahren.<br \/>Eintritt: 10,-\/ 5,- Euro<\/p><p>\u00a0<\/p><p>\u00a0<\/p><p>Kooperation mit dem NABU Bremen e.V.<br \/>Gef\u00f6rdert durch: BINGO Umweltstiftung, Ortsamt Neustadt\/Woltmershausen, Volksbank Stiftung, Stiftung Gr\u00fcnes Forsthaus<\/p>\t\t\t\t\t\t\t\t<\/div>\n\t\t\t\t<\/div>\n\t\t\t\t\t<\/div>\n\t\t<\/div>\n\t\t\t\t\t<\/div>\n\t\t<\/section>\n\t\t\t\t<section class=\"elementor-section elementor-top-section elementor-element elementor-element-859b991 elementor-section-boxed elementor-section-height-default elementor-section-height-default\" data-id=\"859b991\" data-element_type=\"section\" data-e-type=\"section\">\n\t\t\t\t\t\t<div class=\"elementor-container elementor-column-gap-default\">\n\t\t\t\t\t<div class=\"elementor-column elementor-col-100 elementor-top-column elementor-element elementor-element-0ef70f5\" data-id=\"0ef70f5\" data-element_type=\"column\" data-e-type=\"column\">\n\t\t\t<div class=\"elementor-widget-wrap elementor-element-populated\">\n\t\t\t\t\t\t<div class=\"elementor-element elementor-element-a78faf3 elementor-widget elementor-widget-button\" data-id=\"a78faf3\" data-element_type=\"widget\" data-e-type=\"widget\" data-widget_type=\"button.default\">\n\t\t\t\t<div class=\"elementor-widget-container\">\n\t\t\t\t\t\t\t\t\t<div class=\"elementor-button-wrapper\">\n\t\t\t\t\t<a class=\"elementor-button elementor-button-link elementor-size-sm\" href=\"https:\/\/www.nordwest-ticket.de\/thema\/zentrum-fuer-kunst\" target=\"_blank\">\n\t\t\t\t\t\t<span class=\"elementor-button-content-wrapper\">\n\t\t\t\t\t\t<span class=\"elementor-button-icon\">\n\t\t\t\t<i aria-hidden=\"true\" class=\"fas fa-ticket-alt\"><\/i>\t\t\t<\/span>\n\t\t\t\t\t\t\t\t\t<span class=\"elementor-button-text\">Tickets Hier<\/span>\n\t\t\t\t\t<\/span>\n\t\t\t\t\t<\/a>\n\t\t\t\t<\/div>\n\t\t\t\t\t\t\t\t<\/div>\n\t\t\t\t<\/div>\n\t\t\t\t\t<\/div>\n\t\t<\/div>\n\t\t\t\t\t<\/div>\n\t\t<\/section>\n\t\t\t\t<\/div>","protected":false},"excerpt":{"rendered":"<p>Wusstest du, dass der illegale Handel mit Aal-Jungtieren \u2013 man nennt sie Glasaale \u2013 laut Europol eines der gr\u00f6\u00dften Wildtierverbrechen weltweit ist? Begleite die Fischkinder Aaloise und Stichly auf ihrer abenteuerlichen Suche nach ihrem Freund Caali, der pl\u00f6tzlich verschwunden ist\u2026 Von und mit Rebecca Junghans, Pia Kr\u00f6ll und KatherinaSattler. F\u00fcr Kinder ab 8 Jahren.Eintritt: 10,-\/&#8230;<\/p>","protected":false},"featured_media":22229,"template":"","meta":{"_tbt_post_transparent":"","_tbt_post_title":"hide","_tbt_post_layout":"fullwidth","_tbt_post_sidebar_id":"","_tbt_post_content_style":"unboxed","_tbt_post_vertical_padding":"hide","_tbt_post_feature":"hide","_tbt_post_feature_position":"","_tbt_post_header":false,"_tbt_post_footer":false},"kw_event_category":[],"kw_event_thema":[],"class_list":["post-22228","kw-event","type-kw-event","status-publish","has-post-thumbnail","hentry"],"acf":[],"yoast_head":"<!-- This site is optimized with the Yoast SEO plugin v28.4 - https:\/\/yoast.com\/product\/yoast-seo-wordpress\/ -->\n<title>Aalloise und die supermafi\u00f6se Glasaalmafia - Zentrum f\u00fcr Kunst<\/title>\n<meta name=\"description\" content=\"EIN DETEKTIVISCHES THEATER-LIVE-H\u00d6RSPIEL Pl\u00f6tzlich verschwindet Caali - die Fischkinder Aaloise und Stichly suchen ihren Freund.\" \/>\n<meta name=\"robots\" content=\"index, follow, max-snippet:-1, max-image-preview:large, max-video-preview:-1\" \/>\n<link rel=\"canonical\" href=\"https:\/\/zentrum-fuer-kunst.de\/en\/kw-event\/aalloise-und-die-supermafioese-glasaalmafia\/\" \/>\n<meta property=\"og:locale\" content=\"en_GB\" \/>\n<meta property=\"og:type\" content=\"article\" \/>\n<meta property=\"og:title\" content=\"Aalloise und die supermafi\u00f6se Glasaalmafia - Zentrum f\u00fcr Kunst\" \/>\n<meta property=\"og:description\" content=\"EIN DETEKTIVISCHES THEATER-LIVE-H\u00d6RSPIEL Pl\u00f6tzlich verschwindet Caali - die Fischkinder Aaloise und Stichly suchen ihren Freund.\" \/>\n<meta property=\"og:url\" content=\"https:\/\/zentrum-fuer-kunst.de\/en\/kw-event\/aalloise-und-die-supermafioese-glasaalmafia\/\" \/>\n<meta property=\"og:site_name\" content=\"Zentrum f\u00fcr Kunst\" \/>\n<meta property=\"article:modified_time\" content=\"2026-08-27T12:14:51+00:00\" \/>\n<meta property=\"og:image\" content=\"https:\/\/zentrum-fuer-kunst.de\/wp-content\/uploads\/2026\/08\/Aaloise-und-die-Glasaalmafia_Live-Hoerspiel-fuer-Kinder-ab-8-Jahren_Foto-Manja-Herrmann.jpg\" \/>\n\t<meta property=\"og:image:width\" content=\"1772\" \/>\n\t<meta property=\"og:image:height\" content=\"1179\" \/>\n\t<meta property=\"og:image:type\" content=\"image\/jpeg\" \/>\n<meta name=\"twitter:card\" content=\"summary_large_image\" \/>\n<meta name=\"twitter:label1\" content=\"Estimated reading time\" \/>\n\t<meta name=\"twitter:data1\" content=\"1 minute\" \/>\n<script type=\"application\/ld+json\" class=\"yoast-schema-graph\">{\"@context\":\"https:\\\/\\\/schema.org\",\"@graph\":[{\"@type\":\"WebPage\",\"@id\":\"https:\\\/\\\/zentrum-fuer-kunst.de\\\/en\\\/kw-event\\\/aalloise-und-die-supermafioese-glasaalmafia\\\/\",\"url\":\"https:\\\/\\\/zentrum-fuer-kunst.de\\\/en\\\/kw-event\\\/aalloise-und-die-supermafioese-glasaalmafia\\\/\",\"name\":\"Aalloise und die supermafi\u00f6se Glasaalmafia - Zentrum f\u00fcr Kunst\",\"isPartOf\":{\"@id\":\"https:\\\/\\\/zentrum-fuer-kunst.de\\\/en\\\/#website\"},\"primaryImageOfPage\":{\"@id\":\"https:\\\/\\\/zentrum-fuer-kunst.de\\\/en\\\/kw-event\\\/aalloise-und-die-supermafioese-glasaalmafia\\\/#primaryimage\"},\"image\":{\"@id\":\"https:\\\/\\\/zentrum-fuer-kunst.de\\\/en\\\/kw-event\\\/aalloise-und-die-supermafioese-glasaalmafia\\\/#primaryimage\"},\"thumbnailUrl\":\"https:\\\/\\\/zentrum-fuer-kunst.de\\\/wp-content\\\/uploads\\\/2026\\\/08\\\/Aaloise-und-die-Glasaalmafia_Live-Hoerspiel-fuer-Kinder-ab-8-Jahren_Foto-Manja-Herrmann.jpg\",\"datePublished\":\"2026-08-27T12:05:15+00:00\",\"dateModified\":\"2026-08-27T12:14:51+00:00\",\"description\":\"EIN DETEKTIVISCHES THEATER-LIVE-H\u00d6RSPIEL Pl\u00f6tzlich verschwindet Caali - die Fischkinder Aaloise und Stichly suchen ihren Freund.\",\"breadcrumb\":{\"@id\":\"https:\\\/\\\/zentrum-fuer-kunst.de\\\/en\\\/kw-event\\\/aalloise-und-die-supermafioese-glasaalmafia\\\/#breadcrumb\"},\"inLanguage\":\"en-GB\",\"potentialAction\":[{\"@type\":\"ReadAction\",\"target\":[\"https:\\\/\\\/zentrum-fuer-kunst.de\\\/en\\\/kw-event\\\/aalloise-und-die-supermafioese-glasaalmafia\\\/\"]}]},{\"@type\":\"ImageObject\",\"inLanguage\":\"en-GB\",\"@id\":\"https:\\\/\\\/zentrum-fuer-kunst.de\\\/en\\\/kw-event\\\/aalloise-und-die-supermafioese-glasaalmafia\\\/#primaryimage\",\"url\":\"https:\\\/\\\/zentrum-fuer-kunst.de\\\/wp-content\\\/uploads\\\/2026\\\/08\\\/Aaloise-und-die-Glasaalmafia_Live-Hoerspiel-fuer-Kinder-ab-8-Jahren_Foto-Manja-Herrmann.jpg\",\"contentUrl\":\"https:\\\/\\\/zentrum-fuer-kunst.de\\\/wp-content\\\/uploads\\\/2026\\\/08\\\/Aaloise-und-die-Glasaalmafia_Live-Hoerspiel-fuer-Kinder-ab-8-Jahren_Foto-Manja-Herrmann.jpg\",\"width\":1772,\"height\":1179,\"caption\":\"Foto: Manja Herrmann\"},{\"@type\":\"BreadcrumbList\",\"@id\":\"https:\\\/\\\/zentrum-fuer-kunst.de\\\/en\\\/kw-event\\\/aalloise-und-die-supermafioese-glasaalmafia\\\/#breadcrumb\",\"itemListElement\":[{\"@type\":\"ListItem\",\"position\":1,\"name\":\"zfk events\",\"item\":\"https:\\\/\\\/zentrum-fuer-kunst.de\\\/kw-event\\\/\"},{\"@type\":\"ListItem\",\"position\":2,\"name\":\"Aalloise und die supermafi\u00f6se Glasaalmafia\"}]},{\"@type\":\"WebSite\",\"@id\":\"https:\\\/\\\/zentrum-fuer-kunst.de\\\/en\\\/#website\",\"url\":\"https:\\\/\\\/zentrum-fuer-kunst.de\\\/en\\\/\",\"name\":\"Zentrum f\u00fcr Kunst\",\"description\":\"B\u00fchnen und Ateliers f\u00fcr die Freie Kunst-Szene Bremen.\",\"publisher\":{\"@id\":\"https:\\\/\\\/zentrum-fuer-kunst.de\\\/en\\\/#organization\"},\"potentialAction\":[{\"@type\":\"SearchAction\",\"target\":{\"@type\":\"EntryPoint\",\"urlTemplate\":\"https:\\\/\\\/zentrum-fuer-kunst.de\\\/en\\\/?s={search_term_string}\"},\"query-input\":{\"@type\":\"PropertyValueSpecification\",\"valueRequired\":true,\"valueName\":\"search_term_string\"}}],\"inLanguage\":\"en-GB\"},{\"@type\":\"Organization\",\"@id\":\"https:\\\/\\\/zentrum-fuer-kunst.de\\\/en\\\/#organization\",\"name\":\"Zentrum f\u00fcr Kunst\",\"url\":\"https:\\\/\\\/zentrum-fuer-kunst.de\\\/en\\\/\",\"logo\":{\"@type\":\"ImageObject\",\"inLanguage\":\"en-GB\",\"@id\":\"https:\\\/\\\/zentrum-fuer-kunst.de\\\/en\\\/#\\\/schema\\\/logo\\\/image\\\/\",\"url\":\"https:\\\/\\\/zentrum-fuer-kunst.de\\\/wp-content\\\/uploads\\\/2023\\\/07\\\/cropped-Logo_Zentrum_fuer_Kunst_weiss-2.png\",\"contentUrl\":\"https:\\\/\\\/zentrum-fuer-kunst.de\\\/wp-content\\\/uploads\\\/2023\\\/07\\\/cropped-Logo_Zentrum_fuer_Kunst_weiss-2.png\",\"width\":767,\"height\":290,\"caption\":\"Zentrum f\u00fcr Kunst\"},\"image\":{\"@id\":\"https:\\\/\\\/zentrum-fuer-kunst.de\\\/en\\\/#\\\/schema\\\/logo\\\/image\\\/\"}}]}<\/script>\n<!-- \/ Yoast SEO plugin. -->","yoast_head_json":{"title":"Aalloise und die supermafi\u00f6se Glasaalmafia - Zentrum f\u00fcr Kunst","description":"EIN DETEKTIVISCHES THEATER-LIVE-H\u00d6RSPIEL Pl\u00f6tzlich verschwindet Caali - die Fischkinder Aaloise und Stichly suchen ihren Freund.","robots":{"index":"index","follow":"follow","max-snippet":"max-snippet:-1","max-image-preview":"max-image-preview:large","max-video-preview":"max-video-preview:-1"},"canonical":"https:\/\/zentrum-fuer-kunst.de\/en\/kw-event\/aalloise-und-die-supermafioese-glasaalmafia\/","og_locale":"en_GB","og_type":"article","og_title":"Aalloise und die supermafi\u00f6se Glasaalmafia - Zentrum f\u00fcr Kunst","og_description":"EIN DETEKTIVISCHES THEATER-LIVE-H\u00d6RSPIEL Pl\u00f6tzlich verschwindet Caali - die Fischkinder Aaloise und Stichly suchen ihren Freund.","og_url":"https:\/\/zentrum-fuer-kunst.de\/en\/kw-event\/aalloise-und-die-supermafioese-glasaalmafia\/","og_site_name":"Zentrum f\u00fcr Kunst","article_modified_time":"2026-08-27T12:14:51+00:00","og_image":[{"width":1772,"height":1179,"url":"https:\/\/zentrum-fuer-kunst.de\/wp-content\/uploads\/2026\/08\/Aaloise-und-die-Glasaalmafia_Live-Hoerspiel-fuer-Kinder-ab-8-Jahren_Foto-Manja-Herrmann.jpg","type":"image\/jpeg"}],"twitter_card":"summary_large_image","twitter_misc":{"Estimated reading time":"1 minute"},"schema":{"@context":"https:\/\/schema.org","@graph":[{"@type":"WebPage","@id":"https:\/\/zentrum-fuer-kunst.de\/en\/kw-event\/aalloise-und-die-supermafioese-glasaalmafia\/","url":"https:\/\/zentrum-fuer-kunst.de\/en\/kw-event\/aalloise-und-die-supermafioese-glasaalmafia\/","name":"Aalloise und die supermafi\u00f6se Glasaalmafia - Zentrum f\u00fcr Kunst","isPartOf":{"@id":"https:\/\/zentrum-fuer-kunst.de\/en\/#website"},"primaryImageOfPage":{"@id":"https:\/\/zentrum-fuer-kunst.de\/en\/kw-event\/aalloise-und-die-supermafioese-glasaalmafia\/#primaryimage"},"image":{"@id":"https:\/\/zentrum-fuer-kunst.de\/en\/kw-event\/aalloise-und-die-supermafioese-glasaalmafia\/#primaryimage"},"thumbnailUrl":"https:\/\/zentrum-fuer-kunst.de\/wp-content\/uploads\/2026\/08\/Aaloise-und-die-Glasaalmafia_Live-Hoerspiel-fuer-Kinder-ab-8-Jahren_Foto-Manja-Herrmann.jpg","datePublished":"2026-08-27T12:05:15+00:00","dateModified":"2026-08-27T12:14:51+00:00","description":"EIN DETEKTIVISCHES THEATER-LIVE-H\u00d6RSPIEL Pl\u00f6tzlich verschwindet Caali - die Fischkinder Aaloise und Stichly suchen ihren Freund.","breadcrumb":{"@id":"https:\/\/zentrum-fuer-kunst.de\/en\/kw-event\/aalloise-und-die-supermafioese-glasaalmafia\/#breadcrumb"},"inLanguage":"en-GB","potentialAction":[{"@type":"ReadAction","target":["https:\/\/zentrum-fuer-kunst.de\/en\/kw-event\/aalloise-und-die-supermafioese-glasaalmafia\/"]}]},{"@type":"ImageObject","inLanguage":"en-GB","@id":"https:\/\/zentrum-fuer-kunst.de\/en\/kw-event\/aalloise-und-die-supermafioese-glasaalmafia\/#primaryimage","url":"https:\/\/zentrum-fuer-kunst.de\/wp-content\/uploads\/2026\/08\/Aaloise-und-die-Glasaalmafia_Live-Hoerspiel-fuer-Kinder-ab-8-Jahren_Foto-Manja-Herrmann.jpg","contentUrl":"https:\/\/zentrum-fuer-kunst.de\/wp-content\/uploads\/2026\/08\/Aaloise-und-die-Glasaalmafia_Live-Hoerspiel-fuer-Kinder-ab-8-Jahren_Foto-Manja-Herrmann.jpg","width":1772,"height":1179,"caption":"Foto: Manja Herrmann"},{"@type":"BreadcrumbList","@id":"https:\/\/zentrum-fuer-kunst.de\/en\/kw-event\/aalloise-und-die-supermafioese-glasaalmafia\/#breadcrumb","itemListElement":[{"@type":"ListItem","position":1,"name":"zfk events","item":"https:\/\/zentrum-fuer-kunst.de\/kw-event\/"},{"@type":"ListItem","position":2,"name":"Aalloise und die supermafi\u00f6se Glasaalmafia"}]},{"@type":"WebSite","@id":"https:\/\/zentrum-fuer-kunst.de\/en\/#website","url":"https:\/\/zentrum-fuer-kunst.de\/en\/","name":"Zentrum f\u00fcr Kunst","description":"B\u00fchnen und Ateliers f\u00fcr die Freie Kunst-Szene Bremen.","publisher":{"@id":"https:\/\/zentrum-fuer-kunst.de\/en\/#organization"},"potentialAction":[{"@type":"SearchAction","target":{"@type":"EntryPoint","urlTemplate":"https:\/\/zentrum-fuer-kunst.de\/en\/?s={search_term_string}"},"query-input":{"@type":"PropertyValueSpecification","valueRequired":true,"valueName":"search_term_string"}}],"inLanguage":"en-GB"},{"@type":"Organization","@id":"https:\/\/zentrum-fuer-kunst.de\/en\/#organization","name":"Zentrum f\u00fcr Kunst","url":"https:\/\/zentrum-fuer-kunst.de\/en\/","logo":{"@type":"ImageObject","inLanguage":"en-GB","@id":"https:\/\/zentrum-fuer-kunst.de\/en\/#\/schema\/logo\/image\/","url":"https:\/\/zentrum-fuer-kunst.de\/wp-content\/uploads\/2023\/07\/cropped-Logo_Zentrum_fuer_Kunst_weiss-2.png","contentUrl":"https:\/\/zentrum-fuer-kunst.de\/wp-content\/uploads\/2023\/07\/cropped-Logo_Zentrum_fuer_Kunst_weiss-2.png","width":767,"height":290,"caption":"Zentrum f\u00fcr Kunst"},"image":{"@id":"https:\/\/zentrum-fuer-kunst.de\/en\/#\/schema\/logo\/image\/"}}]}},"_links":{"self":[{"href":"https:\/\/zentrum-fuer-kunst.de\/en\/wp-json\/wp\/v2\/kw-event\/22228","targetHints":{"allow":["GET"]}}],"collection":[{"href":"https:\/\/zentrum-fuer-kunst.de\/en\/wp-json\/wp\/v2\/kw-event"}],"about":[{"href":"https:\/\/zentrum-fuer-kunst.de\/en\/wp-json\/wp\/v2\/types\/kw-event"}],"version-history":[{"count":7,"href":"https:\/\/zentrum-fuer-kunst.de\/en\/wp-json\/wp\/v2\/kw-event\/22228\/revisions"}],"predecessor-version":[{"id":22238,"href":"https:\/\/zentrum-fuer-kunst.de\/en\/wp-json\/wp\/v2\/kw-event\/22228\/revisions\/22238"}],"wp:featuredmedia":[{"embeddable":true,"href":"https:\/\/zentrum-fuer-kunst.de\/en\/wp-json\/wp\/v2\/media\/22229"}],"wp:attachment":[{"href":"https:\/\/zentrum-fuer-kunst.de\/en\/wp-json\/wp\/v2\/media?parent=22228"}],"wp:term":[{"taxonomy":"kw_event_category","embeddable":true,"href":"https:\/\/zentrum-fuer-kunst.de\/en\/wp-json\/wp\/v2\/kw_event_category?post=22228"},{"taxonomy":"kw_event_thema","embeddable":true,"href":"https:\/\/zentrum-fuer-kunst.de\/en\/wp-json\/wp\/v2\/kw_event_thema?post=22228"}],"curies":[{"name":"wp","href":"https:\/\/api.w.org\/{rel}","templated":true}]}}