{"id":18050,"date":"2025-07-06T20:51:54","date_gmt":"2025-07-06T18:51:54","guid":{"rendered":"https:\/\/zentrum-fuer-kunst.de\/?page_id=18050"},"modified":"2025-07-17T16:25:03","modified_gmt":"2025-07-17T14:25:03","slug":"events","status":"publish","type":"page","link":"https:\/\/zentrum-fuer-kunst.de\/en\/events\/","title":{"rendered":"*EVENTS"},"content":{"rendered":"<div data-elementor-type=\"wp-page\" data-elementor-id=\"18050\" class=\"elementor elementor-18050\" data-elementor-post-type=\"page\">\n\t\t\t\t\t\t<section class=\"elementor-section elementor-top-section elementor-element elementor-element-978eb5c elementor-section-boxed elementor-section-height-default elementor-section-height-default\" data-id=\"978eb5c\" data-element_type=\"section\" data-e-type=\"section\">\n\t\t\t\t\t\t<div class=\"elementor-container elementor-column-gap-default\">\n\t\t\t\t\t<div class=\"elementor-column elementor-col-100 elementor-top-column elementor-element elementor-element-e6278d4\" data-id=\"e6278d4\" data-element_type=\"column\" data-e-type=\"column\">\n\t\t\t<div class=\"elementor-widget-wrap elementor-element-populated\">\n\t\t\t\t\t\t<div class=\"elementor-element elementor-element-8cf0c8e elementor-widget elementor-widget-heading\" data-id=\"8cf0c8e\" data-element_type=\"widget\" data-e-type=\"widget\" data-widget_type=\"heading.default\">\n\t\t\t\t<div class=\"elementor-widget-container\">\n\t\t\t\t\t<h2 class=\"elementor-heading-title elementor-size-default\">Events<\/h2>\t\t\t\t<\/div>\n\t\t\t\t<\/div>\n\t\t\t\t\t<\/div>\n\t\t<\/div>\n\t\t\t\t\t<\/div>\n\t\t<\/section>\n\t\t\t\t<section class=\"elementor-section elementor-top-section elementor-element elementor-element-893f4b8 elementor-section-boxed elementor-section-height-default elementor-section-height-default\" data-id=\"893f4b8\" data-element_type=\"section\" data-e-type=\"section\">\n\t\t\t\t\t\t<div class=\"elementor-container elementor-column-gap-default\">\n\t\t\t\t\t<div class=\"elementor-column elementor-col-100 elementor-top-column elementor-element elementor-element-5fc2172b\" data-id=\"5fc2172b\" data-element_type=\"column\" data-e-type=\"column\">\n\t\t\t<div class=\"elementor-widget-wrap elementor-element-populated\">\n\t\t\t\t\t\t<div class=\"elementor-element elementor-element-1a1e99d2 elementor-widget__width-initial elementor-widget elementor-widget-text-editor\" data-id=\"1a1e99d2\" data-element_type=\"widget\" data-e-type=\"widget\" data-widget_type=\"text-editor.default\">\n\t\t\t\t<div class=\"elementor-widget-container\">\n\t\t\t\t\t\t\t\t\t<p class=\"p1\"><span class=\"s1\">The events feature artists from Bremen\u2019s independent art scene, the heart of the Zentrum f\u00fcr Kunst.<\/span>\u00a0<\/p><p class=\"p1\">The events feature artists from Bremen\u2019s professional independent art scene. They are the pulse of the Zentrum f\u00fcr Kunst. In addition to the resident artists, the performance halls and rehearsal spaces at the ZfK are utilized by external ensembles.<\/p>\t\t\t\t\t\t\t\t<\/div>\n\t\t\t\t<\/div>\n\t\t\t\t\t<\/div>\n\t\t<\/div>\n\t\t\t\t\t<\/div>\n\t\t<\/section>\n\t\t\t\t<section class=\"elementor-section elementor-top-section elementor-element elementor-element-54789e6 elementor-section-boxed elementor-section-height-default elementor-section-height-default\" data-id=\"54789e6\" data-element_type=\"section\" data-e-type=\"section\">\n\t\t\t\t\t\t<div class=\"elementor-container elementor-column-gap-default\">\n\t\t\t\t\t<div class=\"elementor-column elementor-col-100 elementor-top-column elementor-element elementor-element-d8d79c9\" data-id=\"d8d79c9\" data-element_type=\"column\" data-e-type=\"column\">\n\t\t\t<div class=\"elementor-widget-wrap elementor-element-populated\">\n\t\t\t\t\t\t<div class=\"elementor-element elementor-element-84a2898 elementor-widget-divider--view-line elementor-widget elementor-widget-divider\" data-id=\"84a2898\" data-element_type=\"widget\" data-e-type=\"widget\" data-widget_type=\"divider.default\">\n\t\t\t\t<div class=\"elementor-widget-container\">\n\t\t\t\t\t\t\t<div class=\"elementor-divider\">\n\t\t\t<span class=\"elementor-divider-separator\">\n\t\t\t\t\t\t<\/span>\n\t\t<\/div>\n\t\t\t\t\t\t<\/div>\n\t\t\t\t<\/div>\n\t\t\t\t\t<\/div>\n\t\t<\/div>\n\t\t\t\t\t<\/div>\n\t\t<\/section>\n\t\t\t\t<section class=\"elementor-section elementor-top-section elementor-element elementor-element-242e7f3 elementor-section-boxed elementor-section-height-default elementor-section-height-default\" data-id=\"242e7f3\" data-element_type=\"section\" data-e-type=\"section\">\n\t\t\t\t\t\t<div class=\"elementor-container elementor-column-gap-default\">\n\t\t\t\t\t<div class=\"elementor-column elementor-col-100 elementor-top-column elementor-element elementor-element-8c058e3\" data-id=\"8c058e3\" data-element_type=\"column\" data-e-type=\"column\">\n\t\t\t<div class=\"elementor-widget-wrap elementor-element-populated\">\n\t\t\t\t\t\t<div class=\"elementor-element elementor-element-ab69ec0 elementor-widget-divider--view-line elementor-widget elementor-widget-divider\" data-id=\"ab69ec0\" data-element_type=\"widget\" data-e-type=\"widget\" data-widget_type=\"divider.default\">\n\t\t\t\t<div class=\"elementor-widget-container\">\n\t\t\t\t\t\t\t<div class=\"elementor-divider\">\n\t\t\t<span class=\"elementor-divider-separator\">\n\t\t\t\t\t\t<\/span>\n\t\t<\/div>\n\t\t\t\t\t\t<\/div>\n\t\t\t\t<\/div>\n\t\t\t\t<div class=\"elementor-element elementor-element-fe8ce5b elementor-widget elementor-widget-heading\" data-id=\"fe8ce5b\" data-element_type=\"widget\" data-e-type=\"widget\" data-widget_type=\"heading.default\">\n\t\t\t\t<div class=\"elementor-widget-container\">\n\t\t\t\t\t<h2 class=\"elementor-heading-title elementor-size-default\">JUNI<\/h2>\t\t\t\t<\/div>\n\t\t\t\t<\/div>\n\t\t\t\t\t<\/div>\n\t\t<\/div>\n\t\t\t\t\t<\/div>\n\t\t<\/section>\n\t\t\t\t<section class=\"elementor-section elementor-top-section elementor-element elementor-element-fe894c7 elementor-section-boxed elementor-section-height-default elementor-section-height-default\" data-id=\"fe894c7\" data-element_type=\"section\" data-e-type=\"section\">\n\t\t\t\t\t\t<div class=\"elementor-container elementor-column-gap-default\">\n\t\t\t\t\t<div class=\"elementor-column elementor-col-100 elementor-top-column elementor-element elementor-element-ef6740b\" data-id=\"ef6740b\" data-element_type=\"column\" data-e-type=\"column\">\n\t\t\t<div class=\"elementor-widget-wrap elementor-element-populated\">\n\t\t\t\t\t\t<div class=\"elementor-element elementor-element-725489c elementor-widget-divider--view-line elementor-widget elementor-widget-divider\" data-id=\"725489c\" data-element_type=\"widget\" data-e-type=\"widget\" data-widget_type=\"divider.default\">\n\t\t\t\t<div class=\"elementor-widget-container\">\n\t\t\t\t\t\t\t<div class=\"elementor-divider\">\n\t\t\t<span class=\"elementor-divider-separator\">\n\t\t\t\t\t\t<\/span>\n\t\t<\/div>\n\t\t\t\t\t\t<\/div>\n\t\t\t\t<\/div>\n\t\t\t\t\t<\/div>\n\t\t<\/div>\n\t\t\t\t\t<\/div>\n\t\t<\/section>\n\t\t\t\t<section class=\"elementor-section elementor-top-section elementor-element elementor-element-81432d8 elementor-section-boxed elementor-section-height-default elementor-section-height-default\" data-id=\"81432d8\" data-element_type=\"section\" data-e-type=\"section\">\n\t\t\t\t\t\t<div class=\"elementor-container elementor-column-gap-default\">\n\t\t\t\t\t<div class=\"elementor-column elementor-col-50 elementor-top-column elementor-element elementor-element-734ff7c\" data-id=\"734ff7c\" data-element_type=\"column\" data-e-type=\"column\">\n\t\t\t<div class=\"elementor-widget-wrap elementor-element-populated\">\n\t\t\t\t\t\t<div class=\"elementor-element elementor-element-3647098 elementor-widget elementor-widget-text-editor\" data-id=\"3647098\" data-element_type=\"widget\" data-e-type=\"widget\" data-widget_type=\"text-editor.default\">\n\t\t\t\t<div class=\"elementor-widget-container\">\n\t\t\t\t\t\t\t\t\t<p>Sa., 28.06., 14-19 Uhr<br \/>So., 29.06., 12-17 Uhr<br \/>Abschlussfest<br \/><strong>Saison #2<\/strong><\/p><p>Kunst hautnah erleben \u2013 das erm\u00f6glicht das Saisonabschlussfest im Zentrum f\u00fcr Kunst, bei dem K\u00fcnstler:innen der Bereiche Musik, Tanz, Theater und Bildende Kunst Einblicke in ihr Schaffen geben.<\/p><p><strong style=\"background-color: transparent;\">Eintritt frei<\/strong><\/p>\t\t\t\t\t\t\t\t<\/div>\n\t\t\t\t<\/div>\n\t\t\t\t<div class=\"elementor-element elementor-element-faeef1d elementor-widget elementor-widget-toggle\" data-id=\"faeef1d\" data-element_type=\"widget\" data-e-type=\"widget\" data-widget_type=\"toggle.default\">\n\t\t\t\t<div class=\"elementor-widget-container\">\n\t\t\t\t\t\t\t<div class=\"elementor-toggle\">\n\t\t\t\t\t\t\t<div class=\"elementor-toggle-item\">\n\t\t\t\t\t<div id=\"elementor-tab-title-2631\" class=\"elementor-tab-title\" data-tab=\"1\" role=\"button\" aria-controls=\"elementor-tab-content-2631\" aria-expanded=\"false\">\n\t\t\t\t\t\t\t\t\t\t\t\t<span class=\"elementor-toggle-icon elementor-toggle-icon-left\" aria-hidden=\"true\">\n\t\t\t\t\t\t\t\t\t\t\t\t\t\t\t<span class=\"elementor-toggle-icon-closed\"><i class=\"fas fa-caret-right\"><\/i><\/span>\n\t\t\t\t\t\t\t\t<span class=\"elementor-toggle-icon-opened\"><i class=\"elementor-toggle-icon-opened fas fa-caret-up\"><\/i><\/span>\n\t\t\t\t\t\t\t\t\t\t\t\t\t<\/span>\n\t\t\t\t\t\t\t\t\t\t\t\t<a class=\"elementor-toggle-title\" tabindex=\"0\">Programm am Samstag<\/a>\n\t\t\t\t\t<\/div>\n\n\t\t\t\t\t<div id=\"elementor-tab-content-2631\" class=\"elementor-tab-content elementor-clearfix\" data-tab=\"1\" role=\"region\" aria-labelledby=\"elementor-tab-title-2631\" data-no-translation=\"\" data-trp-gettext=\"\"><table class=\"alignleft\" style=\"border-style: solid; border-color: #ffffff;\"><tbody><tr style=\"border-style: dashed; border-color: #ffffff;\"><td style=\"width: 114.878px;\"><p>12-18 Uhr<br \/>\u00a0\u00a0 <em>1. OG<\/em><\/p><\/td><td style=\"width: 183.941px;\"><p><u>Offene Ateliers<\/u><\/p><\/td><\/tr><tr><td style=\"width: 114.878px;\"><p>13-17 Uhr<br \/>\u00a0 \u00a0<em>1. OG, Atelier<br \/>Anja Engelke<\/em><\/p><\/td><td style=\"width: 183.941px;\"><p><u>Workshop<\/u> Cyanotypie mit Anja Engelke<\/p><p>F\u00fcr Erwachsene und Kinder<br \/>Dauer: jeweils 15 Minuten pro Durchgang<\/p><\/td><\/tr><tr><td style=\"width: 114.878px;\"><p>13 Uhr<br \/>\u00a0\u00a0 <em>1. OG<\/em><\/p><\/td><td style=\"width: 183.941px;\"><p><u>F\u00fchrung<\/u> durch die Ateliers mit Jula Sch\u00fcrmann, Kunstwissenschaftlerin, Kunsthaus KUBO Bremen<\/p><\/td><\/tr><tr><td style=\"width: 114.878px;\"><p>14 Uhr<br \/>\u00a0\u00a0 <em>EG, Kleiner Saal<\/em><\/p><\/td><td style=\"width: 183.941px;\"><p><u>Performance-Workshop<\/u> \u201eFluid Scores\u201c von Victor Artiga Rodriguez | max. 12 Teilnehmer:innen<\/p><\/td><\/tr><tr><td style=\"width: 114.878px;\"><p>15 Uhr<br \/>\u00a0\u00a0 <em>1. OG, Flur<\/em><\/p><\/td><td style=\"width: 183.941px;\"><p><u>Performance<\/u> \u201eSpeeddating&#8220; mit Neus Ledesma Vidal (TanzKollektivBremen) und Ela Fischer<\/p><\/td><\/tr><tr><td style=\"width: 114.878px;\"><p>16 Uhr<br \/>\u00a0\u00a0 <em>EG,<br \/>Verb\u00e4nderaum<\/em><\/p><\/td><td style=\"width: 183.941px;\"><p><u>Lesung<\/u> \u201eHOW DOES PASSION SMELL?\u201c von Tanja D\u00fcckers<\/p><\/td><\/tr><tr><td style=\"width: 114.878px;\"><p>16:30 Uhr<br \/>\u00a0 \u00a0<em>1. OG, Flur<\/em><\/p><\/td><td style=\"width: 183.941px;\"><p><u>Performance<\/u> \u201eTake KEHR\u201c von Sabine Schellhorn mit Improvisation am Violoncello von N\u00e9stor Fabi\u00e1n Cort\u00e9s Garz\u00f3n (Bremer Barockorchester)<\/p><\/td><\/tr><tr><td style=\"width: 114.878px;\"><p>17 Uhr<br \/>\u00a0\u00a0 <em>1. OG<\/em><\/p><\/td><td style=\"width: 183.941px;\"><p><u>F\u00fchrung<\/u> durch die Ateliers mit Sabrina Mei\u00dfner, Freie Kuratorin Berlin<\/p><\/td><\/tr><tr><td style=\"width: 114.878px;\"><p>17:30 Uhr<br \/>\u00a0 <em>\u00a0EG, Foyer<\/em><\/p><\/td><td style=\"width: 183.941px;\"><p><u>Konzert<\/u> \u201eDe la Conquista y otros Demonios\u201c von Los Temperamentos<\/p><\/td><\/tr><tr><td style=\"width: 114.878px;\"><p>ab 18 Uhr<br \/>\u00a0 \u00a0<em>EG, Foyer<\/em><\/p><\/td><td style=\"width: 183.941px;\"><p><u>Finale<\/u> \u201eStaffelstab\u00fcbergabe\u201c an die neuen Residierenden 2025\/26<\/p><\/td><\/tr><tr><td style=\"width: 114.878px;\"><p>danach<\/p><\/td><td style=\"width: 183.941px;\"><p><u>Ausklang<\/u> mit Musik, Getr\u00e4nken und Snacks im Foyer<\/p><\/td><\/tr><\/tbody><\/table><\/div>\n\t\t\t\t<\/div>\n\t\t\t\t\t\t\t\t<\/div>\n\t\t\t\t\t\t<\/div>\n\t\t\t\t<\/div>\n\t\t\t\t<div class=\"elementor-element elementor-element-825c200 elementor-widget elementor-widget-toggle\" data-id=\"825c200\" data-element_type=\"widget\" data-e-type=\"widget\" data-widget_type=\"toggle.default\">\n\t\t\t\t<div class=\"elementor-widget-container\">\n\t\t\t\t\t\t\t<div class=\"elementor-toggle\">\n\t\t\t\t\t\t\t<div class=\"elementor-toggle-item\">\n\t\t\t\t\t<div id=\"elementor-tab-title-1361\" class=\"elementor-tab-title\" data-tab=\"1\" role=\"button\" aria-controls=\"elementor-tab-content-1361\" aria-expanded=\"false\">\n\t\t\t\t\t\t\t\t\t\t\t\t<span class=\"elementor-toggle-icon elementor-toggle-icon-left\" aria-hidden=\"true\">\n\t\t\t\t\t\t\t\t\t\t\t\t\t\t\t<span class=\"elementor-toggle-icon-closed\"><i class=\"fas fa-caret-right\"><\/i><\/span>\n\t\t\t\t\t\t\t\t<span class=\"elementor-toggle-icon-opened\"><i class=\"elementor-toggle-icon-opened fas fa-caret-up\"><\/i><\/span>\n\t\t\t\t\t\t\t\t\t\t\t\t\t<\/span>\n\t\t\t\t\t\t\t\t\t\t\t\t<a class=\"elementor-toggle-title\" tabindex=\"0\">Programm am Sonntag<\/a>\n\t\t\t\t\t<\/div>\n\n\t\t\t\t\t<div id=\"elementor-tab-content-1361\" class=\"elementor-tab-content elementor-clearfix\" data-tab=\"1\" role=\"region\" aria-labelledby=\"elementor-tab-title-1361\" data-no-translation=\"\" data-trp-gettext=\"\"><table class=\"alignleft\" width=\"0\"><tbody><tr style=\"border-style: dotted; border-color: #ffffff;\"><td style=\"width: 124.792px;\"><p>12-18 Uhr<br \/>\u00a0\u00a0<em> 1. OG<\/em><\/p><\/td><td style=\"width: 340.764px;\"><p><span style=\"text-decoration: underline;\">Offene Ateliers<\/span><\/p><\/td><\/tr><tr><td style=\"width: 124.792px;\"><p>13-17 Uhr<br \/>\u00a0 \u00a0<em>1. OG, Atelier Anja Engelke<\/em><\/p><\/td><td style=\"width: 340.764px;\"><p><span style=\"text-decoration: underline;\">Workshop<\/span> Cyanotypie mit Anja Engelke<br \/>F\u00fcr Erwachsene und Kinder<br \/>Dauer: jeweils 15 Minuten pro Durchgang<\/p><\/td><\/tr><tr><td style=\"width: 124.792px;\"><p>13 Uhr<br \/>\u00a0 \u00a0<em>1. OG, Flur<\/em><\/p><\/td><td style=\"width: 340.764px;\"><p><span style=\"text-decoration: underline;\">F\u00fchrung<\/span> durch die Ateliers mit Felix Dreesen, Freier K\u00fcnstler, Bremen<br \/><br \/><\/p><\/td><\/tr><tr><td style=\"width: 124.792px;\"><p>14 Uhr<br \/>\u00a0\u00a0 <em>EG, Kleiner Saal<\/em><\/p><\/td><td style=\"width: 340.764px;\"><p>Performance-Workshop \u201eFluid Scores\u201c von Victor Artiga Rodriguez<br \/>max. 12 Teilnehmer:innen<br \/><br \/><\/p><\/td><\/tr><tr><td><p>14:30 Uhr<br \/>\u00a0\u00a0 <em>1. OG, Atelier ZK\u00d6R<\/em><\/p><p><br \/><br \/><\/p><\/td><td style=\"width: 340.764px;\"><p><span style=\"text-decoration: underline;\">Gespr\u00e4ch<\/span> \u201eZum Stand der grauen Dinge\u201d mit S\u00f6nke Busch (ZK\u00d6R) und Carl Zillich (Gesch\u00e4ftsf\u00fchrer, Projektb\u00fcro Innenstadt Bremen)<\/p><\/td><\/tr><tr><td style=\"width: 124.792px;\"><p>15:30 bis ca. 17 Uhr<br \/>\u00a0\u00a0 <em>EG, Gro\u00dfer Saal<\/em><\/p><\/td><td style=\"width: 340.764px;\"><p><span style=\"text-decoration: underline;\">Performance-Reihe<\/span> \u201eKein Signal\u201c von Alex Beriault und Mattia Bonafini mit Studierenden der Klasse \u201eFrequencies in Motion\u201c, Hochschule f\u00fcr K\u00fcnste<\/p><p>\u00a0<\/p><\/td><\/tr><tr><td style=\"width: 124.792px;\"><p>16 Uhr<br \/>\u00a0\u00a0<em> 1. OG<\/em><\/p><\/td><td style=\"width: 340.764px;\"><p><span style=\"text-decoration: underline;\">F\u00fchrung<\/span> durch die Ateliers mit Simone Ewald, Referentin f\u00fcr Bildende Kunst, Senator f\u00fcr Kultur<\/p><\/td><\/tr><\/tbody><\/table><p>\u00a0<\/p><p>\u00a0<\/p><p>\u00a0<\/p><\/div>\n\t\t\t\t<\/div>\n\t\t\t\t\t\t\t\t<\/div>\n\t\t\t\t\t\t<\/div>\n\t\t\t\t<\/div>\n\t\t\t\t\t<\/div>\n\t\t<\/div>\n\t\t\t\t<div class=\"elementor-column elementor-col-50 elementor-top-column elementor-element elementor-element-9944c18\" data-id=\"9944c18\" data-element_type=\"column\" data-e-type=\"column\">\n\t\t\t<div class=\"elementor-widget-wrap elementor-element-populated\">\n\t\t\t\t\t\t<div class=\"elementor-element elementor-element-dedbc66 elementor-widget elementor-widget-image\" data-id=\"dedbc66\" data-element_type=\"widget\" data-e-type=\"widget\" data-widget_type=\"image.default\">\n\t\t\t\t<div class=\"elementor-widget-container\">\n\t\t\t\t\t\t\t\t\t\t\t\t<figure class=\"wp-caption\">\n\t\t\t\t\t\t\t\t\t\t<img decoding=\"async\" width=\"143\" height=\"300\" src=\"https:\/\/zentrum-fuer-kunst.de\/wp-content\/uploads\/2025\/06\/Flyer_einseitig_zum-Ausdrucken_Saisonfinale-2-143x300.jpg\" class=\"attachment-medium size-medium wp-image-17915\" alt=\"\" srcset=\"https:\/\/zentrum-fuer-kunst.de\/wp-content\/uploads\/2025\/06\/Flyer_einseitig_zum-Ausdrucken_Saisonfinale-2-143x300.jpg 143w, https:\/\/zentrum-fuer-kunst.de\/wp-content\/uploads\/2025\/06\/Flyer_einseitig_zum-Ausdrucken_Saisonfinale-2-488x1024.jpg 488w, https:\/\/zentrum-fuer-kunst.de\/wp-content\/uploads\/2025\/06\/Flyer_einseitig_zum-Ausdrucken_Saisonfinale-2-768x1612.jpg 768w, https:\/\/zentrum-fuer-kunst.de\/wp-content\/uploads\/2025\/06\/Flyer_einseitig_zum-Ausdrucken_Saisonfinale-2-732x1536.jpg 732w, https:\/\/zentrum-fuer-kunst.de\/wp-content\/uploads\/2025\/06\/Flyer_einseitig_zum-Ausdrucken_Saisonfinale-2-976x2048.jpg 976w, https:\/\/zentrum-fuer-kunst.de\/wp-content\/uploads\/2025\/06\/Flyer_einseitig_zum-Ausdrucken_Saisonfinale-2-6x12.jpg 6w, https:\/\/zentrum-fuer-kunst.de\/wp-content\/uploads\/2025\/06\/Flyer_einseitig_zum-Ausdrucken_Saisonfinale-2-scaled.jpg 1219w\" sizes=\"(max-width: 143px) 100vw, 143px\" \/>\t\t\t\t\t\t\t\t\t\t\t<figcaption class=\"widget-image-caption wp-caption-text\">Foto: Jana Witte<\/figcaption>\n\t\t\t\t\t\t\t\t\t\t<\/figure>\n\t\t\t\t\t\t\t\t\t<\/div>\n\t\t\t\t<\/div>\n\t\t\t\t\t<\/div>\n\t\t<\/div>\n\t\t\t\t\t<\/div>\n\t\t<\/section>\n\t\t\t\t<section class=\"elementor-section elementor-top-section elementor-element elementor-element-6fdd1c7 elementor-section-boxed elementor-section-height-default elementor-section-height-default\" data-id=\"6fdd1c7\" data-element_type=\"section\" data-e-type=\"section\">\n\t\t\t\t\t\t<div class=\"elementor-container elementor-column-gap-default\">\n\t\t\t\t\t<div class=\"elementor-column elementor-col-100 elementor-top-column elementor-element elementor-element-b02b51e\" data-id=\"b02b51e\" data-element_type=\"column\" data-e-type=\"column\">\n\t\t\t<div class=\"elementor-widget-wrap elementor-element-populated\">\n\t\t\t\t\t\t<div class=\"elementor-element elementor-element-519dff1 elementor-widget-divider--view-line elementor-widget elementor-widget-divider\" data-id=\"519dff1\" data-element_type=\"widget\" data-e-type=\"widget\" data-widget_type=\"divider.default\">\n\t\t\t\t<div class=\"elementor-widget-container\">\n\t\t\t\t\t\t\t<div class=\"elementor-divider\">\n\t\t\t<span class=\"elementor-divider-separator\">\n\t\t\t\t\t\t<\/span>\n\t\t<\/div>\n\t\t\t\t\t\t<\/div>\n\t\t\t\t<\/div>\n\t\t\t\t<div class=\"elementor-element elementor-element-90c894e elementor-widget elementor-widget-heading\" data-id=\"90c894e\" data-element_type=\"widget\" data-e-type=\"widget\" data-widget_type=\"heading.default\">\n\t\t\t\t<div class=\"elementor-widget-container\">\n\t\t\t\t\t<h2 class=\"elementor-heading-title elementor-size-default\">August<\/h2>\t\t\t\t<\/div>\n\t\t\t\t<\/div>\n\t\t\t\t<div class=\"elementor-element elementor-element-33058b5 elementor-widget elementor-widget-spacer\" data-id=\"33058b5\" data-element_type=\"widget\" data-e-type=\"widget\" data-widget_type=\"spacer.default\">\n\t\t\t\t<div class=\"elementor-widget-container\">\n\t\t\t\t\t\t\t<div class=\"elementor-spacer\">\n\t\t\t<div class=\"elementor-spacer-inner\"><\/div>\n\t\t<\/div>\n\t\t\t\t\t\t<\/div>\n\t\t\t\t<\/div>\n\t\t\t\t\t<\/div>\n\t\t<\/div>\n\t\t\t\t\t<\/div>\n\t\t<\/section>\n\t\t\t\t<section class=\"elementor-section elementor-top-section elementor-element elementor-element-8562e2b elementor-section-boxed elementor-section-height-default elementor-section-height-default\" data-id=\"8562e2b\" data-element_type=\"section\" data-e-type=\"section\">\n\t\t\t\t\t\t<div class=\"elementor-container elementor-column-gap-default\">\n\t\t\t\t\t<div class=\"elementor-column elementor-col-50 elementor-top-column elementor-element elementor-element-71bbf19\" data-id=\"71bbf19\" data-element_type=\"column\" data-e-type=\"column\">\n\t\t\t<div class=\"elementor-widget-wrap elementor-element-populated\">\n\t\t\t\t\t\t<div class=\"elementor-element elementor-element-17c8efc elementor-widget elementor-widget-text-editor\" data-id=\"17c8efc\" data-element_type=\"widget\" data-e-type=\"widget\" data-widget_type=\"text-editor.default\">\n\t\t\t\t<div class=\"elementor-widget-container\">\n\t\t\t\t\t\t\t\t\t<p>Fr., 22.08., 20 Uhr<br \/>Sa., 23.08., 20 Uhr<br \/>Puppenshow<br \/><strong>FischHerz<\/strong><br \/>Es wird Zeit die Politik des Begehrens neu zu verhandeln!<\/p><p>Wer ist begehrenswert, f\u00fcr wen und warum?<br \/>Komplexe Fragen. Eine glamour\u00f6se Puppenshow ist die Antwort!<\/p><p>Eine Fischprinzessin, in einer Identit\u00e4tskrise, ein singendes Herz, das den Beziehungsguru mimt, eine burlesque Qualle, eine Meerhexe und viele, viele Musicalnummern.<\/p><p>Von und mit <strong>Steph Krah, Michael von Sch\u00f6nberg<\/strong> <strong>und Seline Seidler<\/strong><\/p><p>Eintritt: 22,-\/ 9,- Euro<\/p>\t\t\t\t\t\t\t\t<\/div>\n\t\t\t\t<\/div>\n\t\t\t\t<div class=\"elementor-element elementor-element-00c53cc elementor-align-left elementor-widget elementor-widget-button\" data-id=\"00c53cc\" data-element_type=\"widget\" data-e-type=\"widget\" data-widget_type=\"button.default\">\n\t\t\t\t<div class=\"elementor-widget-container\">\n\t\t\t\t\t\t\t\t\t<div class=\"elementor-button-wrapper\">\n\t\t\t\t\t<a class=\"elementor-button elementor-button-link elementor-size-sm\" href=\"https:\/\/www.ticketmaster.de\/event\/1910587716?language=de-de&#038;camefrom=de_nordwest_shop_hp&#038;brand=de_nwt&#038;subchannel_id=10084\" target=\"_blank\">\n\t\t\t\t\t\t<span class=\"elementor-button-content-wrapper\">\n\t\t\t\t\t\t<span class=\"elementor-button-icon\">\n\t\t\t\t<i aria-hidden=\"true\" class=\"fas fa-ticket-alt\"><\/i>\t\t\t<\/span>\n\t\t\t\t\t\t\t\t\t<span class=\"elementor-button-text\">Ticket hier<\/span>\n\t\t\t\t\t<\/span>\n\t\t\t\t\t<\/a>\n\t\t\t\t<\/div>\n\t\t\t\t\t\t\t\t<\/div>\n\t\t\t\t<\/div>\n\t\t\t\t<div class=\"elementor-element elementor-element-b2e70b4 elementor-widget elementor-widget-toggle\" data-id=\"b2e70b4\" data-element_type=\"widget\" data-e-type=\"widget\" data-widget_type=\"toggle.default\">\n\t\t\t\t<div class=\"elementor-widget-container\">\n\t\t\t\t\t\t\t<div class=\"elementor-toggle\">\n\t\t\t\t\t\t\t<div class=\"elementor-toggle-item\">\n\t\t\t\t\t<div id=\"elementor-tab-title-1871\" class=\"elementor-tab-title\" data-tab=\"1\" role=\"button\" aria-controls=\"elementor-tab-content-1871\" aria-expanded=\"false\">\n\t\t\t\t\t\t\t\t\t\t\t\t<span class=\"elementor-toggle-icon elementor-toggle-icon-left\" aria-hidden=\"true\">\n\t\t\t\t\t\t\t\t\t\t\t\t\t\t\t<span class=\"elementor-toggle-icon-closed\"><i class=\"fas fa-caret-right\"><\/i><\/span>\n\t\t\t\t\t\t\t\t<span class=\"elementor-toggle-icon-opened\"><i class=\"elementor-toggle-icon-opened fas fa-caret-up\"><\/i><\/span>\n\t\t\t\t\t\t\t\t\t\t\t\t\t<\/span>\n\t\t\t\t\t\t\t\t\t\t\t\t<a class=\"elementor-toggle-title\" tabindex=\"0\">Mehr Informationen<\/a>\n\t\t\t\t\t<\/div>\n\n\t\t\t\t\t<div id=\"elementor-tab-content-1871\" class=\"elementor-tab-content elementor-clearfix\" data-tab=\"1\" role=\"region\" aria-labelledby=\"elementor-tab-title-1871\" data-no-translation=\"\" data-trp-gettext=\"\"><p>FischHerz ist ein Objekttheaterst\u00fcck, das die Politik des Begehrens neu zu verhandeln sucht.<\/p><p>Fast alle wollen begehrt werden, doch kommt Begehren ohne Objektivizierung aus? Ist sie ein intrinsischer Teil von Begehren, oder nur von heteronormativem Begehren? Wie sieht queeres Begehren aus? Kann es sich im Kontext hegemonialer Heteronormativit\u00e4t den Mechanismen dieser Normativit\u00e4t entziehen?<\/p><p>Die Politik des Begehrens ist komplex, untrennbar verwoben mit den gesellschaftlichen Strukturen, die ihren Weg in erotische Kontexte finden, um dort ausgehandelt zu werden. Das Private ist politisch. Doch was wenn das eigene Begehren nicht konform geht mit den eigenen politischen Vorstellungen?<\/p><p>Sch\u00f6nheit liegt im Auge des Betrachters. Doch wer ist dieser anonyme Betrachter, der \u00fcber die Normen der \u00c4sthetik wacht? Wer ist begehrenswert, f\u00fcr wen und warum? Wie kann man sich die eigene Ausstellung aneignen, Definitionshoheit \u00fcber die eigene Sch\u00f6nheit gewinnen? Oder reproduziert man nur die schon bestehenden Ausbeutungsstrukturen?<\/p><p>FischHerz will diese Themen in einer glamour\u00f6sen Puppenshow untersuchen. All die Schwere und Ernsthaftigkeit verpackt in albernen Klamauk. Eine Fischprinzessin, in Identit\u00e4tskrise, ein singendes Herz, das den Beziehungsguru mimt, eine burlesque Qualle, eine Meerhexe, mit einem animatronischen Fisch-Chor und viele, viele Musicalnummern. Ein M\u00e4rchen f\u00fcr Erwachsene! Ich nehme mein Publikum mit auf eine Entdeckungsreise, auf der Suche nach dem eigenen Begehren.<\/p><\/div>\n\t\t\t\t<\/div>\n\t\t\t\t\t\t\t\t<\/div>\n\t\t\t\t\t\t<\/div>\n\t\t\t\t<\/div>\n\t\t\t\t\t<\/div>\n\t\t<\/div>\n\t\t\t\t<div class=\"elementor-column elementor-col-50 elementor-top-column elementor-element elementor-element-0fbae37\" data-id=\"0fbae37\" data-element_type=\"column\" data-e-type=\"column\">\n\t\t\t<div class=\"elementor-widget-wrap elementor-element-populated\">\n\t\t\t\t\t\t<div class=\"elementor-element elementor-element-7d0f938 elementor-widget elementor-widget-image\" data-id=\"7d0f938\" data-element_type=\"widget\" data-e-type=\"widget\" data-widget_type=\"image.default\">\n\t\t\t\t<div class=\"elementor-widget-container\">\n\t\t\t\t\t\t\t\t\t\t\t\t<figure class=\"wp-caption\">\n\t\t\t\t\t\t\t\t\t\t<img fetchpriority=\"high\" decoding=\"async\" width=\"173\" height=\"300\" src=\"https:\/\/zentrum-fuer-kunst.de\/wp-content\/uploads\/2025\/03\/FischHerz-princessa-freigestellt-173x300.png\" class=\"attachment-medium size-medium wp-image-17537\" alt=\"\" srcset=\"https:\/\/zentrum-fuer-kunst.de\/wp-content\/uploads\/2025\/03\/FischHerz-princessa-freigestellt-173x300.png 173w, https:\/\/zentrum-fuer-kunst.de\/wp-content\/uploads\/2025\/03\/FischHerz-princessa-freigestellt-590x1024.png 590w, https:\/\/zentrum-fuer-kunst.de\/wp-content\/uploads\/2025\/03\/FischHerz-princessa-freigestellt-768x1332.png 768w, https:\/\/zentrum-fuer-kunst.de\/wp-content\/uploads\/2025\/03\/FischHerz-princessa-freigestellt-885x1536.png 885w, https:\/\/zentrum-fuer-kunst.de\/wp-content\/uploads\/2025\/03\/FischHerz-princessa-freigestellt-1181x2048.png 1181w, https:\/\/zentrum-fuer-kunst.de\/wp-content\/uploads\/2025\/03\/FischHerz-princessa-freigestellt.png 1448w\" sizes=\"(max-width: 173px) 100vw, 173px\" \/>\t\t\t\t\t\t\t\t\t\t\t<figcaption class=\"widget-image-caption wp-caption-text\"><\/figcaption>\n\t\t\t\t\t\t\t\t\t\t<\/figure>\n\t\t\t\t\t\t\t\t\t<\/div>\n\t\t\t\t<\/div>\n\t\t\t\t\t<\/div>\n\t\t<\/div>\n\t\t\t\t\t<\/div>\n\t\t<\/section>\n\t\t\t\t<section class=\"elementor-section elementor-top-section elementor-element elementor-element-e0e7bbf elementor-section-boxed elementor-section-height-default elementor-section-height-default\" data-id=\"e0e7bbf\" data-element_type=\"section\" data-e-type=\"section\">\n\t\t\t\t\t\t<div class=\"elementor-container elementor-column-gap-default\">\n\t\t\t\t\t<div class=\"elementor-column elementor-col-100 elementor-top-column elementor-element elementor-element-ee6097f\" data-id=\"ee6097f\" data-element_type=\"column\" data-e-type=\"column\">\n\t\t\t<div class=\"elementor-widget-wrap elementor-element-populated\">\n\t\t\t\t\t\t<div class=\"elementor-element elementor-element-f2f051b elementor-widget-divider--view-line elementor-widget elementor-widget-divider\" data-id=\"f2f051b\" data-element_type=\"widget\" data-e-type=\"widget\" data-widget_type=\"divider.default\">\n\t\t\t\t<div class=\"elementor-widget-container\">\n\t\t\t\t\t\t\t<div class=\"elementor-divider\">\n\t\t\t<span class=\"elementor-divider-separator\">\n\t\t\t\t\t\t<\/span>\n\t\t<\/div>\n\t\t\t\t\t\t<\/div>\n\t\t\t\t<\/div>\n\t\t\t\t\t<\/div>\n\t\t<\/div>\n\t\t\t\t\t<\/div>\n\t\t<\/section>\n\t\t\t\t<section class=\"elementor-section elementor-top-section elementor-element elementor-element-507ee63 elementor-section-boxed elementor-section-height-default elementor-section-height-default\" data-id=\"507ee63\" data-element_type=\"section\" data-e-type=\"section\">\n\t\t\t\t\t\t<div class=\"elementor-container elementor-column-gap-default\">\n\t\t\t\t\t<div class=\"elementor-column elementor-col-50 elementor-top-column elementor-element elementor-element-e0ec788\" data-id=\"e0ec788\" data-element_type=\"column\" data-e-type=\"column\">\n\t\t\t<div class=\"elementor-widget-wrap elementor-element-populated\">\n\t\t\t\t\t\t<div class=\"elementor-element elementor-element-c6c122e elementor-widget elementor-widget-text-editor\" data-id=\"c6c122e\" data-element_type=\"widget\" data-e-type=\"widget\" data-widget_type=\"text-editor.default\">\n\t\t\t\t<div class=\"elementor-widget-container\">\n\t\t\t\t\t\t\t\t\t<p>Sa., 30.08., 20 Uhr<br \/>Konzert | PREMIERE<br \/><strong>ECHO<\/strong><\/p><p>Die Verbindung zwischen (Des-)Informationen in Sozialen Medien und dem Erstarken rechtsnationaler Bewegungen, sind Themen der neuen Kompositionen von R\u016bta Vitkauskait\u0117 (LT), Ram\u00f3n Souto (ES)<br \/>und Alexander F. Hooper (DE).<\/p><p>Von und mit <strong>Ensemble New Babylon (DE), dem Vertixe Sonora Ensemble (ES) und dem Melos New Vocal Music Collective (LT)<\/strong><\/p><p>Eintritt: 20,-\/ 15,-\/ 10,- Euro \/ Frei unter 18 Jahren (solidar. Preis)<\/p>\t\t\t\t\t\t\t\t<\/div>\n\t\t\t\t<\/div>\n\t\t\t\t<div class=\"elementor-element elementor-element-4e7ddcd elementor-align-left elementor-widget elementor-widget-button\" data-id=\"4e7ddcd\" data-element_type=\"widget\" data-e-type=\"widget\" data-widget_type=\"button.default\">\n\t\t\t\t<div class=\"elementor-widget-container\">\n\t\t\t\t\t\t\t\t\t<div class=\"elementor-button-wrapper\">\n\t\t\t\t\t<a class=\"elementor-button elementor-button-link elementor-size-sm\" href=\"https:\/\/www.ticketmaster.de\/event\/186426546?language=de-de&#038;track=DiscoveryAPI&#038;subchannel_id=10084&#038;camefrom=de_nordwest_shop_hp&#038;brand=de_nwt\" target=\"_blank\">\n\t\t\t\t\t\t<span class=\"elementor-button-content-wrapper\">\n\t\t\t\t\t\t<span class=\"elementor-button-icon\">\n\t\t\t\t<i aria-hidden=\"true\" class=\"fas fa-ticket-alt\"><\/i>\t\t\t<\/span>\n\t\t\t\t\t\t\t\t\t<span class=\"elementor-button-text\">Tickets hier<\/span>\n\t\t\t\t\t<\/span>\n\t\t\t\t\t<\/a>\n\t\t\t\t<\/div>\n\t\t\t\t\t\t\t\t<\/div>\n\t\t\t\t<\/div>\n\t\t\t\t<div class=\"elementor-element elementor-element-9db42c2 elementor-widget elementor-widget-toggle\" data-id=\"9db42c2\" data-element_type=\"widget\" data-e-type=\"widget\" data-widget_type=\"toggle.default\">\n\t\t\t\t<div class=\"elementor-widget-container\">\n\t\t\t\t\t\t\t<div class=\"elementor-toggle\">\n\t\t\t\t\t\t\t<div class=\"elementor-toggle-item\">\n\t\t\t\t\t<div id=\"elementor-tab-title-1651\" class=\"elementor-tab-title\" data-tab=\"1\" role=\"button\" aria-controls=\"elementor-tab-content-1651\" aria-expanded=\"false\">\n\t\t\t\t\t\t\t\t\t\t\t\t<span class=\"elementor-toggle-icon elementor-toggle-icon-left\" aria-hidden=\"true\">\n\t\t\t\t\t\t\t\t\t\t\t\t\t\t\t<span class=\"elementor-toggle-icon-closed\"><i class=\"fas fa-caret-right\"><\/i><\/span>\n\t\t\t\t\t\t\t\t<span class=\"elementor-toggle-icon-opened\"><i class=\"elementor-toggle-icon-opened fas fa-caret-up\"><\/i><\/span>\n\t\t\t\t\t\t\t\t\t\t\t\t\t<\/span>\n\t\t\t\t\t\t\t\t\t\t\t\t<a class=\"elementor-toggle-title\" tabindex=\"0\">Mehr Informationen<\/a>\n\t\t\t\t\t<\/div>\n\n\t\t\t\t\t<div id=\"elementor-tab-content-1651\" class=\"elementor-tab-content elementor-clearfix\" data-tab=\"1\" role=\"region\" aria-labelledby=\"elementor-tab-title-1651\" data-no-translation=\"\" data-trp-gettext=\"\"><p>Eine paneurop\u00e4ische Kooperation dreier Ensembles aus S\u00fcdeuropa, Mitteleuropa und Osteuropa zum Thema Fake News und Rechtsnationalismus.<\/p><p>F\u00fcr das Projekt \u201eECHO\u201c kooperiert das Ensemble New Babylon mit dem Vertixe Sonora Ensemble aus Spanien und dem Melos New Vocal Music Collective \u2013 einem achtstimmigen Frauenchor aus Litauen. Wir erleben t\u00e4glich, wie sich eine Nachricht in den sozialen Medien oder eine Aussage einer politischen Person in Windeseile vervielf\u00e4ltigt, emotional aufgeladen wird und sich wie eine Lawine bis hin zu Gewalttaten und Morddrohungen ausbreitet. Das alles geschieht ohne eine Bewertung auf den Wahrheitsgehalt der urspr\u00fcnglichen Thematik.<\/p><p>Dramatisch wird es, wenn die neuen generativen k\u00fcnstlichen Intelligenzen Falschaussagen zus\u00e4tzlich duplizieren und das letztlich zum Erstarken von rechtsnationalen Parteien f\u00fchrt. Bei dem Projekt \u201eECHO\u201c werden drei Urauff\u00fchrungen von R\u016bta Vitkauskait\u0117 (*1984, Litauen), Ram\u00f3n Souto (*1976, Spanien) und Alexander F. Hooper (*1987, Deutschland) zu Geh\u00f6r gebracht.<\/p><\/div>\n\t\t\t\t<\/div>\n\t\t\t\t\t\t\t\t<\/div>\n\t\t\t\t\t\t<\/div>\n\t\t\t\t<\/div>\n\t\t\t\t\t<\/div>\n\t\t<\/div>\n\t\t\t\t<div class=\"elementor-column elementor-col-50 elementor-top-column elementor-element elementor-element-4a9f113\" data-id=\"4a9f113\" data-element_type=\"column\" data-e-type=\"column\">\n\t\t\t<div class=\"elementor-widget-wrap elementor-element-populated\">\n\t\t\t\t\t\t<div class=\"elementor-element elementor-element-55fb8d0 elementor-widget elementor-widget-image\" data-id=\"55fb8d0\" data-element_type=\"widget\" data-e-type=\"widget\" data-widget_type=\"image.default\">\n\t\t\t\t<div class=\"elementor-widget-container\">\n\t\t\t\t\t\t\t\t\t\t\t\t<figure class=\"wp-caption\">\n\t\t\t\t\t\t\t\t\t\t<img decoding=\"async\" width=\"300\" height=\"200\" src=\"https:\/\/zentrum-fuer-kunst.de\/wp-content\/uploads\/2025\/03\/Melos-Collective-3-300x200.jpg\" class=\"attachment-medium size-medium wp-image-17544\" alt=\"\" srcset=\"https:\/\/zentrum-fuer-kunst.de\/wp-content\/uploads\/2025\/03\/Melos-Collective-3-300x200.jpg 300w, https:\/\/zentrum-fuer-kunst.de\/wp-content\/uploads\/2025\/03\/Melos-Collective-3-1024x683.jpg 1024w, https:\/\/zentrum-fuer-kunst.de\/wp-content\/uploads\/2025\/03\/Melos-Collective-3-768x512.jpg 768w, https:\/\/zentrum-fuer-kunst.de\/wp-content\/uploads\/2025\/03\/Melos-Collective-3-1536x1024.jpg 1536w, https:\/\/zentrum-fuer-kunst.de\/wp-content\/uploads\/2025\/03\/Melos-Collective-3.jpg 2048w\" sizes=\"(max-width: 300px) 100vw, 300px\" \/>\t\t\t\t\t\t\t\t\t\t\t<figcaption class=\"widget-image-caption wp-caption-text\">Foto: Vismant\u0117 Ruzgait\u0117 - Melos New Vocal Music Collective (LT)<\/figcaption>\n\t\t\t\t\t\t\t\t\t\t<\/figure>\n\t\t\t\t\t\t\t\t\t<\/div>\n\t\t\t\t<\/div>\n\t\t\t\t\t<\/div>\n\t\t<\/div>\n\t\t\t\t\t<\/div>\n\t\t<\/section>\n\t\t\t\t<section class=\"elementor-section elementor-top-section elementor-element elementor-element-149ab03 elementor-section-boxed elementor-section-height-default elementor-section-height-default\" data-id=\"149ab03\" data-element_type=\"section\" data-e-type=\"section\">\n\t\t\t\t\t\t<div class=\"elementor-container elementor-column-gap-default\">\n\t\t\t\t\t<div class=\"elementor-column elementor-col-100 elementor-top-column elementor-element elementor-element-67a1bd5\" data-id=\"67a1bd5\" data-element_type=\"column\" data-e-type=\"column\">\n\t\t\t<div class=\"elementor-widget-wrap elementor-element-populated\">\n\t\t\t\t\t\t<div class=\"elementor-element elementor-element-2e0c4c3 elementor-widget-divider--view-line elementor-widget elementor-widget-divider\" data-id=\"2e0c4c3\" data-element_type=\"widget\" data-e-type=\"widget\" data-widget_type=\"divider.default\">\n\t\t\t\t<div class=\"elementor-widget-container\">\n\t\t\t\t\t\t\t<div class=\"elementor-divider\">\n\t\t\t<span class=\"elementor-divider-separator\">\n\t\t\t\t\t\t<\/span>\n\t\t<\/div>\n\t\t\t\t\t\t<\/div>\n\t\t\t\t<\/div>\n\t\t\t\t\t<\/div>\n\t\t<\/div>\n\t\t\t\t\t<\/div>\n\t\t<\/section>\n\t\t\t\t<section class=\"elementor-section elementor-top-section elementor-element elementor-element-ed3fcff elementor-section-boxed elementor-section-height-default elementor-section-height-default\" data-id=\"ed3fcff\" data-element_type=\"section\" data-e-type=\"section\">\n\t\t\t\t\t\t<div class=\"elementor-container elementor-column-gap-default\">\n\t\t\t\t\t<div class=\"elementor-column elementor-col-100 elementor-top-column elementor-element elementor-element-d4ccac3\" data-id=\"d4ccac3\" data-element_type=\"column\" data-e-type=\"column\">\n\t\t\t<div class=\"elementor-widget-wrap elementor-element-populated\">\n\t\t\t\t\t\t<section class=\"elementor-section elementor-inner-section elementor-element elementor-element-197b452 elementor-section-boxed elementor-section-height-default elementor-section-height-default\" data-id=\"197b452\" data-element_type=\"section\" data-e-type=\"section\">\n\t\t\t\t\t\t<div class=\"elementor-container elementor-column-gap-default\">\n\t\t\t\t\t<div class=\"elementor-column elementor-col-100 elementor-inner-column elementor-element elementor-element-5e8bbf4\" data-id=\"5e8bbf4\" data-element_type=\"column\" data-e-type=\"column\">\n\t\t\t<div class=\"elementor-widget-wrap elementor-element-populated\">\n\t\t\t\t\t\t<div class=\"elementor-element elementor-element-f7b8db3 elementor-widget elementor-widget-text-editor\" data-id=\"f7b8db3\" data-element_type=\"widget\" data-e-type=\"widget\" data-widget_type=\"text-editor.default\">\n\t\t\t\t<div class=\"elementor-widget-container\">\n\t\t\t\t\t\t\t\t\t<p>Ticketpartner<\/p><p><a href=\"https:\/\/www.nordwest-ticket.de\/thema\/zentrum-fuer-kunst\" target=\"_blank\" rel=\"noopener\"><img loading=\"lazy\" decoding=\"async\" class=\"alignnone wp-image-12008\" src=\"http:\/\/zentrum-fuer-kunst.de\/wp-content\/uploads\/2023\/08\/Logo_nordwestTicket_white-300x126.png\" alt=\"\" width=\"200\" height=\"84\" srcset=\"https:\/\/zentrum-fuer-kunst.de\/wp-content\/uploads\/2023\/08\/Logo_nordwestTicket_white-300x126.png 300w, https:\/\/zentrum-fuer-kunst.de\/wp-content\/uploads\/2023\/08\/Logo_nordwestTicket_white-1024x430.png 1024w, https:\/\/zentrum-fuer-kunst.de\/wp-content\/uploads\/2023\/08\/Logo_nordwestTicket_white-768x322.png 768w, https:\/\/zentrum-fuer-kunst.de\/wp-content\/uploads\/2023\/08\/Logo_nordwestTicket_white-1536x644.png 1536w, https:\/\/zentrum-fuer-kunst.de\/wp-content\/uploads\/2023\/08\/Logo_nordwestTicket_white-2048x859.png 2048w, https:\/\/zentrum-fuer-kunst.de\/wp-content\/uploads\/2023\/08\/Logo_nordwestTicket_white-600x252.png 600w\" sizes=\"(max-width: 200px) 100vw, 200px\" \/><\/a><\/p>\t\t\t\t\t\t\t\t<\/div>\n\t\t\t\t<\/div>\n\t\t\t\t\t<\/div>\n\t\t<\/div>\n\t\t\t\t\t<\/div>\n\t\t<\/section>\n\t\t\t\t\t<\/div>\n\t\t<\/div>\n\t\t\t\t\t<\/div>\n\t\t<\/section>\n\t\t\t\t<section class=\"elementor-section elementor-top-section elementor-element elementor-element-c526fce elementor-section-boxed elementor-section-height-default elementor-section-height-default\" data-id=\"c526fce\" data-element_type=\"section\" data-e-type=\"section\">\n\t\t\t\t\t\t<div class=\"elementor-container elementor-column-gap-default\">\n\t\t\t\t\t<div class=\"elementor-column elementor-col-100 elementor-top-column elementor-element elementor-element-5f4fbde\" data-id=\"5f4fbde\" data-element_type=\"column\" data-e-type=\"column\">\n\t\t\t<div class=\"elementor-widget-wrap elementor-element-populated\">\n\t\t\t\t\t\t\t<\/div>\n\t\t<\/div>\n\t\t\t\t\t<\/div>\n\t\t<\/section>\n\t\t\t\t<section class=\"elementor-section elementor-top-section elementor-element elementor-element-550f8ab elementor-section-boxed elementor-section-height-default elementor-section-height-default\" data-id=\"550f8ab\" data-element_type=\"section\" data-e-type=\"section\">\n\t\t\t\t\t\t<div class=\"elementor-container elementor-column-gap-default\">\n\t\t\t\t\t<div class=\"elementor-column elementor-col-100 elementor-top-column elementor-element elementor-element-80a4410\" data-id=\"80a4410\" data-element_type=\"column\" data-e-type=\"column\">\n\t\t\t<div class=\"elementor-widget-wrap elementor-element-populated\">\n\t\t\t\t\t\t<div class=\"elementor-element elementor-element-71aba33 elementor-widget elementor-widget-menu-anchor\" data-id=\"71aba33\" data-element_type=\"widget\" data-e-type=\"widget\" data-widget_type=\"menu-anchor.default\">\n\t\t\t\t<div class=\"elementor-widget-container\">\n\t\t\t\t\t\t\t<div class=\"elementor-menu-anchor\" id=\"ermaessigung\"><\/div>\n\t\t\t\t\t\t<\/div>\n\t\t\t\t<\/div>\n\t\t\t\t<div class=\"elementor-element elementor-element-47d5283 elementor-widget elementor-widget-heading\" data-id=\"47d5283\" data-element_type=\"widget\" data-e-type=\"widget\" data-widget_type=\"heading.default\">\n\t\t\t\t<div class=\"elementor-widget-container\">\n\t\t\t\t\t<h2 class=\"elementor-heading-title elementor-size-default\"><br><br><br> Discounts<\/h2>\t\t\t\t<\/div>\n\t\t\t\t<\/div>\n\t\t\t\t\t<\/div>\n\t\t<\/div>\n\t\t\t\t\t<\/div>\n\t\t<\/section>\n\t\t\t\t<section class=\"elementor-section elementor-top-section elementor-element elementor-element-4e4af6b elementor-section-boxed elementor-section-height-default elementor-section-height-default\" data-id=\"4e4af6b\" data-element_type=\"section\" data-e-type=\"section\">\n\t\t\t\t\t\t<div class=\"elementor-container elementor-column-gap-default\">\n\t\t\t\t\t<div class=\"elementor-column elementor-col-100 elementor-top-column elementor-element elementor-element-18e4732\" data-id=\"18e4732\" data-element_type=\"column\" data-e-type=\"column\">\n\t\t\t<div class=\"elementor-widget-wrap elementor-element-populated\">\n\t\t\t\t\t\t<section class=\"elementor-section elementor-inner-section elementor-element elementor-element-c43772b elementor-section-boxed elementor-section-height-default elementor-section-height-default\" data-id=\"c43772b\" data-element_type=\"section\" data-e-type=\"section\">\n\t\t\t\t\t\t<div class=\"elementor-container elementor-column-gap-default\">\n\t\t\t\t\t<div class=\"elementor-column elementor-col-100 elementor-inner-column elementor-element elementor-element-0159170\" data-id=\"0159170\" data-element_type=\"column\" data-e-type=\"column\">\n\t\t\t<div class=\"elementor-widget-wrap elementor-element-populated\">\n\t\t\t\t\t\t<div class=\"elementor-element elementor-element-63d4a3c elementor-widget elementor-widget-text-editor\" data-id=\"63d4a3c\" data-element_type=\"widget\" data-e-type=\"widget\" data-widget_type=\"text-editor.default\">\n\t\t\t\t<div class=\"elementor-widget-container\">\n\t\t\t\t\t\t\t\t\t<p class=\"p1\">Discounts for events apply to students, pupils, trainees, volunteers in community services, individuals under 18 years, persons with disabilities (with ID), and unemployed individuals.<\/p><p class=\"p1\">Wheelchair users pay the reduced price, and accompanying persons receive free admission.<\/p><p class=\"p1\">Holders of the cultural semester ticket are granted free entry.<\/p>\t\t\t\t\t\t\t\t<\/div>\n\t\t\t\t<\/div>\n\t\t\t\t\t<\/div>\n\t\t<\/div>\n\t\t\t\t\t<\/div>\n\t\t<\/section>\n\t\t\t\t\t<\/div>\n\t\t<\/div>\n\t\t\t\t\t<\/div>\n\t\t<\/section>\n\t\t\t\t<section class=\"elementor-section elementor-top-section elementor-element elementor-element-153d493 elementor-section-boxed elementor-section-height-default elementor-section-height-default\" data-id=\"153d493\" data-element_type=\"section\" data-e-type=\"section\">\n\t\t\t\t\t\t<div class=\"elementor-container elementor-column-gap-default\">\n\t\t\t\t\t<div class=\"elementor-column elementor-col-100 elementor-top-column elementor-element elementor-element-e9a1d6e\" data-id=\"e9a1d6e\" data-element_type=\"column\" data-e-type=\"column\">\n\t\t\t<div class=\"elementor-widget-wrap elementor-element-populated\">\n\t\t\t\t\t\t<div class=\"elementor-element elementor-element-edf4a7e elementor-widget-divider--view-line elementor-widget elementor-widget-divider\" data-id=\"edf4a7e\" data-element_type=\"widget\" data-e-type=\"widget\" data-widget_type=\"divider.default\">\n\t\t\t\t<div class=\"elementor-widget-container\">\n\t\t\t\t\t\t\t<div class=\"elementor-divider\">\n\t\t\t<span class=\"elementor-divider-separator\">\n\t\t\t\t\t\t<\/span>\n\t\t<\/div>\n\t\t\t\t\t\t<\/div>\n\t\t\t\t<\/div>\n\t\t\t\t\t<\/div>\n\t\t<\/div>\n\t\t\t\t\t<\/div>\n\t\t<\/section>\n\t\t\t\t<section class=\"elementor-section elementor-top-section elementor-element elementor-element-116e417 elementor-section-boxed elementor-section-height-default elementor-section-height-default\" data-id=\"116e417\" data-element_type=\"section\" data-e-type=\"section\">\n\t\t\t\t\t\t<div class=\"elementor-container elementor-column-gap-default\">\n\t\t\t\t\t<div class=\"elementor-column elementor-col-100 elementor-top-column elementor-element elementor-element-e25a0e6\" data-id=\"e25a0e6\" data-element_type=\"column\" data-e-type=\"column\">\n\t\t\t<div class=\"elementor-widget-wrap elementor-element-populated\">\n\t\t\t\t\t\t<div class=\"elementor-element elementor-element-16659f0 elementor-widget elementor-widget-spacer\" data-id=\"16659f0\" data-element_type=\"widget\" data-e-type=\"widget\" data-widget_type=\"spacer.default\">\n\t\t\t\t<div class=\"elementor-widget-container\">\n\t\t\t\t\t\t\t<div class=\"elementor-spacer\">\n\t\t\t<div class=\"elementor-spacer-inner\"><\/div>\n\t\t<\/div>\n\t\t\t\t\t\t<\/div>\n\t\t\t\t<\/div>\n\t\t\t\t\t<\/div>\n\t\t<\/div>\n\t\t\t\t\t<\/div>\n\t\t<\/section>\n\t\t\t\t<section class=\"elementor-section elementor-top-section elementor-element elementor-element-be87ab6 elementor-section-boxed elementor-section-height-default elementor-section-height-default\" data-id=\"be87ab6\" data-element_type=\"section\" data-e-type=\"section\">\n\t\t\t\t\t\t<div class=\"elementor-container elementor-column-gap-default\">\n\t\t\t\t\t<div class=\"elementor-column elementor-col-100 elementor-top-column elementor-element elementor-element-23675f1\" data-id=\"23675f1\" data-element_type=\"column\" data-e-type=\"column\">\n\t\t\t<div class=\"elementor-widget-wrap elementor-element-populated\">\n\t\t\t\t\t\t<div class=\"elementor-element elementor-element-1b16601 elementor-widget elementor-widget-spacer\" data-id=\"1b16601\" data-element_type=\"widget\" data-e-type=\"widget\" data-widget_type=\"spacer.default\">\n\t\t\t\t<div class=\"elementor-widget-container\">\n\t\t\t\t\t\t\t<div class=\"elementor-spacer\">\n\t\t\t<div class=\"elementor-spacer-inner\"><\/div>\n\t\t<\/div>\n\t\t\t\t\t\t<\/div>\n\t\t\t\t<\/div>\n\t\t\t\t\t<\/div>\n\t\t<\/div>\n\t\t\t\t\t<\/div>\n\t\t<\/section>\n\t\t\t\t<\/div>","protected":false},"excerpt":{"rendered":"<p>Events The events feature artists from Bremen\u2019s independent art scene, the heart of the Zentrum f\u00fcr Kunst.\u00a0 The events feature artists from Bremen\u2019s professional independent art scene. They are the pulse of the Zentrum f\u00fcr Kunst. In addition to the resident artists, the performance halls and rehearsal spaces at the ZfK are utilized by external&#8230;<\/p>","protected":false},"author":1,"featured_media":0,"parent":0,"menu_order":0,"comment_status":"closed","ping_status":"closed","template":"","meta":{"_tbt_post_transparent":"","_tbt_post_title":"","_tbt_post_layout":"","_tbt_post_sidebar_id":"","_tbt_post_content_style":"","_tbt_post_vertical_padding":"","_tbt_post_feature":"","_tbt_post_feature_position":"","_tbt_post_header":false,"_tbt_post_footer":false},"class_list":["post-18050","page","type-page","status-publish","hentry"],"acf":[],"yoast_head":"<!-- This site is optimized with the Yoast SEO plugin v27.5 - https:\/\/yoast.com\/product\/yoast-seo-wordpress\/ -->\n<title>*EVENTS - Zentrum f\u00fcr Kunst<\/title>\n<meta name=\"robots\" content=\"index, follow, max-snippet:-1, max-image-preview:large, max-video-preview:-1\" \/>\n<link rel=\"canonical\" href=\"https:\/\/zentrum-fuer-kunst.de\/en\/events\/\" \/>\n<meta property=\"og:locale\" content=\"en_GB\" \/>\n<meta property=\"og:type\" content=\"article\" \/>\n<meta property=\"og:title\" content=\"*EVENTS - Zentrum f\u00fcr Kunst\" \/>\n<meta property=\"og:description\" content=\"Events The events feature artists from Bremen\u2019s independent art scene, the heart of the Zentrum f\u00fcr Kunst.\u00a0 The events feature artists from Bremen\u2019s professional independent art scene. They are the pulse of the Zentrum f\u00fcr Kunst. In addition to the resident artists, the performance halls and rehearsal spaces at the ZfK are utilized by external...\" \/>\n<meta property=\"og:url\" content=\"https:\/\/zentrum-fuer-kunst.de\/en\/events\/\" \/>\n<meta property=\"og:site_name\" content=\"Zentrum f\u00fcr Kunst\" \/>\n<meta property=\"article:modified_time\" content=\"2025-07-17T14:25:03+00:00\" \/>\n<meta property=\"og:image\" content=\"https:\/\/zentrum-fuer-kunst.de\/wp-content\/uploads\/2025\/06\/Flyer_einseitig_zum-Ausdrucken_Saisonfinale-2-143x300.jpg\" \/>\n<meta name=\"twitter:card\" content=\"summary_large_image\" \/>\n<meta name=\"twitter:label1\" content=\"Estimated reading time\" \/>\n\t<meta name=\"twitter:data1\" content=\"7 minutes\" \/>\n<script type=\"application\/ld+json\" class=\"yoast-schema-graph\">{\"@context\":\"https:\\\/\\\/schema.org\",\"@graph\":[{\"@type\":\"WebPage\",\"@id\":\"https:\\\/\\\/zentrum-fuer-kunst.de\\\/en\\\/events\\\/\",\"url\":\"https:\\\/\\\/zentrum-fuer-kunst.de\\\/en\\\/events\\\/\",\"name\":\"*EVENTS - Zentrum f\u00fcr Kunst\",\"isPartOf\":{\"@id\":\"https:\\\/\\\/zentrum-fuer-kunst.de\\\/en\\\/#website\"},\"primaryImageOfPage\":{\"@id\":\"https:\\\/\\\/zentrum-fuer-kunst.de\\\/en\\\/events\\\/#primaryimage\"},\"image\":{\"@id\":\"https:\\\/\\\/zentrum-fuer-kunst.de\\\/en\\\/events\\\/#primaryimage\"},\"thumbnailUrl\":\"https:\\\/\\\/zentrum-fuer-kunst.de\\\/wp-content\\\/uploads\\\/2025\\\/06\\\/Flyer_einseitig_zum-Ausdrucken_Saisonfinale-2-143x300.jpg\",\"datePublished\":\"2025-07-06T18:51:54+00:00\",\"dateModified\":\"2025-07-17T14:25:03+00:00\",\"inLanguage\":\"en-GB\",\"potentialAction\":[{\"@type\":\"ReadAction\",\"target\":[\"https:\\\/\\\/zentrum-fuer-kunst.de\\\/en\\\/events\\\/\"]}]},{\"@type\":\"ImageObject\",\"inLanguage\":\"en-GB\",\"@id\":\"https:\\\/\\\/zentrum-fuer-kunst.de\\\/en\\\/events\\\/#primaryimage\",\"url\":\"https:\\\/\\\/zentrum-fuer-kunst.de\\\/wp-content\\\/uploads\\\/2025\\\/06\\\/Flyer_einseitig_zum-Ausdrucken_Saisonfinale-2-143x300.jpg\",\"contentUrl\":\"https:\\\/\\\/zentrum-fuer-kunst.de\\\/wp-content\\\/uploads\\\/2025\\\/06\\\/Flyer_einseitig_zum-Ausdrucken_Saisonfinale-2-143x300.jpg\"},{\"@type\":\"WebSite\",\"@id\":\"https:\\\/\\\/zentrum-fuer-kunst.de\\\/en\\\/#website\",\"url\":\"https:\\\/\\\/zentrum-fuer-kunst.de\\\/en\\\/\",\"name\":\"Zentrum f\u00fcr Kunst\",\"description\":\"B\u00fchnen und Ateliers f\u00fcr die Freie Kunst-Szene Bremen.\",\"publisher\":{\"@id\":\"https:\\\/\\\/zentrum-fuer-kunst.de\\\/en\\\/#organization\"},\"potentialAction\":[{\"@type\":\"SearchAction\",\"target\":{\"@type\":\"EntryPoint\",\"urlTemplate\":\"https:\\\/\\\/zentrum-fuer-kunst.de\\\/en\\\/?s={search_term_string}\"},\"query-input\":{\"@type\":\"PropertyValueSpecification\",\"valueRequired\":true,\"valueName\":\"search_term_string\"}}],\"inLanguage\":\"en-GB\"},{\"@type\":\"Organization\",\"@id\":\"https:\\\/\\\/zentrum-fuer-kunst.de\\\/en\\\/#organization\",\"name\":\"Zentrum f\u00fcr Kunst\",\"url\":\"https:\\\/\\\/zentrum-fuer-kunst.de\\\/en\\\/\",\"logo\":{\"@type\":\"ImageObject\",\"inLanguage\":\"en-GB\",\"@id\":\"https:\\\/\\\/zentrum-fuer-kunst.de\\\/en\\\/#\\\/schema\\\/logo\\\/image\\\/\",\"url\":\"https:\\\/\\\/zentrum-fuer-kunst.de\\\/wp-content\\\/uploads\\\/2023\\\/07\\\/cropped-Logo_Zentrum_fuer_Kunst_weiss-2.png\",\"contentUrl\":\"https:\\\/\\\/zentrum-fuer-kunst.de\\\/wp-content\\\/uploads\\\/2023\\\/07\\\/cropped-Logo_Zentrum_fuer_Kunst_weiss-2.png\",\"width\":767,\"height\":290,\"caption\":\"Zentrum f\u00fcr Kunst\"},\"image\":{\"@id\":\"https:\\\/\\\/zentrum-fuer-kunst.de\\\/en\\\/#\\\/schema\\\/logo\\\/image\\\/\"}}]}<\/script>\n<!-- \/ Yoast SEO plugin. -->","yoast_head_json":{"title":"*EVENTS - Zentrum f\u00fcr Kunst","robots":{"index":"index","follow":"follow","max-snippet":"max-snippet:-1","max-image-preview":"max-image-preview:large","max-video-preview":"max-video-preview:-1"},"canonical":"https:\/\/zentrum-fuer-kunst.de\/en\/events\/","og_locale":"en_GB","og_type":"article","og_title":"*EVENTS - Zentrum f\u00fcr Kunst","og_description":"Events The events feature artists from Bremen\u2019s independent art scene, the heart of the Zentrum f\u00fcr Kunst.\u00a0 The events feature artists from Bremen\u2019s professional independent art scene. They are the pulse of the Zentrum f\u00fcr Kunst. In addition to the resident artists, the performance halls and rehearsal spaces at the ZfK are utilized by external...","og_url":"https:\/\/zentrum-fuer-kunst.de\/en\/events\/","og_site_name":"Zentrum f\u00fcr Kunst","article_modified_time":"2025-07-17T14:25:03+00:00","og_image":[{"url":"https:\/\/zentrum-fuer-kunst.de\/wp-content\/uploads\/2025\/06\/Flyer_einseitig_zum-Ausdrucken_Saisonfinale-2-143x300.jpg","type":"","width":"","height":""}],"twitter_card":"summary_large_image","twitter_misc":{"Estimated reading time":"7 minutes"},"schema":{"@context":"https:\/\/schema.org","@graph":[{"@type":"WebPage","@id":"https:\/\/zentrum-fuer-kunst.de\/en\/events\/","url":"https:\/\/zentrum-fuer-kunst.de\/en\/events\/","name":"*EVENTS - Zentrum f\u00fcr Kunst","isPartOf":{"@id":"https:\/\/zentrum-fuer-kunst.de\/en\/#website"},"primaryImageOfPage":{"@id":"https:\/\/zentrum-fuer-kunst.de\/en\/events\/#primaryimage"},"image":{"@id":"https:\/\/zentrum-fuer-kunst.de\/en\/events\/#primaryimage"},"thumbnailUrl":"https:\/\/zentrum-fuer-kunst.de\/wp-content\/uploads\/2025\/06\/Flyer_einseitig_zum-Ausdrucken_Saisonfinale-2-143x300.jpg","datePublished":"2025-07-06T18:51:54+00:00","dateModified":"2025-07-17T14:25:03+00:00","inLanguage":"en-GB","potentialAction":[{"@type":"ReadAction","target":["https:\/\/zentrum-fuer-kunst.de\/en\/events\/"]}]},{"@type":"ImageObject","inLanguage":"en-GB","@id":"https:\/\/zentrum-fuer-kunst.de\/en\/events\/#primaryimage","url":"https:\/\/zentrum-fuer-kunst.de\/wp-content\/uploads\/2025\/06\/Flyer_einseitig_zum-Ausdrucken_Saisonfinale-2-143x300.jpg","contentUrl":"https:\/\/zentrum-fuer-kunst.de\/wp-content\/uploads\/2025\/06\/Flyer_einseitig_zum-Ausdrucken_Saisonfinale-2-143x300.jpg"},{"@type":"WebSite","@id":"https:\/\/zentrum-fuer-kunst.de\/en\/#website","url":"https:\/\/zentrum-fuer-kunst.de\/en\/","name":"Zentrum f\u00fcr Kunst","description":"B\u00fchnen und Ateliers f\u00fcr die Freie Kunst-Szene Bremen.","publisher":{"@id":"https:\/\/zentrum-fuer-kunst.de\/en\/#organization"},"potentialAction":[{"@type":"SearchAction","target":{"@type":"EntryPoint","urlTemplate":"https:\/\/zentrum-fuer-kunst.de\/en\/?s={search_term_string}"},"query-input":{"@type":"PropertyValueSpecification","valueRequired":true,"valueName":"search_term_string"}}],"inLanguage":"en-GB"},{"@type":"Organization","@id":"https:\/\/zentrum-fuer-kunst.de\/en\/#organization","name":"Zentrum f\u00fcr Kunst","url":"https:\/\/zentrum-fuer-kunst.de\/en\/","logo":{"@type":"ImageObject","inLanguage":"en-GB","@id":"https:\/\/zentrum-fuer-kunst.de\/en\/#\/schema\/logo\/image\/","url":"https:\/\/zentrum-fuer-kunst.de\/wp-content\/uploads\/2023\/07\/cropped-Logo_Zentrum_fuer_Kunst_weiss-2.png","contentUrl":"https:\/\/zentrum-fuer-kunst.de\/wp-content\/uploads\/2023\/07\/cropped-Logo_Zentrum_fuer_Kunst_weiss-2.png","width":767,"height":290,"caption":"Zentrum f\u00fcr Kunst"},"image":{"@id":"https:\/\/zentrum-fuer-kunst.de\/en\/#\/schema\/logo\/image\/"}}]}},"_links":{"self":[{"href":"https:\/\/zentrum-fuer-kunst.de\/en\/wp-json\/wp\/v2\/pages\/18050","targetHints":{"allow":["GET"]}}],"collection":[{"href":"https:\/\/zentrum-fuer-kunst.de\/en\/wp-json\/wp\/v2\/pages"}],"about":[{"href":"https:\/\/zentrum-fuer-kunst.de\/en\/wp-json\/wp\/v2\/types\/page"}],"author":[{"embeddable":true,"href":"https:\/\/zentrum-fuer-kunst.de\/en\/wp-json\/wp\/v2\/users\/1"}],"replies":[{"embeddable":true,"href":"https:\/\/zentrum-fuer-kunst.de\/en\/wp-json\/wp\/v2\/comments?post=18050"}],"version-history":[{"count":13,"href":"https:\/\/zentrum-fuer-kunst.de\/en\/wp-json\/wp\/v2\/pages\/18050\/revisions"}],"predecessor-version":[{"id":18491,"href":"https:\/\/zentrum-fuer-kunst.de\/en\/wp-json\/wp\/v2\/pages\/18050\/revisions\/18491"}],"wp:attachment":[{"href":"https:\/\/zentrum-fuer-kunst.de\/en\/wp-json\/wp\/v2\/media?parent=18050"}],"curies":[{"name":"wp","href":"https:\/\/api.w.org\/{rel}","templated":true}]}}